{"id":1480,"date":"2025-03-18T21:29:49","date_gmt":"2025-03-18T19:29:49","guid":{"rendered":"https:\/\/kymenlaaksonosakunta.fi\/?page_id=1480"},"modified":"2025-11-13T14:18:28","modified_gmt":"2025-11-13T12:18:28","slug":"inspinhovi","status":"publish","type":"page","link":"https:\/\/kymenlaaksonosakunta.fi\/sv\/inspinhovi\/","title":{"rendered":"Kymenlaakson Osakunnan Inspinhovi"},"content":{"rendered":"<style>.wp-block-kadence-advancedbtn.kb-btns1480_7d9b70-02{gap:var(--global-kb-gap-xs, 0.5rem );justify-content:center;align-items:center;}.kt-btns1480_7d9b70-02 .kt-button{font-weight:normal;font-style:normal;}.kt-btns1480_7d9b70-02 .kt-btn-wrap-0{margin-right:5px;}.wp-block-kadence-advancedbtn.kt-btns1480_7d9b70-02 .kt-btn-wrap-0 .kt-button{color:#555555;border-color:#555555;}.wp-block-kadence-advancedbtn.kt-btns1480_7d9b70-02 .kt-btn-wrap-0 .kt-button:hover, .wp-block-kadence-advancedbtn.kt-btns1480_7d9b70-02 .kt-btn-wrap-0 .kt-button:focus{color:#ffffff;border-color:#444444;}.wp-block-kadence-advancedbtn.kt-btns1480_7d9b70-02 .kt-btn-wrap-0 .kt-button::before{display:none;}.wp-block-kadence-advancedbtn.kt-btns1480_7d9b70-02 .kt-btn-wrap-0 .kt-button:hover, .wp-block-kadence-advancedbtn.kt-btns1480_7d9b70-02 .kt-btn-wrap-0 .kt-button:focus{background:#444444;}<\/style>\n<div class=\"wp-block-kadence-advancedbtn kb-buttons-wrap kb-btns1480_7d9b70-02\"><style>ul.menu .wp-block-kadence-advancedbtn .kb-btn1480_a03357-aa.kb-button{width:initial;}.wp-block-kadence-advancedbtn .kb-btn1480_a03357-aa.kb-button{color:#ffe5b2;background:#365475;}.wp-block-kadence-advancedbtn .kb-btn1480_a03357-aa.kb-button:hover, .wp-block-kadence-advancedbtn .kb-btn1480_a03357-aa.kb-button:focus{background:#3399cc;box-shadow:inset 0px 0px 60px -15px rgba(0, 0, 0, 0.4);}<\/style><a class=\"kb-button kt-button button kb-btn1480_a03357-aa kt-btn-size-standard kt-btn-width-type-auto kb-btn-global-fill  kt-btn-has-text-true kt-btn-has-svg-false  wp-block-kadence-singlebtn\" href=\"https:\/\/kymenlaaksonosakunta.fi\/sv\/mokkivaraus\/\" target=\"_blank\" rel=\"noreferrer noopener\"><span class=\"kt-btn-inner-text\">Varauskalenteri<\/span><\/a>\n\n<style>ul.menu .wp-block-kadence-advancedbtn .kb-btn1480_5681fa-24.kb-button{width:initial;}.wp-block-kadence-advancedbtn .kb-btn1480_5681fa-24.kb-button{color:#ffe5b2;background:#365475;}.wp-block-kadence-advancedbtn .kb-btn1480_5681fa-24.kb-button:hover, .wp-block-kadence-advancedbtn .kb-btn1480_5681fa-24.kb-button:focus{background:#3399cc;box-shadow:inset 0px 0px 60px -15px rgba(0, 0, 0, 0.4);}<\/style><a class=\"kb-button kt-button button kb-btn1480_5681fa-24 kt-btn-size-standard kt-btn-width-type-auto kb-btn-global-fill  kt-btn-has-text-true kt-btn-has-svg-false  wp-block-kadence-singlebtn\" href=\"https:\/\/kymenlaaksonosakunta.fi\/sv\/inspinhovi-vuokrauslomake\/\"><span class=\"kt-btn-inner-text\">Vuokrauslomake<\/span><\/a><\/div>\n\n\n\n<p class=\"has-text-align-center\"><\/p>\n\n\n\n<h3 class=\"wp-block-heading\">Mik\u00e4 ihmeen Inspinhovi?<\/h3>\n\n\n\n<p>Kuivan maan m\u00f6kki Osakunnan, civisten ja seniorien k\u00e4ytt\u00f6\u00f6n sek\u00e4 muiden osakuntien ja yhdistysten vuokrattavaksi Elim\u00e4ell\u00e4 osoitteessa Pajarinm\u00e4entie 11.<\/p>\n\n\n\n<p>Inspinhovissa on Osakunnan ja Osakunnan seniorien tapahtumia ja lis\u00e4ksi m\u00f6kki on Osakunnan ja sen l\u00e4hiyhteis\u00f6jen j\u00e4senten varattavissa graduretriitteihin ja virkist\u00e4ytymiseen.<\/p>\n\n\n\n<p>M\u00f6kkivastaava tarkistaa hakijan j\u00e4senyyden tarvittaessa j\u00e4senrekisterien pit\u00e4jilt\u00e4. Osakunnan ja j\u00e4senist\u00f6n k\u00e4yt\u00f6n ulkopuolella m\u00f6kki on vuokrattavissa my\u00f6s muille osakunnille ja yleishy\u00f6dyllisille yhdistyksille.<br>M\u00f6kin varaustilanteen n\u00e4kee oheisesta varauskalenterista ja m\u00f6kin vuokraus tapahtuu oheisen lomakkeen kautta. M\u00f6kin historiasta voit lukea alta.<\/p>\n\n\n\n<div class=\"wp-block-group has-global-padding is-layout-constrained wp-block-group-is-layout-constrained\">\n<details class=\"wp-block-details is-layout-flow wp-block-details-is-layout-flow\"><summary>Historia<\/summary>\n<p>Inspinhovi on syntynyt Osakunnan vuonna 1985 silloiselle inspehtorilleen, ruotsinkielisen kirjallisuuden professorille Johan Wrede af Elim\u00e4lle hankkimasta 50-vuotislahjasta. Lahja oli pala tonttimaata Moision kartanon vanhoilla mailla viljamakasiinin luona,<br>jotka olivat vuonna 1605 tulleet Wrede-suvun l\u00e4\u00e4nitykseksi Ruotsin kuninkaan Kaarle IX:n kiitoksena hevosensa kuninkaalle luovuttuneen ja Kirkholman taistelussa Liivinmaalla kaatuneen baltiansaksalaisen ratsumestarin Henrik Wreden<br>perheelle. M\u00f6kin hirsirunko on entinen Moision kartanon pehtoorin asunto, jonka siirt\u00e4misess\u00e4 tontille osakuntalaiset<br>olivat mukana talkoilemassa ja siipiosa on kokonaan uusi rakennus. M\u00f6kki on valmistunut 1992 nykyisiin mittoihinsa. Vuonna 2022 kunniainspehtori Wrede lahjoitti m\u00f6kin Osakunnalle. Kes\u00e4ll\u00e4 2024 m\u00f6kiss\u00e4 teetettiin mittava remontti ja elokuussa 2024 p\u00e4\u00e4stiin viett\u00e4m\u00e4\u00e4n m\u00f6kin vihkij\u00e4isi\u00e4, jolloin m\u00f6kki kastettiin Kymenlaakson Osakunnan kokouksen p\u00e4\u00e4tt\u00e4m\u00e4ll\u00e4 nimell\u00e4 Inspinhovi, mill\u00e4 Osakunta halusi kunnioittaa m\u00f6kin lahjoittajaa.<\/p>\n<\/details>\n<\/div>\n\n\n\n<hr class=\"wp-block-separator has-alpha-channel-opacity\"\/>\n\n\n\n<p><\/p>\n\n\n\n<p><\/p>\n\n\n<style>.wp-block-kadence-advancedgallery.kb-gallery-wrap-id-1480_44127e-6a{margin-top:var(--global-kb-spacing-sm, 1.5rem);margin-bottom:var(--global-kb-spacing-sm, 1.5rem);padding-top:var(--global-kb-spacing-md, 2rem);padding-bottom:var(--global-kb-spacing-md, 2rem);}.kb-gallery-id-1480_44127e-6a.kb-gallery-ul.kb-gallery-type-fluidcarousel .kt-blocks-carousel figure .kb-gal-image-radius, .kb-gallery-id-1480_44127e-6a.kb-gallery-ul.kb-gallery-type-fluidcarousel .kt-blocks-carousel figure .kb-gal-image-radius img{height:300px;}.kb-gallery-id-1480_44127e-6a .kadence-blocks-gallery-item .kb-gal-image-radius, .kb-gallery-id-1480_44127e-6a .kb-slide-item .kb-gal-image-radius img{border-radius:0px 0px 0px 0px;;}.kb-gallery-wrap-id-1480_44127e-6a.wp-block-kadence-advancedgallery{overflow:visible;}.kb-gallery-wrap-id-1480_44127e-6a.wp-block-kadence-advancedgallery .kt-blocks-carousel{overflow:visible;max-width:100%;}<\/style><div class=\"kb-gallery-wrap-id-1480_44127e-6a alignnone wp-block-kadence-advancedgallery\"><div class=\"kb-gallery-ul kb-gallery-non-static kb-gallery-type-fluidcarousel kb-gallery-id-1480_44127e-6a kb-gallery-caption-style-bottom-hover kb-gallery-filter-none\" data-image-filter=\"none\" data-lightbox-caption=\"true\"><div class=\"kt-blocks-carousel splide kt-carousel-container-dotstyle-dark kt-carousel-arrowstyle-whiteondark kt-carousel-dotstyle-dark kb-slider-group-arrow kb-slider-arrow-position-center\" data-slider-anim-speed=\"400\" data-slider-scroll=\"1\" data-slider-arrows=\"true\" data-slider-dots=\"true\" data-slider-hover-pause=\"false\" data-slider-auto=\"\" data-slider-speed=\"7000\" data-slider-type=\"fluidcarousel\" data-slider-center-mode=\"true\" data-slider-gap=\"10px\" data-slider-gap-tablet=\"10px\" data-slider-gap-mobile=\"10px\" data-show-pause-button=\"false\"><div class=\"splide__track\"><ul class=\"kt-blocks-carousel-init kb-blocks-fluid-carousel splide__list\"><li class=\"kb-slide-item kb-gallery-carousel-item splide__slide\"><div class=\"kadence-blocks-gallery-item\"><div class=\"kadence-blocks-gallery-item-inner\"><figure class=\"kb-gallery-figure kadence-blocks-gallery-item-hide-caption\"><div class=\"kb-gal-image-radius\"><div class=\"kb-gallery-image-contain\" ><img loading=\"lazy\" decoding=\"async\" src=\"https:\/\/kymenlaaksonosakunta.fi\/uudetsivut\/wp-content\/uploads\/2025\/11\/mokki_ylakerta_3-1024x683.jpg\" width=\"950\" height=\"634\" alt=\"\" data-full-image=\"https:\/\/kymenlaaksonosakunta.fi\/uudetsivut\/wp-content\/uploads\/2025\/11\/mokki_ylakerta_3-scaled.jpg\" data-light-image=\"https:\/\/kymenlaaksonosakunta.fi\/uudetsivut\/wp-content\/uploads\/2025\/11\/mokki_ylakerta_3-scaled.jpg\" data-id=\"2087\" class=\"wp-image-2087 skip-lazy\" srcset=\"https:\/\/kymenlaaksonosakunta.fi\/uudetsivut\/wp-content\/uploads\/2025\/11\/mokki_ylakerta_3-1024x683.jpg 1024w, https:\/\/kymenlaaksonosakunta.fi\/uudetsivut\/wp-content\/uploads\/2025\/11\/mokki_ylakerta_3-300x200.jpg 300w, https:\/\/kymenlaaksonosakunta.fi\/uudetsivut\/wp-content\/uploads\/2025\/11\/mokki_ylakerta_3-2000x1333.jpg 2000w\" sizes=\"auto, (max-width: 950px) 100vw, 950px\" \/><\/div><\/div><\/figure><\/div><\/div><\/li><li class=\"kb-slide-item kb-gallery-carousel-item splide__slide\"><div class=\"kadence-blocks-gallery-item\"><div class=\"kadence-blocks-gallery-item-inner\"><figure class=\"kb-gallery-figure kadence-blocks-gallery-item-hide-caption\"><div class=\"kb-gal-image-radius\"><div class=\"kb-gallery-image-contain\" ><img loading=\"lazy\" decoding=\"async\" src=\"https:\/\/kymenlaaksonosakunta.fi\/uudetsivut\/wp-content\/uploads\/2025\/11\/mokki_terassi-1024x683.jpg\" width=\"950\" height=\"634\" alt=\"\" data-full-image=\"https:\/\/kymenlaaksonosakunta.fi\/uudetsivut\/wp-content\/uploads\/2025\/11\/mokki_terassi-scaled.jpg\" data-light-image=\"https:\/\/kymenlaaksonosakunta.fi\/uudetsivut\/wp-content\/uploads\/2025\/11\/mokki_terassi-scaled.jpg\" data-id=\"2088\" class=\"wp-image-2088 skip-lazy\" srcset=\"https:\/\/kymenlaaksonosakunta.fi\/uudetsivut\/wp-content\/uploads\/2025\/11\/mokki_terassi-1024x683.jpg 1024w, https:\/\/kymenlaaksonosakunta.fi\/uudetsivut\/wp-content\/uploads\/2025\/11\/mokki_terassi-300x200.jpg 300w, https:\/\/kymenlaaksonosakunta.fi\/uudetsivut\/wp-content\/uploads\/2025\/11\/mokki_terassi-2000x1333.jpg 2000w\" sizes=\"auto, (max-width: 950px) 100vw, 950px\" \/><\/div><\/div><\/figure><\/div><\/div><\/li><li class=\"kb-slide-item kb-gallery-carousel-item splide__slide\"><div class=\"kadence-blocks-gallery-item\"><div class=\"kadence-blocks-gallery-item-inner\"><figure class=\"kb-gallery-figure kadence-blocks-gallery-item-hide-caption\"><div class=\"kb-gal-image-radius\"><div class=\"kb-gallery-image-contain\" ><img loading=\"lazy\" decoding=\"async\" src=\"https:\/\/kymenlaaksonosakunta.fi\/uudetsivut\/wp-content\/uploads\/2025\/11\/mokki_olohuone_4-1024x683.jpg\" width=\"950\" height=\"634\" alt=\"\" data-full-image=\"https:\/\/kymenlaaksonosakunta.fi\/uudetsivut\/wp-content\/uploads\/2025\/11\/mokki_olohuone_4-scaled.jpg\" data-light-image=\"https:\/\/kymenlaaksonosakunta.fi\/uudetsivut\/wp-content\/uploads\/2025\/11\/mokki_olohuone_4-scaled.jpg\" data-id=\"2089\" class=\"wp-image-2089 skip-lazy\" srcset=\"https:\/\/kymenlaaksonosakunta.fi\/uudetsivut\/wp-content\/uploads\/2025\/11\/mokki_olohuone_4-1024x683.jpg 1024w, https:\/\/kymenlaaksonosakunta.fi\/uudetsivut\/wp-content\/uploads\/2025\/11\/mokki_olohuone_4-300x200.jpg 300w, https:\/\/kymenlaaksonosakunta.fi\/uudetsivut\/wp-content\/uploads\/2025\/11\/mokki_olohuone_4-2000x1333.jpg 2000w\" sizes=\"auto, (max-width: 950px) 100vw, 950px\" \/><\/div><\/div><\/figure><\/div><\/div><\/li><li class=\"kb-slide-item kb-gallery-carousel-item splide__slide\"><div class=\"kadence-blocks-gallery-item\"><div class=\"kadence-blocks-gallery-item-inner\"><figure class=\"kb-gallery-figure kadence-blocks-gallery-item-hide-caption\"><div class=\"kb-gal-image-radius\"><div class=\"kb-gallery-image-contain\" ><img loading=\"lazy\" decoding=\"async\" src=\"https:\/\/kymenlaaksonosakunta.fi\/uudetsivut\/wp-content\/uploads\/2025\/11\/mokki_sauna_2-1024x683.jpg\" width=\"950\" height=\"634\" alt=\"\" data-full-image=\"https:\/\/kymenlaaksonosakunta.fi\/uudetsivut\/wp-content\/uploads\/2025\/11\/mokki_sauna_2-scaled.jpg\" data-light-image=\"https:\/\/kymenlaaksonosakunta.fi\/uudetsivut\/wp-content\/uploads\/2025\/11\/mokki_sauna_2-scaled.jpg\" data-id=\"2091\" class=\"wp-image-2091 skip-lazy\" srcset=\"https:\/\/kymenlaaksonosakunta.fi\/uudetsivut\/wp-content\/uploads\/2025\/11\/mokki_sauna_2-1024x683.jpg 1024w, https:\/\/kymenlaaksonosakunta.fi\/uudetsivut\/wp-content\/uploads\/2025\/11\/mokki_sauna_2-300x200.jpg 300w, https:\/\/kymenlaaksonosakunta.fi\/uudetsivut\/wp-content\/uploads\/2025\/11\/mokki_sauna_2-2000x1333.jpg 2000w\" sizes=\"auto, (max-width: 950px) 100vw, 950px\" \/><\/div><\/div><\/figure><\/div><\/div><\/li><li class=\"kb-slide-item kb-gallery-carousel-item splide__slide\"><div class=\"kadence-blocks-gallery-item\"><div class=\"kadence-blocks-gallery-item-inner\"><figure class=\"kb-gallery-figure kadence-blocks-gallery-item-hide-caption\"><div class=\"kb-gal-image-radius\"><div class=\"kb-gallery-image-contain\" ><img loading=\"lazy\" decoding=\"async\" src=\"https:\/\/kymenlaaksonosakunta.fi\/uudetsivut\/wp-content\/uploads\/2025\/11\/20250421_152421-768x1024.jpg\" width=\"768\" height=\"1024\" alt=\"\" data-full-image=\"https:\/\/kymenlaaksonosakunta.fi\/uudetsivut\/wp-content\/uploads\/2025\/11\/20250421_152421-scaled.jpg\" data-light-image=\"https:\/\/kymenlaaksonosakunta.fi\/uudetsivut\/wp-content\/uploads\/2025\/11\/20250421_152421-scaled.jpg\" data-id=\"2092\" class=\"wp-image-2092 skip-lazy\" srcset=\"https:\/\/kymenlaaksonosakunta.fi\/uudetsivut\/wp-content\/uploads\/2025\/11\/20250421_152421-768x1024.jpg 768w, https:\/\/kymenlaaksonosakunta.fi\/uudetsivut\/wp-content\/uploads\/2025\/11\/20250421_152421-225x300.jpg 225w, https:\/\/kymenlaaksonosakunta.fi\/uudetsivut\/wp-content\/uploads\/2025\/11\/20250421_152421-2000x2667.jpg 2000w, https:\/\/kymenlaaksonosakunta.fi\/uudetsivut\/wp-content\/uploads\/2025\/11\/20250421_152421-scaled.jpg 1920w\" sizes=\"auto, (max-width: 768px) 100vw, 768px\" \/><\/div><\/div><\/figure><\/div><\/div><\/li><\/ul><\/div><\/div><\/div><\/div>\n\n\n<p><\/p>\n\n\n\n<p><\/p>\n\n\n\n<hr class=\"wp-block-separator has-alpha-channel-opacity\"\/>\n\n\n\n<p><\/p>\n\n\n\n<h3 class=\"wp-block-heading\">M\u00f6kin varustelu<\/h3>\n\n\n\n<div class=\"wp-block-columns is-layout-flex wp-container-core-columns-is-layout-28f84493 wp-block-columns-is-layout-flex\">\n<div class=\"wp-block-column is-layout-flow wp-block-column-is-layout-flow\" style=\"flex-basis:50%\">\n<p style=\"line-height:1.5\">120 m2 alakerta ja taitekattoinen yl\u00e4kerta. Alakerrassa keitti\u00f6, kodinhoitohuone, olohuone, makuuhuone, pesuhuone ja sauna sek\u00e4 2 WC:t\u00e4.<br>Yl\u00e4kerrassa ty\u00f6huone ja makuuhuone.<\/p>\n\n\n\n<p style=\"line-height:1.5\">Huom! Valitettavasti Inspinhovi on toistaiseksi viel\u00e4 esteellinen, eli m\u00f6kiss\u00e4 on portaita kulkureiteill\u00e4 sis\u00e4ll\u00e4 ja ulkona.<\/p>\n\n\n\n<p style=\"line-height:1.5\">Vesi tulee omasta porakaivosta. Porakaivon veden korkean fluoripitoisuuden takia sit\u00e4 ei suositella pitk\u00e4aikaiseen kulutukseen, mutta se on todettu turvalliseksi lyhytaikaiseen kulutukseen omalla vastuulla.<\/p>\n\n\n\n<p style=\"line-height:1.5\">M\u00f6kiss\u00e4 on tiskikone ja pyykkikone, 2 sis\u00e4vessaa sek\u00e4 puul\u00e4mmitteinen sauna ja 2 suihkua sis\u00e4ll\u00e4.<br>L\u00e4mmint\u00e4 vett\u00e4 riitt\u00e4\u00e4 rajallisesti sen mukaan kuinka nopeasti l\u00e4mminvesivaraaja ehtii sit\u00e4 l\u00e4mmitt\u00e4\u00e4.<br>Isommalla joukolla saunottaessa varaudu henkisesti ett\u00e4 suihkuista tulee kylm\u00e4\u00e4 vett\u00e4.<br>Olohuoneesta l\u00f6ytyy varaava takka.<br>Keitti\u00f6st\u00e4 l\u00f6ytyy perusastiasto ja pyyheliinoja ja liinavaatteita on m\u00f6kiss\u00e4 rajallisesti.<\/p>\n<\/div>\n\n\n\n<div class=\"wp-block-column is-layout-flow wp-block-column-is-layout-flow\" style=\"flex-basis:50%\">\n<figure class=\"wp-block-gallery has-nested-images columns-2 is-cropped wp-block-gallery-1 is-layout-flex wp-block-gallery-is-layout-flex\" style=\"border-style:none;border-width:0px;margin-top:var(--wp--preset--spacing--x-small);margin-right:var(--wp--preset--spacing--x-small);margin-bottom:var(--wp--preset--spacing--x-small);margin-left:var(--wp--preset--spacing--x-small)\">\n<figure class=\"wp-block-image size-large\"><img loading=\"lazy\" decoding=\"async\" width=\"1024\" height=\"683\" data-id=\"2085\" src=\"https:\/\/kymenlaaksonosakunta.fi\/uudetsivut\/wp-content\/uploads\/2025\/11\/mokki_keittio_3-1024x683.jpg\" alt=\"\" class=\"wp-image-2085\" style=\"aspect-ratio:4\/3;object-fit:cover\" srcset=\"https:\/\/kymenlaaksonosakunta.fi\/uudetsivut\/wp-content\/uploads\/2025\/11\/mokki_keittio_3-1024x683.jpg 1024w, https:\/\/kymenlaaksonosakunta.fi\/uudetsivut\/wp-content\/uploads\/2025\/11\/mokki_keittio_3-300x200.jpg 300w, https:\/\/kymenlaaksonosakunta.fi\/uudetsivut\/wp-content\/uploads\/2025\/11\/mokki_keittio_3-2000x1333.jpg 2000w\" sizes=\"auto, (max-width: 1024px) 100vw, 1024px\" \/><\/figure>\n\n\n\n<figure class=\"wp-block-image size-large\"><img loading=\"lazy\" decoding=\"async\" width=\"1024\" height=\"683\" data-id=\"2084\" src=\"https:\/\/kymenlaaksonosakunta.fi\/uudetsivut\/wp-content\/uploads\/2025\/11\/mokki_keittio_2-1024x683.jpg\" alt=\"\" class=\"wp-image-2084\" srcset=\"https:\/\/kymenlaaksonosakunta.fi\/uudetsivut\/wp-content\/uploads\/2025\/11\/mokki_keittio_2-1024x683.jpg 1024w, https:\/\/kymenlaaksonosakunta.fi\/uudetsivut\/wp-content\/uploads\/2025\/11\/mokki_keittio_2-300x200.jpg 300w, https:\/\/kymenlaaksonosakunta.fi\/uudetsivut\/wp-content\/uploads\/2025\/11\/mokki_keittio_2-2000x1333.jpg 2000w\" sizes=\"auto, (max-width: 1024px) 100vw, 1024px\" \/><\/figure>\n\n\n\n<figure class=\"wp-block-image size-large\"><img loading=\"lazy\" decoding=\"async\" width=\"1024\" height=\"683\" data-id=\"2083\" src=\"https:\/\/kymenlaaksonosakunta.fi\/uudetsivut\/wp-content\/uploads\/2025\/11\/mokki_keittio_4-1024x683.jpg\" alt=\"\" class=\"wp-image-2083\" srcset=\"https:\/\/kymenlaaksonosakunta.fi\/uudetsivut\/wp-content\/uploads\/2025\/11\/mokki_keittio_4-1024x683.jpg 1024w, https:\/\/kymenlaaksonosakunta.fi\/uudetsivut\/wp-content\/uploads\/2025\/11\/mokki_keittio_4-300x200.jpg 300w, https:\/\/kymenlaaksonosakunta.fi\/uudetsivut\/wp-content\/uploads\/2025\/11\/mokki_keittio_4-2000x1333.jpg 2000w\" sizes=\"auto, (max-width: 1024px) 100vw, 1024px\" \/><\/figure>\n<figcaption class=\"blocks-gallery-caption wp-element-caption\">M\u00f6kin keitti\u00f6 ja ruokasali<\/figcaption><\/figure>\n<\/div>\n<\/div>\n\n\n\n<p><br>Varaa omaa makuupussi, tyyny ja muut nukkumisvarusteet mukaasi.<br>S\u00e4hk\u00f6t m\u00f6kiss\u00e4 on, nettiyhteytt\u00e4 ei ole. Jaa netti omasta \u00e4lylaitteestasi.<\/p>\n\n\n\n<p>Makuusijoja t\u00e4ll\u00e4 hetkell\u00e4 17 kappaletta, joista osa s\u00e4nkypaikkoja ja osa vuodesohvia.<\/p>\n\n\n\n<p>Talvikaudella kulku m\u00f6kkiin vain etuovesta, terassin ovet ovat suljetut talven ajaksi l\u00e4mp\u00f6eristyksen takia.<\/p>\n\n\n\n<hr class=\"wp-block-separator has-alpha-channel-opacity\"\/>\n\n\n\n<p><\/p>\n\n\n\n<h3 class=\"wp-block-heading\">M\u00f6kin s\u00e4\u00e4nn\u00f6t<\/h3>\n\n\n\n<p>Inspinhovin k\u00e4ytt\u00f6\u00e4 ja m\u00f6kkitoimikunnan ty\u00f6t\u00e4 s\u00e4\u00e4telev\u00e4t Kymenlaakson Osakunnan <a href=\"https:\/\/kyo.fi\/documents\/\/saannot\/Mokkiohjesaanto_2025.pdf\" data-type=\"link\" data-id=\"https:\/\/kyo.fi\/documents\/\/saannot\/Mokkiohjesaanto_2025.pdf\">m\u00f6kkiohjes\u00e4\u00e4nt\u00f6<\/a> ja tarkemmin <a href=\"https:\/\/kyo.fi\/documents\/\/inspinhovi\/kayttosaannot.pdf\">M\u00f6kin k\u00e4ytt\u00f6s\u00e4\u00e4nn\u00f6t<\/a>.<br>M\u00f6kiss\u00e4 on my\u00f6s ohjeistus k\u00e4ytt\u00e4jille, jota tulee noudattaa m\u00f6kki\u00e4 k\u00e4ytett\u00e4ess\u00e4 jotta m\u00f6kki pysyy hyv\u00e4ss\u00e4 kunnossa ja siistin\u00e4 kaikille k\u00e4ytt\u00e4jille.<\/p>\n\n\n\n<p>M\u00f6kin voimassa olevan vuokrahinnaston l\u00f6yd\u00e4t <a href=\"https:\/\/kyo.fi\/documents\/\/inspinhovi\/hinnasto.pdf\" data-type=\"link\" data-id=\"https:\/\/kyo.fi\/documents\/\/inspinhovi\/hinnasto.pdf\">t\u00e4\u00e4lt\u00e4<\/a>.<\/p>\n\n\n\n<p><\/p>\n\n\n\n<hr class=\"wp-block-separator has-alpha-channel-opacity\"\/>\n\n\n\n<p><\/p>\n\n\n\n<h3 class=\"wp-block-heading\">Kulku m\u00f6kille<\/h3>\n\n\n\n<div class=\"wp-block-columns is-layout-flex wp-container-core-columns-is-layout-28f84493 wp-block-columns-is-layout-flex\">\n<div class=\"wp-block-column is-layout-flow wp-block-column-is-layout-flow\" style=\"flex-basis:50%\">\n<p class=\"has-text-align-left\" style=\"margin-top:var(--wp--preset--spacing--x-small);margin-right:0;margin-bottom:var(--wp--preset--spacing--x-small);margin-left:0;padding-top:var(--wp--preset--spacing--x-small);padding-bottom:var(--wp--preset--spacing--x-small)\">Inspinhoviin p\u00e4\u00e4see VT 6 pitkin Helsingist\u00e4 Elim\u00e4en kirkonkyl\u00e4lle. Erkanemiskaista on ennen Alppiruusun ja Mustilan liittym\u00e4\u00e4, mist\u00e4 p\u00e4\u00e4se Alppiruusuntielle ja sit\u00e4 oikealle jatkamalla kohti kirkonkyl\u00e4n keskustaa. Tie muuttuu Vanhamaantieksi matkan varrella. Vanhamaantiet\u00e4 pitkin p\u00e4\u00e4see Vanhamaantien ja Moisiontien risteykseen. K\u00e4\u00e4nny vasemmalle. Moisiontiet\u00e4 pitkin ajamalla saavut Pajarinm\u00e4en juurelle, mist\u00e4 Pajarinm\u00e4entie alkaa.<\/p>\n<\/div>\n\n\n\n<div class=\"wp-block-column is-layout-flow wp-block-column-is-layout-flow\" style=\"flex-basis:50%\">\n<figure class=\"wp-block-image size-large\" style=\"margin-top:var(--wp--preset--spacing--x-small);margin-right:var(--wp--preset--spacing--x-small);margin-bottom:var(--wp--preset--spacing--x-small);margin-left:var(--wp--preset--spacing--x-small)\"><img loading=\"lazy\" decoding=\"async\" width=\"1024\" height=\"683\" src=\"https:\/\/kymenlaaksonosakunta.fi\/uudetsivut\/wp-content\/uploads\/2025\/11\/mokki_ulkoasu-1024x683.jpg\" alt=\"\" class=\"wp-image-2086\" srcset=\"https:\/\/kymenlaaksonosakunta.fi\/uudetsivut\/wp-content\/uploads\/2025\/11\/mokki_ulkoasu-1024x683.jpg 1024w, https:\/\/kymenlaaksonosakunta.fi\/uudetsivut\/wp-content\/uploads\/2025\/11\/mokki_ulkoasu-300x200.jpg 300w, https:\/\/kymenlaaksonosakunta.fi\/uudetsivut\/wp-content\/uploads\/2025\/11\/mokki_ulkoasu-2000x1333.jpg 2000w\" sizes=\"auto, (max-width: 1024px) 100vw, 1024px\" \/><\/figure>\n<\/div>\n<\/div>\n\n\n\n<p>M\u00f6kin pihassa on parkkitilaa rajallisesti, joten pihan ollessa t\u00e4ynn\u00e4 autot voi parkkeerata siististi Pajarinm\u00e4entien laitaan.<\/p>\n\n\n\n<p>Julkisilla yhteys on Kouvolan ja Korian juna-asemilta Elim\u00e4en kirkonkyl\u00e4lle, l\u00e4hin bussipys\u00e4kki on Hongiston pys\u00e4kki VT 6:n varressa, josta j\u00e4\u00e4 3 km matkaa Inspinhoviin.<br>Arkisin p\u00e4\u00e4see kerran p\u00e4iv\u00e4ss\u00e4 bussilinjalla 6 Elim\u00e4en kirkonkyl\u00e4lle, miss\u00e4 on linjan tunnuksen vaihto Elim\u00e4en Yhten\u00e4iskoulun pys\u00e4kill\u00e4 paikallislinjaan 6T, eli sama bussi jatkaa, mutta linja vaihtuu.<br>6T linjalla p\u00e4\u00e4see Pajarinm\u00e4entien alkuun Moisiontiell\u00e4, mist\u00e4 on 150 m Inspinhoviin.<\/p>\n\n\n\n<p>Kouvolan kaupungin bussiliikenteen aikataulut ja reittioppaan l\u00f6yd\u00e4t Digitransitista: <a href=\"https:\/\/kouvola.digitransit.fi\">https:\/\/kouvola.digitransit.fi<\/a><\/p>\n\n\n\n<p>Elim\u00e4en Kirkonkyl\u00e4lt\u00e4 l\u00f6ytyvat mm. S-market ja apteekki.<\/p>\n\n\n\n<p><\/p>\n\n\n\n<hr class=\"wp-block-separator has-alpha-channel-opacity\"\/>\n\n\n\n<p><\/p>\n\n\n\n<h3 class=\"wp-block-heading\">Tukijat<\/h3>\n\n\n\n<p>Kymenlaakson Osakunta haluaa kiitt\u00e4\u00e4 m\u00f6kin kalustamisen mahdollistamisesta Jaalan-Elim\u00e4en-Valkealan -Kehitt\u00e4mis\u00e4\u00e4ti\u00f6t\u00e4, Karjalan Kulttuurirahastoa ja Elim\u00e4ki-S\u00e4\u00e4ti\u00f6t\u00e4.<\/p>\n\n\n\n<p><\/p>\n\n\n\n<div class=\"wp-block-columns is-layout-flex wp-container-core-columns-is-layout-28f84493 wp-block-columns-is-layout-flex\">\n<div class=\"wp-block-column is-layout-flow wp-block-column-is-layout-flow\">\n<figure class=\"wp-block-image aligncenter size-full\"><img loading=\"lazy\" decoding=\"async\" width=\"595\" height=\"392\" src=\"https:\/\/kymenlaaksonosakunta.fi\/uudetsivut\/wp-content\/uploads\/2025\/11\/jev-logo.png\" alt=\"\" class=\"wp-image-2079\" srcset=\"https:\/\/kymenlaaksonosakunta.fi\/uudetsivut\/wp-content\/uploads\/2025\/11\/jev-logo.png 595w, https:\/\/kymenlaaksonosakunta.fi\/uudetsivut\/wp-content\/uploads\/2025\/11\/jev-logo-300x198.png 300w\" sizes=\"auto, (max-width: 595px) 100vw, 595px\" \/><\/figure>\n<\/div>\n\n\n\n<div class=\"wp-block-column is-layout-flow wp-block-column-is-layout-flow\">\n<figure class=\"wp-block-image aligncenter size-full\"><img loading=\"lazy\" decoding=\"async\" width=\"272\" height=\"300\" src=\"https:\/\/kymenlaaksonosakunta.fi\/uudetsivut\/wp-content\/uploads\/2025\/11\/Karjalan_kulttuurirahasto_500px-Viipurin_laani.vaakuna.svg_-272x300-1.png\" alt=\"\" class=\"wp-image-2077\"\/><\/figure>\n<\/div>\n\n\n\n<div class=\"wp-block-column is-layout-flow wp-block-column-is-layout-flow\">\n<figure class=\"wp-block-image aligncenter size-full\"><img loading=\"lazy\" decoding=\"async\" width=\"180\" height=\"218\" src=\"https:\/\/kymenlaaksonosakunta.fi\/uudetsivut\/wp-content\/uploads\/2025\/11\/Elimaki_saatio.png\" alt=\"\" class=\"wp-image-2078\"\/><\/figure>\n<\/div>\n<\/div>\n\n\n\n<p><\/p>\n\n\n\n<hr class=\"wp-block-separator has-alpha-channel-opacity\"\/>\n\n\n\n<p><\/p>\n\n\n\n<h3 class=\"wp-block-heading\">Kysytt\u00e4v\u00e4\u00e4?<\/h3>\n\n\n\n<p>Inspinhovia koskeviin kysymyksiin ja yhteydenottoihin vastaa Osakunnan m\u00f6kkivastaava.<\/p>\n\n\n\n<p class=\"has-text-align-left\"><strong>M\u00f6kkivastaava<\/strong><br>Pasi Pyk\u00e4list\u00f6<br>inspinhovi@kymenlaaksonosakunta.fi<br>puh. 0400-952887.<\/p>\n\n\n\n<p><\/p>","protected":false},"excerpt":{"rendered":"<p>Mik\u00e4 ihmeen Inspinhovi? Kuivan maan m\u00f6kki Osakunnan, civisten ja seniorien k\u00e4ytt\u00f6\u00f6n sek\u00e4 muiden osakuntien ja yhdistysten vuokrattavaksi Elim\u00e4ell\u00e4 osoitteessa Pajarinm\u00e4entie 11. Inspinhovissa on Osakunnan ja Osakunnan seniorien tapahtumia ja lis\u00e4ksi m\u00f6kki on Osakunnan ja sen l\u00e4hiyhteis\u00f6jen j\u00e4senten varattavissa graduretriitteihin ja virkist\u00e4ytymiseen. M\u00f6kkivastaava tarkistaa hakijan j\u00e4senyyden tarvittaessa j\u00e4senrekisterien pit\u00e4jilt\u00e4. Osakunnan ja j\u00e4senist\u00f6n k\u00e4yt\u00f6n ulkopuolella m\u00f6kki on &hellip; <\/p>\n<p class=\"link-more\"><a href=\"https:\/\/kymenlaaksonosakunta.fi\/sv\/inspinhovi\/\" class=\"more-link\">Read more<span class=\"screen-reader-text\"> &#8221;Kymenlaakson Osakunnan Inspinhovi&#8221;<\/span><\/a><\/p>","protected":false},"author":1,"featured_media":0,"parent":0,"menu_order":0,"comment_status":"closed","ping_status":"closed","template":"","meta":{"inspiro_hide_title":false,"footnotes":""},"class_list":["post-1480","page","type-page","status-publish","hentry"],"_links":{"self":[{"href":"https:\/\/kymenlaaksonosakunta.fi\/sv\/wp-json\/wp\/v2\/pages\/1480","targetHints":{"allow":["GET"]}}],"collection":[{"href":"https:\/\/kymenlaaksonosakunta.fi\/sv\/wp-json\/wp\/v2\/pages"}],"about":[{"href":"https:\/\/kymenlaaksonosakunta.fi\/sv\/wp-json\/wp\/v2\/types\/page"}],"author":[{"embeddable":true,"href":"https:\/\/kymenlaaksonosakunta.fi\/sv\/wp-json\/wp\/v2\/users\/1"}],"replies":[{"embeddable":true,"href":"https:\/\/kymenlaaksonosakunta.fi\/sv\/wp-json\/wp\/v2\/comments?post=1480"}],"version-history":[{"count":38,"href":"https:\/\/kymenlaaksonosakunta.fi\/sv\/wp-json\/wp\/v2\/pages\/1480\/revisions"}],"predecessor-version":[{"id":2128,"href":"https:\/\/kymenlaaksonosakunta.fi\/sv\/wp-json\/wp\/v2\/pages\/1480\/revisions\/2128"}],"wp:attachment":[{"href":"https:\/\/kymenlaaksonosakunta.fi\/sv\/wp-json\/wp\/v2\/media?parent=1480"}],"curies":[{"name":"wp","href":"https:\/\/api.w.org\/{rel}","templated":true}]}}