{"id":1503,"date":"2025-04-26T17:13:55","date_gmt":"2025-04-26T14:13:55","guid":{"rendered":"https:\/\/kymenlaaksonosakunta.fi\/?page_id=1503"},"modified":"2026-04-27T12:52:44","modified_gmt":"2026-04-27T09:52:44","slug":"kymenlaakson-osakunta-uusi","status":"publish","type":"page","link":"https:\/\/kymenlaaksonosakunta.fi\/sv\/","title":{"rendered":""},"content":{"rendered":"<div class=\"wp-block-columns is-layout-flex wp-container-core-columns-is-layout-28f84493 wp-block-columns-is-layout-flex\">\n<div class=\"wp-block-column is-layout-flow wp-block-column-is-layout-flow\">\n<div class=\"wp-block-columns is-layout-flex wp-container-core-columns-is-layout-28f84493 wp-block-columns-is-layout-flex\">\n<div class=\"wp-block-column is-layout-flow wp-block-column-is-layout-flow\"><style>.wp-block-kadence-advancedbtn.kb-btns1503_dde6c7-ca{gap:var(--global-kb-gap-xs, 0.5rem );justify-content:center;align-items:center;}.kt-btns1503_dde6c7-ca .kt-button{font-weight:normal;font-style:normal;}.kt-btns1503_dde6c7-ca .kt-btn-wrap-0{margin-right:5px;}.wp-block-kadence-advancedbtn.kt-btns1503_dde6c7-ca .kt-btn-wrap-0 .kt-button{color:#555555;border-color:#555555;}.wp-block-kadence-advancedbtn.kt-btns1503_dde6c7-ca .kt-btn-wrap-0 .kt-button:hover, .wp-block-kadence-advancedbtn.kt-btns1503_dde6c7-ca .kt-btn-wrap-0 .kt-button:focus{color:#ffffff;border-color:#444444;}.wp-block-kadence-advancedbtn.kt-btns1503_dde6c7-ca .kt-btn-wrap-0 .kt-button::before{display:none;}.wp-block-kadence-advancedbtn.kt-btns1503_dde6c7-ca .kt-btn-wrap-0 .kt-button:hover, .wp-block-kadence-advancedbtn.kt-btns1503_dde6c7-ca .kt-btn-wrap-0 .kt-button:focus{background:#444444;}<\/style>\n<div class=\"wp-block-kadence-advancedbtn kb-buttons-wrap kb-btns1503_dde6c7-ca\"><style>ul.menu .wp-block-kadence-advancedbtn .kb-btn1503_62d109-88.kb-button{width:initial;}.wp-block-kadence-advancedbtn .kb-btn1503_62d109-88.kb-button{color:#ffe5b2;background:#365475;}.wp-block-kadence-advancedbtn .kb-btn1503_62d109-88.kb-button:hover, .wp-block-kadence-advancedbtn .kb-btn1503_62d109-88.kb-button:focus{background:#3399cc;box-shadow:inset 0px 0px 60px -15px rgba(0, 0, 0, 0.4);}<\/style><a class=\"kb-button kt-button button kb-btn1503_62d109-88 kt-btn-size-standard kt-btn-width-type-full kb-btn-global-fill  kt-btn-has-text-true kt-btn-has-svg-false  wp-block-kadence-singlebtn\" href=\"http:\/\/kyo.kuvat.fi\" target=\"_blank\" rel=\"noreferrer noopener\"><span class=\"kt-btn-inner-text\">Kuvat<\/span><\/a>\n\n<style>ul.menu .wp-block-kadence-advancedbtn .kb-btn1503_0ae112-88.kb-button{width:initial;}.wp-block-kadence-advancedbtn .kb-btn1503_0ae112-88.kb-button{color:#ffe5b2;background:#365475;}.wp-block-kadence-advancedbtn .kb-btn1503_0ae112-88.kb-button:hover, .wp-block-kadence-advancedbtn .kb-btn1503_0ae112-88.kb-button:focus{background:#3399cc;box-shadow:inset 0px 0px 60px -15px rgba(0, 0, 0, 0.4);}<\/style><a class=\"kb-button kt-button button kb-btn1503_0ae112-88 kt-btn-size-standard kt-btn-width-type-full kb-btn-global-fill  kt-btn-has-text-true kt-btn-has-svg-false  wp-block-kadence-singlebtn\" href=\"https:\/\/wiipurilainenosakunta.fi\/tilavaraukset\/index.php\" target=\"_blank\" rel=\"noreferrer noopener\"><span class=\"kt-btn-inner-text\">Tilavarauskalenteri<\/span><\/a>\n\n<style>ul.menu .wp-block-kadence-advancedbtn .kb-btn1503_8508ab-ab.kb-button{width:initial;}.wp-block-kadence-advancedbtn .kb-btn1503_8508ab-ab.kb-button{color:#ffe5b2;background:#365475;}.wp-block-kadence-advancedbtn .kb-btn1503_8508ab-ab.kb-button:hover, .wp-block-kadence-advancedbtn .kb-btn1503_8508ab-ab.kb-button:focus{background:#3399cc;box-shadow:inset 0px 0px 60px -15px rgba(0, 0, 0, 0.4);}<\/style><a class=\"kb-button kt-button button kb-btn1503_8508ab-ab kt-btn-size-standard kt-btn-width-type-full kb-btn-global-fill  kt-btn-has-text-true kt-btn-has-svg-false  wp-block-kadence-singlebtn\" href=\"http:\/\/kyo.fi\/documents\" target=\"_blank\" rel=\"noreferrer noopener\"><span class=\"kt-btn-inner-text\">Asiakirjat<\/span><\/a>\n\n<style>ul.menu .wp-block-kadence-advancedbtn .kb-btn1503_07615b-5e.kb-button{width:initial;}.wp-block-kadence-advancedbtn .kb-btn1503_07615b-5e.kb-button{color:#ffe5b2;background:#365475;}.wp-block-kadence-advancedbtn .kb-btn1503_07615b-5e.kb-button:hover, .wp-block-kadence-advancedbtn .kb-btn1503_07615b-5e.kb-button:focus{background:#3399cc;box-shadow:inset 0px 0px 60px -15px rgba(0, 0, 0, 0.4);}<\/style><a class=\"kb-button kt-button button kb-btn1503_07615b-5e kt-btn-size-standard kt-btn-width-type-full kb-btn-global-fill  kt-btn-has-text-true kt-btn-has-svg-false  wp-block-kadence-singlebtn\" href=\"https:\/\/www.kymenlaaksonosakunta.fi\/wiki\/index.php?title=Etusivu\" target=\"_blank\" rel=\"noreferrer noopener\"><span class=\"kt-btn-inner-text\">KyoWiki<\/span><\/a><\/div>\n<\/div>\n<\/div>\n<\/div>\n<\/div>\n\n\n\n<div class=\"wp-block-group has-global-padding is-layout-constrained wp-block-group-is-layout-constrained\">\n<div class=\"wp-block-columns is-layout-flex wp-container-core-columns-is-layout-28f84493 wp-block-columns-is-layout-flex\">\n<div class=\"wp-block-column is-layout-flow wp-block-column-is-layout-flow\" style=\"flex-basis:50%\">\n<p class=\"has-text-align-center\"><\/p>\n\n\n\n<p style=\"font-size:clamp(15.747px, 0.984rem + ((1vw - 3.2px) * 0.73), 24px);\"><strong>Kymenlaakson Osakunta<\/strong> on Helsingiss\u00e4&nbsp;toimiva tiedekunta- ja korkeakoulurajat ylitt\u00e4v\u00e4 poikkitieteellinen opiskelijaj\u00e4rjest\u00f6. J\u00e4seni\u00e4mme yhdist\u00e4\u00e4 kymenlaaksolainen tausta ja mieli.<\/p>\n\n\n\n<p style=\"font-size:clamp(15.747px, 0.984rem + ((1vw - 3.2px) * 0.73), 24px);\">KyO tarjoaa j\u00e4senilleen monipuolista kulttuuri- ja harrastustoimintaa, opiskelijabileit\u00e4 ja perinteisi\u00e4 p\u00f6yt\u00e4juhlia sek\u00e4 kaikkea muuta, mit\u00e4 poikkitieteelliseen opiskelijael\u00e4m\u00e4\u00e4n kuuluu. Helsingin Etu-T\u00f6\u00f6l\u00f6ss\u00e4 sijaitsevat tilamme tarjoavat puitteet niin juhliin kuin hengailuunkin.<\/p>\n<\/div>\n\n\n\n<div class=\"wp-block-column is-vertically-aligned-center has-global-padding is-content-justification-left is-layout-constrained wp-container-core-column-is-layout-12dd3699 wp-block-column-is-layout-constrained\" style=\"flex-basis:50%\"><style>.kb-gallery-id-1503_a30a18-42.kb-gallery-ul.kb-gallery-type-fluidcarousel .kt-blocks-carousel figure .kb-gal-image-radius, .kb-gallery-id-1503_a30a18-42.kb-gallery-ul.kb-gallery-type-fluidcarousel .kt-blocks-carousel figure .kb-gal-image-radius img{height:300px;}.kb-gallery-id-1503_a30a18-42 .kadence-blocks-gallery-item .kb-gal-image-radius, .kb-gallery-id-1503_a30a18-42 .kb-slide-item .kb-gal-image-radius img{border-radius:0px 0px 0px 0px;;}.kb-gallery-wrap-id-1503_a30a18-42.wp-block-kadence-advancedgallery{overflow:visible;}.kb-gallery-wrap-id-1503_a30a18-42.wp-block-kadence-advancedgallery .kt-blocks-carousel{overflow:visible;max-width:100%;}.kb-gallery-id-1503_a30a18-42 .splide.kt-carousel-dotstyle-outlinedark .splide__pagination__page{background-color:transparent;box-shadow:inset 0 0 0 1px #000;-webkit-transition:box-shadow 0.3s ease;-moz-transition:box-shadow 0.3s ease;transition:box-shadow 0.3s ease;}.kb-gallery-id-1503_a30a18-42 .splide.kt-carousel-dotstyle-outlinedark .splide__pagination__page.is-active{background-color:transparent;box-shadow:inset 0 0 0 8px #000;}<\/style><div class=\"kb-gallery-wrap-id-1503_a30a18-42 alignright alignright wp-block-kadence-advancedgallery\"><div class=\"kb-gallery-ul kb-gallery-non-static kb-gallery-type-fluidcarousel kb-gallery-id-1503_a30a18-42 kb-gallery-caption-style-bottom-hover kb-gallery-filter-none\" data-image-filter=\"none\" data-lightbox-caption=\"true\"><div class=\"kt-blocks-carousel splide kt-carousel-container-dotstyle-outlinedark kt-carousel-arrowstyle-whiteondark kt-carousel-dotstyle-outlinedark kb-slider-group-arrow kb-slider-arrow-position-center\" data-slider-anim-speed=\"400\" data-slider-scroll=\"1\" data-slider-arrows=\"true\" data-slider-dots=\"true\" data-slider-hover-pause=\"false\" data-slider-auto=\"1\" data-slider-speed=\"7000\" data-slider-type=\"fluidcarousel\" data-slider-center-mode=\"true\" data-slider-gap=\"10px\" data-slider-gap-tablet=\"10px\" data-slider-gap-mobile=\"10px\" data-show-pause-button=\"false\"><div class=\"splide__track\"><ul class=\"kt-blocks-carousel-init kb-blocks-fluid-carousel splide__list\"><li class=\"kb-slide-item kb-gallery-carousel-item splide__slide\"><div class=\"kadence-blocks-gallery-item\"><div class=\"kadence-blocks-gallery-item-inner\"><figure class=\"kb-gallery-figure kadence-blocks-gallery-item-hide-caption\"><div class=\"kb-gal-image-radius\"><div class=\"kb-gallery-image-contain\" ><img loading=\"lazy\" decoding=\"async\" src=\"https:\/\/kymenlaaksonosakunta.fi\/uudetsivut\/wp-content\/uploads\/2025\/04\/2019-10-12-\u2013-fuksisitsit-4-683x1024.jpg\" width=\"683\" height=\"1024\" alt=\"\" data-full-image=\"https:\/\/kymenlaaksonosakunta.fi\/uudetsivut\/wp-content\/uploads\/2025\/04\/2019-10-12-\u2013-fuksisitsit-4.jpg\" data-light-image=\"https:\/\/kymenlaaksonosakunta.fi\/uudetsivut\/wp-content\/uploads\/2025\/04\/2019-10-12-\u2013-fuksisitsit-4.jpg\" data-id=\"1581\" class=\"wp-image-1581 skip-lazy\" srcset=\"https:\/\/kymenlaaksonosakunta.fi\/uudetsivut\/wp-content\/uploads\/2025\/04\/2019-10-12-\u2013-fuksisitsit-4-683x1024.jpg 683w, https:\/\/kymenlaaksonosakunta.fi\/uudetsivut\/wp-content\/uploads\/2025\/04\/2019-10-12-\u2013-fuksisitsit-4-200x300.jpg 200w, https:\/\/kymenlaaksonosakunta.fi\/uudetsivut\/wp-content\/uploads\/2025\/04\/2019-10-12-\u2013-fuksisitsit-4-768x1152.jpg 768w, https:\/\/kymenlaaksonosakunta.fi\/uudetsivut\/wp-content\/uploads\/2025\/04\/2019-10-12-\u2013-fuksisitsit-4-1024x1536.jpg 1024w, https:\/\/kymenlaaksonosakunta.fi\/uudetsivut\/wp-content\/uploads\/2025\/04\/2019-10-12-\u2013-fuksisitsit-4.jpg 1080w\" sizes=\"auto, (max-width: 683px) 100vw, 683px\" \/><\/div><\/div><\/figure><\/div><\/div><\/li><li class=\"kb-slide-item kb-gallery-carousel-item splide__slide\"><div class=\"kadence-blocks-gallery-item\"><div class=\"kadence-blocks-gallery-item-inner\"><figure class=\"kb-gallery-figure kadence-blocks-gallery-item-hide-caption\"><div class=\"kb-gal-image-radius\"><div class=\"kb-gallery-image-contain\" ><img loading=\"lazy\" decoding=\"async\" src=\"https:\/\/kymenlaaksonosakunta.fi\/uudetsivut\/wp-content\/uploads\/2025\/04\/IMG_2056-1024x683.jpg\" width=\"1024\" height=\"683\" alt=\"\" data-full-image=\"https:\/\/kymenlaaksonosakunta.fi\/uudetsivut\/wp-content\/uploads\/2025\/04\/IMG_2056-scaled.jpg\" data-light-image=\"https:\/\/kymenlaaksonosakunta.fi\/uudetsivut\/wp-content\/uploads\/2025\/04\/IMG_2056-scaled.jpg\" data-id=\"1561\" class=\"wp-image-1561 skip-lazy\" srcset=\"https:\/\/kymenlaaksonosakunta.fi\/uudetsivut\/wp-content\/uploads\/2025\/04\/IMG_2056-1024x683.jpg 1024w, https:\/\/kymenlaaksonosakunta.fi\/uudetsivut\/wp-content\/uploads\/2025\/04\/IMG_2056-300x200.jpg 300w, https:\/\/kymenlaaksonosakunta.fi\/uudetsivut\/wp-content\/uploads\/2025\/04\/IMG_2056-768x512.jpg 768w, https:\/\/kymenlaaksonosakunta.fi\/uudetsivut\/wp-content\/uploads\/2025\/04\/IMG_2056-1536x1024.jpg 1536w, https:\/\/kymenlaaksonosakunta.fi\/uudetsivut\/wp-content\/uploads\/2025\/04\/IMG_2056-2048x1365.jpg 2048w\" sizes=\"auto, (max-width: 1024px) 100vw, 1024px\" \/><\/div><\/div><\/figure><\/div><\/div><\/li><li class=\"kb-slide-item kb-gallery-carousel-item splide__slide\"><div class=\"kadence-blocks-gallery-item\"><div class=\"kadence-blocks-gallery-item-inner\"><figure class=\"kb-gallery-figure kadence-blocks-gallery-item-hide-caption\"><div class=\"kb-gal-image-radius\"><div class=\"kb-gallery-image-contain\" ><img loading=\"lazy\" decoding=\"async\" src=\"https:\/\/kymenlaaksonosakunta.fi\/uudetsivut\/wp-content\/uploads\/2025\/04\/DSC_1207-1-1024x683.jpg\" width=\"1024\" height=\"683\" alt=\"\" data-full-image=\"https:\/\/kymenlaaksonosakunta.fi\/uudetsivut\/wp-content\/uploads\/2025\/04\/DSC_1207-1-scaled.jpg\" data-light-image=\"https:\/\/kymenlaaksonosakunta.fi\/uudetsivut\/wp-content\/uploads\/2025\/04\/DSC_1207-1-scaled.jpg\" data-id=\"1583\" class=\"wp-image-1583 skip-lazy\" srcset=\"https:\/\/kymenlaaksonosakunta.fi\/uudetsivut\/wp-content\/uploads\/2025\/04\/DSC_1207-1-1024x683.jpg 1024w, https:\/\/kymenlaaksonosakunta.fi\/uudetsivut\/wp-content\/uploads\/2025\/04\/DSC_1207-1-300x200.jpg 300w, https:\/\/kymenlaaksonosakunta.fi\/uudetsivut\/wp-content\/uploads\/2025\/04\/DSC_1207-1-768x512.jpg 768w, https:\/\/kymenlaaksonosakunta.fi\/uudetsivut\/wp-content\/uploads\/2025\/04\/DSC_1207-1-1536x1024.jpg 1536w, https:\/\/kymenlaaksonosakunta.fi\/uudetsivut\/wp-content\/uploads\/2025\/04\/DSC_1207-1-2048x1365.jpg 2048w\" sizes=\"auto, (max-width: 1024px) 100vw, 1024px\" \/><\/div><\/div><\/figure><\/div><\/div><\/li><li class=\"kb-slide-item kb-gallery-carousel-item splide__slide\"><div class=\"kadence-blocks-gallery-item\"><div class=\"kadence-blocks-gallery-item-inner\"><figure class=\"kb-gallery-figure kadence-blocks-gallery-item-hide-caption\"><div class=\"kb-gal-image-radius\"><div class=\"kb-gallery-image-contain\" ><img loading=\"lazy\" decoding=\"async\" src=\"https:\/\/kymenlaaksonosakunta.fi\/uudetsivut\/wp-content\/uploads\/2025\/04\/IMG_4351-1024x769.jpg\" width=\"1024\" height=\"769\" alt=\"\" data-full-image=\"https:\/\/kymenlaaksonosakunta.fi\/uudetsivut\/wp-content\/uploads\/2025\/04\/IMG_4351-scaled.jpg\" data-light-image=\"https:\/\/kymenlaaksonosakunta.fi\/uudetsivut\/wp-content\/uploads\/2025\/04\/IMG_4351-scaled.jpg\" data-id=\"1584\" class=\"wp-image-1584 skip-lazy\" srcset=\"https:\/\/kymenlaaksonosakunta.fi\/uudetsivut\/wp-content\/uploads\/2025\/04\/IMG_4351-1024x769.jpg 1024w, https:\/\/kymenlaaksonosakunta.fi\/uudetsivut\/wp-content\/uploads\/2025\/04\/IMG_4351-300x225.jpg 300w, https:\/\/kymenlaaksonosakunta.fi\/uudetsivut\/wp-content\/uploads\/2025\/04\/IMG_4351-768x576.jpg 768w, https:\/\/kymenlaaksonosakunta.fi\/uudetsivut\/wp-content\/uploads\/2025\/04\/IMG_4351-1536x1153.jpg 1536w, https:\/\/kymenlaaksonosakunta.fi\/uudetsivut\/wp-content\/uploads\/2025\/04\/IMG_4351-2048x1537.jpg 2048w\" sizes=\"auto, (max-width: 1024px) 100vw, 1024px\" \/><\/div><\/div><\/figure><\/div><\/div><\/li><li class=\"kb-slide-item kb-gallery-carousel-item splide__slide\"><div class=\"kadence-blocks-gallery-item\"><div class=\"kadence-blocks-gallery-item-inner\"><figure class=\"kb-gallery-figure kadence-blocks-gallery-item-hide-caption\"><div class=\"kb-gal-image-radius\"><div class=\"kb-gallery-image-contain\" ><img loading=\"lazy\" decoding=\"async\" src=\"https:\/\/kymenlaaksonosakunta.fi\/uudetsivut\/wp-content\/uploads\/2025\/04\/IMG_1780-1024x683.jpg\" width=\"1024\" height=\"683\" alt=\"\" data-full-image=\"https:\/\/kymenlaaksonosakunta.fi\/uudetsivut\/wp-content\/uploads\/2025\/04\/IMG_1780-scaled.jpg\" data-light-image=\"https:\/\/kymenlaaksonosakunta.fi\/uudetsivut\/wp-content\/uploads\/2025\/04\/IMG_1780-scaled.jpg\" data-id=\"1585\" class=\"wp-image-1585 skip-lazy\" srcset=\"https:\/\/kymenlaaksonosakunta.fi\/uudetsivut\/wp-content\/uploads\/2025\/04\/IMG_1780-1024x683.jpg 1024w, https:\/\/kymenlaaksonosakunta.fi\/uudetsivut\/wp-content\/uploads\/2025\/04\/IMG_1780-300x200.jpg 300w, https:\/\/kymenlaaksonosakunta.fi\/uudetsivut\/wp-content\/uploads\/2025\/04\/IMG_1780-768x512.jpg 768w, https:\/\/kymenlaaksonosakunta.fi\/uudetsivut\/wp-content\/uploads\/2025\/04\/IMG_1780-1536x1024.jpg 1536w, https:\/\/kymenlaaksonosakunta.fi\/uudetsivut\/wp-content\/uploads\/2025\/04\/IMG_1780-2048x1365.jpg 2048w\" sizes=\"auto, (max-width: 1024px) 100vw, 1024px\" \/><\/div><\/div><\/figure><\/div><\/div><\/li><li class=\"kb-slide-item kb-gallery-carousel-item splide__slide\"><div class=\"kadence-blocks-gallery-item\"><div class=\"kadence-blocks-gallery-item-inner\"><figure class=\"kb-gallery-figure kadence-blocks-gallery-item-hide-caption\"><div class=\"kb-gal-image-radius\"><div class=\"kb-gallery-image-contain\" ><img loading=\"lazy\" decoding=\"async\" src=\"https:\/\/kymenlaaksonosakunta.fi\/uudetsivut\/wp-content\/uploads\/2025\/04\/IMG_4785-1024x769.jpg\" width=\"1024\" height=\"769\" alt=\"\" data-full-image=\"https:\/\/kymenlaaksonosakunta.fi\/uudetsivut\/wp-content\/uploads\/2025\/04\/IMG_4785-scaled.jpg\" data-light-image=\"https:\/\/kymenlaaksonosakunta.fi\/uudetsivut\/wp-content\/uploads\/2025\/04\/IMG_4785-scaled.jpg\" data-id=\"1586\" class=\"wp-image-1586 skip-lazy\" srcset=\"https:\/\/kymenlaaksonosakunta.fi\/uudetsivut\/wp-content\/uploads\/2025\/04\/IMG_4785-1024x769.jpg 1024w, https:\/\/kymenlaaksonosakunta.fi\/uudetsivut\/wp-content\/uploads\/2025\/04\/IMG_4785-300x225.jpg 300w, https:\/\/kymenlaaksonosakunta.fi\/uudetsivut\/wp-content\/uploads\/2025\/04\/IMG_4785-768x576.jpg 768w, https:\/\/kymenlaaksonosakunta.fi\/uudetsivut\/wp-content\/uploads\/2025\/04\/IMG_4785-1536x1153.jpg 1536w, https:\/\/kymenlaaksonosakunta.fi\/uudetsivut\/wp-content\/uploads\/2025\/04\/IMG_4785-2048x1537.jpg 2048w\" sizes=\"auto, (max-width: 1024px) 100vw, 1024px\" \/><\/div><\/div><\/figure><\/div><\/div><\/li><li class=\"kb-slide-item kb-gallery-carousel-item splide__slide\"><div class=\"kadence-blocks-gallery-item\"><div class=\"kadence-blocks-gallery-item-inner\"><figure class=\"kb-gallery-figure kadence-blocks-gallery-item-hide-caption\"><div class=\"kb-gal-image-radius\"><div class=\"kb-gallery-image-contain\" ><img loading=\"lazy\" decoding=\"async\" src=\"https:\/\/kymenlaaksonosakunta.fi\/uudetsivut\/wp-content\/uploads\/2025\/04\/20240628_192935-768x1024.jpg\" width=\"768\" height=\"1024\" alt=\"\" data-full-image=\"https:\/\/kymenlaaksonosakunta.fi\/uudetsivut\/wp-content\/uploads\/2025\/04\/20240628_192935-scaled.jpg\" data-light-image=\"https:\/\/kymenlaaksonosakunta.fi\/uudetsivut\/wp-content\/uploads\/2025\/04\/20240628_192935-scaled.jpg\" data-id=\"1580\" class=\"wp-image-1580 skip-lazy\" srcset=\"https:\/\/kymenlaaksonosakunta.fi\/uudetsivut\/wp-content\/uploads\/2025\/04\/20240628_192935-768x1024.jpg 768w, https:\/\/kymenlaaksonosakunta.fi\/uudetsivut\/wp-content\/uploads\/2025\/04\/20240628_192935-225x300.jpg 225w, https:\/\/kymenlaaksonosakunta.fi\/uudetsivut\/wp-content\/uploads\/2025\/04\/20240628_192935-1152x1536.jpg 1152w, https:\/\/kymenlaaksonosakunta.fi\/uudetsivut\/wp-content\/uploads\/2025\/04\/20240628_192935-1536x2048.jpg 1536w, https:\/\/kymenlaaksonosakunta.fi\/uudetsivut\/wp-content\/uploads\/2025\/04\/20240628_192935-scaled.jpg 1920w\" sizes=\"auto, (max-width: 768px) 100vw, 768px\" \/><\/div><\/div><\/figure><\/div><\/div><\/li><\/ul><\/div><\/div><\/div><\/div><\/div>\n<\/div>\n<\/div>\n\n\n\n<p><\/p>\n\n\n<style>.wp-block-kadence-advancedbtn.kt-btns1503_6cda55-60, .site .entry-content .wp-block-kadence-advancedbtn.kt-btns1503_6cda55-60, .wp-block-kadence-advancedbtn.kb-btns1503_6cda55-60, .site .entry-content .wp-block-kadence-advancedbtn.kb-btns1503_6cda55-60{margin-bottom:var(--global-kb-spacing-lg, 3rem);}.wp-block-kadence-advancedbtn.kb-btns1503_6cda55-60{gap:var(--global-kb-gap-xs, 0.5rem );justify-content:center;align-items:center;}.kt-btns1503_6cda55-60 .kt-button{font-weight:normal;font-style:normal;}.kt-btns1503_6cda55-60 .kt-btn-wrap-0{margin-right:5px;}.wp-block-kadence-advancedbtn.kt-btns1503_6cda55-60 .kt-btn-wrap-0 .kt-button{color:#555555;border-color:#555555;}.wp-block-kadence-advancedbtn.kt-btns1503_6cda55-60 .kt-btn-wrap-0 .kt-button:hover, .wp-block-kadence-advancedbtn.kt-btns1503_6cda55-60 .kt-btn-wrap-0 .kt-button:focus{color:#ffffff;border-color:#444444;}.wp-block-kadence-advancedbtn.kt-btns1503_6cda55-60 .kt-btn-wrap-0 .kt-button::before{display:none;}.wp-block-kadence-advancedbtn.kt-btns1503_6cda55-60 .kt-btn-wrap-0 .kt-button:hover, .wp-block-kadence-advancedbtn.kt-btns1503_6cda55-60 .kt-btn-wrap-0 .kt-button:focus{background:#444444;}<\/style>\n<div class=\"wp-block-kadence-advancedbtn kb-buttons-wrap kb-btns1503_6cda55-60\"><style>ul.menu .wp-block-kadence-advancedbtn .kb-btn1503_d4de56-68.kb-button{width:initial;}.wp-block-kadence-advancedbtn .kb-btn1503_d4de56-68.kb-button{color:#ffe5b2;background:#365475;border-top:1px solid #fff;border-right:1px solid #fff;border-bottom:1px solid #fff;border-left:1px solid #fff;box-shadow:0px 0px 0px 0px rgba(0, 0, 0, 0.2);}.wp-block-kadence-advancedbtn .kb-btn1503_d4de56-68.kb-button:hover, .wp-block-kadence-advancedbtn .kb-btn1503_d4de56-68.kb-button:focus{background:#3399cc;box-shadow:inset 0px 0px 60px -15px rgba(0, 0, 0, 0.4);}@media all and (max-width: 1024px){.wp-block-kadence-advancedbtn .kb-btn1503_d4de56-68.kb-button{border-top:1px solid #fff;border-right:1px solid #fff;border-bottom:1px solid #fff;border-left:1px solid #fff;}}@media all and (max-width: 767px){.wp-block-kadence-advancedbtn .kb-btn1503_d4de56-68.kb-button{border-top:1px solid #fff;border-right:1px solid #fff;border-bottom:1px solid #fff;border-left:1px solid #fff;}}<\/style><a class=\"kb-button kt-button button kb-btn1503_d4de56-68 kt-btn-size-xlarge kt-btn-width-type-auto kb-btn-global-fill  kt-btn-has-text-true kt-btn-has-svg-false  wp-block-kadence-singlebtn\" href=\"https:\/\/kymenlaaksonosakunta.fi\/sv\/jaseneksi\/\"><span class=\"kt-btn-inner-text\">Liity j\u00e4seneksi!<\/span><\/a><\/div>\n\n\n\n<hr class=\"wp-block-separator has-alpha-channel-opacity\"\/>\n\n\n\n<h2 class=\"wp-block-heading has-text-align-center\">Tiedotteet<\/h2>\n\n\n<ul style=\"border-style:none;border-width:0px; padding-top:var(--wp--preset--spacing--x-small);padding-bottom:var(--wp--preset--spacing--x-small);padding-left:var(--wp--preset--spacing--x-small);padding-right:var(--wp--preset--spacing--x-small);\" class=\"wp-block-latest-posts__list has-dates has-link-color wp-elements-1a145345b6e48400d0d9e394a0951838 wp-block-latest-posts has-medium-font-size\"><li><div class=\"wp-block-latest-posts__featured-image alignleft\"><a href=\"https:\/\/kymenlaaksonosakunta.fi\/sv\/2026\/04\/15\/taydennyshaku-civis-2026\/\" aria-label=\"T\u00e4ydennyshaku civis 2026\"><img loading=\"lazy\" decoding=\"async\" width=\"150\" height=\"150\" src=\"https:\/\/kymenlaaksonosakunta.fi\/uudetsivut\/wp-content\/uploads\/2025\/11\/patolankulma1-150x150.jpeg\" class=\"attachment-thumbnail size-thumbnail wp-post-image\" alt=\"\" style=\"\" sizes=\"auto, 100vw\" \/><\/a><\/div><a class=\"wp-block-latest-posts__post-title\" href=\"https:\/\/kymenlaaksonosakunta.fi\/sv\/2026\/04\/15\/taydennyshaku-civis-2026\/\">T\u00e4ydennyshaku civis 2026<\/a><time datetime=\"2026-04-15T12:49:02+03:00\" class=\"wp-block-latest-posts__post-date\">15.4.2026<\/time><div class=\"wp-block-latest-posts__post-excerpt\">Kymenlaakson Osakunnan t\u00e4ydennysasuntohaku on auki! T\u00e4ydennysasuntohaku on auki 15.-22.4.2026 ja jatkuu siit\u00e4 eteenp\u00e4in jatkuvana hakuna, mik\u00e4liasuntoon ei tule hakuajan puitteissa hakemuksia.T\u00e4ydennyshaussa on haettavissa yksi 26m2 yksi\u00f6 (524\u20ac\/kk) osoitteesta Maapadontie 7 B. Asuntoonmy\u00f6nnet\u00e4\u00e4n asumisaikaa m\u00e4\u00e4r\u00e4aikaisesti kolmeksi (3) vuodeksi alkaen 1.9.2026. T\u00e4ytett\u00e4v\u00e4n hakulomakkeen l\u00f6yd\u00e4t t\u00e4\u00e4lt\u00e4. Kaikki hakemukset liitteineen tulee toimittaas\u00e4hk\u00f6postitse osoitteeseen asuntosihteeri@kymenlaaksonosakunta.fi. Liit\u00e4th\u00e4n seuraavat asiakirjat hakemukseen mukaan. Kohde sijaitsee erinomaisten kulkuyhteyksien varrella, menitp\u00e4 sitten Viikkiin, Otaniemeen taikeskustakampukselle! Talon edess\u00e4 on pikaraitiotie 15 pys\u00e4kki, eli Otaniemen ja Viikin kampuksetovat sujuvan raitiovaunumatkan p\u00e4\u00e4ss\u00e4. Tuusulanv\u00e4yl\u00e4n kautta busseilla p\u00e4\u00e4see taas Helsinginkeskustaan noin 25 minuutissa ja my\u00f6s Helsinki-Vantaan lentokent\u00e4n bussilinjat ajavatTuusulanv\u00e4yl\u00e4\u00e4 pitkin ymp\u00e4ri vuorokauden. Talo sijaitsee k\u00e4velymatkan &hellip; <p class=\"link-more\"><a href=\"https:\/\/kymenlaaksonosakunta.fi\/sv\/2026\/04\/15\/taydennyshaku-civis-2026\/\" class=\"more-link\">Read more<span class=\"screen-reader-text\"> &#8221;T\u00e4ydennyshaku civis 2026&#8221;<\/span><\/a><\/p><\/div><\/li>\n<\/ul>\n\n\n<hr class=\"wp-block-separator has-alpha-channel-opacity\"\/>\n\n\n\n<div class=\"wp-block-columns \/* unvisited link *\/ a:link { color: red; } visited a:visited green; mouse over a:hover hotpink; selected a:active blue; has-link-color wp-elements-ab775e54d8300acdea16b1c128658cb8 is-layout-flex wp-container-core-columns-is-layout-25a19395 wp-block-columns-is-layout-flex\" style=\"padding-right:0;padding-left:0\">\n<div class=\"wp-block-column has-link-color wp-elements-4609c3c3cc5f8e5b4480526ad1fd21f0 is-layout-flow wp-block-column-is-layout-flow\" style=\"flex-basis:33.34%\"><a style=\"--color-text:#ffe5b2;\" href=\"https:\/\/kymenlaaksonosakunta.fi\/sv\/virkailijat\/\"    class=\"wp-block-tiptip-hyperlink-group-block\" >\n<div class=\"wp-block-cover has-link-color wp-elements-2bd555885eb31e453ca454c01bd3fa3a has-aspect-ratio wp-duotone-203852-ffffff-2\" style=\"margin-top:var(--wp--preset--spacing--x-small);margin-bottom:var(--wp--preset--spacing--x-small);padding-top:var(--wp--preset--spacing--x-small);padding-right:var(--wp--preset--spacing--x-small);padding-bottom:var(--wp--preset--spacing--x-small);padding-left:var(--wp--preset--spacing--x-small);aspect-ratio:2\/3;min-height:unset;\"><img loading=\"lazy\" decoding=\"async\" width=\"1024\" height=\"769\" class=\"wp-block-cover__image-background wp-image-1586\" alt=\"\" src=\"https:\/\/kymenlaaksonosakunta.fi\/uudetsivut\/wp-content\/uploads\/2025\/04\/IMG_4785-1024x769.jpg\" style=\"object-position:0% 100%\" data-object-fit=\"cover\" data-object-position=\"0% 100%\" srcset=\"https:\/\/kymenlaaksonosakunta.fi\/uudetsivut\/wp-content\/uploads\/2025\/04\/IMG_4785-1024x769.jpg 1024w, https:\/\/kymenlaaksonosakunta.fi\/uudetsivut\/wp-content\/uploads\/2025\/04\/IMG_4785-300x225.jpg 300w, https:\/\/kymenlaaksonosakunta.fi\/uudetsivut\/wp-content\/uploads\/2025\/04\/IMG_4785-768x576.jpg 768w, https:\/\/kymenlaaksonosakunta.fi\/uudetsivut\/wp-content\/uploads\/2025\/04\/IMG_4785-1536x1153.jpg 1536w, https:\/\/kymenlaaksonosakunta.fi\/uudetsivut\/wp-content\/uploads\/2025\/04\/IMG_4785-2048x1537.jpg 2048w\" sizes=\"auto, (max-width: 1024px) 100vw, 1024px\" \/><span aria-hidden=\"true\" class=\"wp-block-cover__background has-background-dim\" style=\"background-color:#203852\"><\/span><div class=\"wp-block-cover__inner-container is-layout-flow wp-container-core-cover-is-layout-8ed4229c wp-block-cover-is-layout-flow\">\n<p class=\"has-text-align-center \/* unvisited link *\/ a:link { color: red; } visited a:visited green; mouse over a:hover hotpink; selected a:active blue; has-secondary-color has-text-color has-background has-link-color has-large-font-size wp-elements-48cb125dec00db2e1155ff46ec0ca601\" style=\"background-color:#365475;margin-top:0;margin-right:var(--wp--preset--spacing--medium);margin-bottom:0;margin-left:var(--wp--preset--spacing--medium);padding-top:0;padding-right:0;padding-bottom:0;padding-left:0\"><strong>Virkailijat<\/strong><\/p>\n<\/div><\/div>\n<\/a><\/div>\n\n\n\n<div class=\"wp-block-column is-layout-flow wp-block-column-is-layout-flow\" style=\"flex-basis:33.34%\"><a style=\"--color-text:#ffe5b2;\" href=\"https:\/\/kymenlaaksonosakunta.fi\/sv\/asunnot\/\"    class=\"wp-block-tiptip-hyperlink-group-block\" >\n<div class=\"wp-block-cover has-aspect-ratio wp-duotone-203852-ffffff-4\" style=\"margin-top:var(--wp--preset--spacing--x-small);margin-bottom:var(--wp--preset--spacing--x-small);padding-top:var(--wp--preset--spacing--x-small);padding-right:var(--wp--preset--spacing--x-small);padding-bottom:var(--wp--preset--spacing--x-small);padding-left:var(--wp--preset--spacing--x-small);aspect-ratio:2\/3;min-height:unset;\"><img loading=\"lazy\" decoding=\"async\" width=\"1024\" height=\"693\" class=\"wp-block-cover__image-background wp-image-1024\" alt=\"\" src=\"https:\/\/kymenlaaksonosakunta.fi\/uudetsivut\/wp-content\/uploads\/2021\/06\/raakakuva__1-copy-copy-1024x693.jpg\" data-object-fit=\"cover\" srcset=\"https:\/\/kymenlaaksonosakunta.fi\/uudetsivut\/wp-content\/uploads\/2021\/06\/raakakuva__1-copy-copy-1024x693.jpg 1024w, https:\/\/kymenlaaksonosakunta.fi\/uudetsivut\/wp-content\/uploads\/2021\/06\/raakakuva__1-copy-copy-300x203.jpg 300w, https:\/\/kymenlaaksonosakunta.fi\/uudetsivut\/wp-content\/uploads\/2021\/06\/raakakuva__1-copy-copy-768x519.jpg 768w, https:\/\/kymenlaaksonosakunta.fi\/uudetsivut\/wp-content\/uploads\/2021\/06\/raakakuva__1-copy-copy-2000x1353.jpg 2000w\" sizes=\"auto, (max-width: 1024px) 100vw, 1024px\" \/><span aria-hidden=\"true\" class=\"wp-block-cover__background has-background-dim\" style=\"background-color:#203852\"><\/span><div class=\"wp-block-cover__inner-container is-layout-flow wp-container-core-cover-is-layout-8ed4229c wp-block-cover-is-layout-flow\">\n<p class=\"has-text-align-center has-text-color has-background has-link-color has-large-font-size wp-elements-15c1837fe66c42d158d5c3f35418e6f1\" style=\"color:#ffe5b2;background-color:#365475;margin-top:0;margin-right:var(--wp--preset--spacing--medium);margin-bottom:0;margin-left:var(--wp--preset--spacing--medium);padding-top:0;padding-right:0;padding-bottom:0;padding-left:0\"><strong>Asunnot<\/strong><\/p>\n<\/div><\/div>\n<\/a><\/div>\n\n\n\n<div class=\"wp-block-column is-layout-flow wp-block-column-is-layout-flow\" style=\"flex-basis:33.33%\"><a style=\"--color-text:#ffe5b2;\" href=\"https:\/\/kymenlaaksonosakunta.fi\/sv\/toiminta-2\/\"    class=\"wp-block-tiptip-hyperlink-group-block\" >\n<div class=\"wp-block-cover has-aspect-ratio wp-duotone-203852-ffffff-6\" style=\"margin-top:var(--wp--preset--spacing--x-small);margin-bottom:var(--wp--preset--spacing--x-small);padding-top:var(--wp--preset--spacing--x-small);padding-right:var(--wp--preset--spacing--x-small);padding-bottom:var(--wp--preset--spacing--x-small);padding-left:var(--wp--preset--spacing--x-small);aspect-ratio:2\/3;min-height:unset;\"><img loading=\"lazy\" decoding=\"async\" width=\"683\" height=\"1024\" class=\"wp-block-cover__image-background wp-image-1581\" alt=\"\" src=\"https:\/\/kymenlaaksonosakunta.fi\/uudetsivut\/wp-content\/uploads\/2025\/04\/2019-10-12-\u2013-fuksisitsit-4-683x1024.jpg\" style=\"object-position:0% 100%\" data-object-fit=\"cover\" data-object-position=\"0% 100%\" srcset=\"https:\/\/kymenlaaksonosakunta.fi\/uudetsivut\/wp-content\/uploads\/2025\/04\/2019-10-12-\u2013-fuksisitsit-4-683x1024.jpg 683w, https:\/\/kymenlaaksonosakunta.fi\/uudetsivut\/wp-content\/uploads\/2025\/04\/2019-10-12-\u2013-fuksisitsit-4-200x300.jpg 200w, https:\/\/kymenlaaksonosakunta.fi\/uudetsivut\/wp-content\/uploads\/2025\/04\/2019-10-12-\u2013-fuksisitsit-4-768x1152.jpg 768w, https:\/\/kymenlaaksonosakunta.fi\/uudetsivut\/wp-content\/uploads\/2025\/04\/2019-10-12-\u2013-fuksisitsit-4-1024x1536.jpg 1024w, https:\/\/kymenlaaksonosakunta.fi\/uudetsivut\/wp-content\/uploads\/2025\/04\/2019-10-12-\u2013-fuksisitsit-4.jpg 1080w\" sizes=\"auto, (max-width: 683px) 100vw, 683px\" \/><span aria-hidden=\"true\" class=\"wp-block-cover__background has-background-dim\" style=\"background-color:#203852\"><\/span><div class=\"wp-block-cover__inner-container is-layout-flow wp-container-core-cover-is-layout-8ed4229c wp-block-cover-is-layout-flow\">\n<p class=\"has-text-align-center has-text-color has-background has-link-color has-large-font-size wp-elements-96a7c271bfea886edc31ccfe1dac698a\" style=\"color:#ffe5b2;background-color:#365475;margin-top:var(--wp--preset--spacing--x-small);margin-right:var(--wp--preset--spacing--medium);margin-bottom:var(--wp--preset--spacing--x-small);margin-left:var(--wp--preset--spacing--medium);padding-top:0;padding-right:0;padding-bottom:0;padding-left:0\"><strong>Toiminta<\/strong><\/p>\n<\/div><\/div>\n<\/a><\/div>\n<\/div>\n\n\n\n<div class=\"wp-block-columns is-layout-flex wp-container-core-columns-is-layout-25a19395 wp-block-columns-is-layout-flex\" style=\"padding-right:0;padding-left:0\">\n<div class=\"wp-block-column is-layout-flow wp-block-column-is-layout-flow\" style=\"flex-basis:33.34%\"><a style=\"--color-text:#ffe5b2;\" href=\"https:\/\/kymenlaaksonosakunta.fi\/sv\/inspinhovi\/\"    class=\"wp-block-tiptip-hyperlink-group-block\" >\n<div class=\"wp-block-cover has-secondary-color has-text-color has-link-color wp-elements-184f0a8df8335af83bc09422c2e47c5a has-aspect-ratio wp-duotone-203852-ffffff-8\" style=\"margin-top:var(--wp--preset--spacing--x-small);margin-bottom:var(--wp--preset--spacing--x-small);padding-top:var(--wp--preset--spacing--x-small);padding-right:var(--wp--preset--spacing--x-small);padding-bottom:var(--wp--preset--spacing--x-small);padding-left:var(--wp--preset--spacing--x-small);aspect-ratio:2\/3;min-height:unset;\"><img loading=\"lazy\" decoding=\"async\" width=\"768\" height=\"1024\" class=\"wp-block-cover__image-background wp-image-1580 size-large\" alt=\"\" src=\"https:\/\/kymenlaaksonosakunta.fi\/uudetsivut\/wp-content\/uploads\/2025\/04\/20240628_192935-768x1024.jpg\" data-object-fit=\"cover\" srcset=\"https:\/\/kymenlaaksonosakunta.fi\/uudetsivut\/wp-content\/uploads\/2025\/04\/20240628_192935-768x1024.jpg 768w, https:\/\/kymenlaaksonosakunta.fi\/uudetsivut\/wp-content\/uploads\/2025\/04\/20240628_192935-225x300.jpg 225w, https:\/\/kymenlaaksonosakunta.fi\/uudetsivut\/wp-content\/uploads\/2025\/04\/20240628_192935-1152x1536.jpg 1152w, https:\/\/kymenlaaksonosakunta.fi\/uudetsivut\/wp-content\/uploads\/2025\/04\/20240628_192935-1536x2048.jpg 1536w, https:\/\/kymenlaaksonosakunta.fi\/uudetsivut\/wp-content\/uploads\/2025\/04\/20240628_192935-scaled.jpg 1920w\" sizes=\"auto, (max-width: 768px) 100vw, 768px\" \/><span aria-hidden=\"true\" class=\"wp-block-cover__background has-background-dim\" style=\"background-color:#203852\"><\/span><div class=\"wp-block-cover__inner-container is-layout-flow wp-container-core-cover-is-layout-8ed4229c wp-block-cover-is-layout-flow\">\n<p class=\"has-text-align-center has-background has-link-color has-large-font-size wp-elements-f94694ec025e2b8d6a858154973b6d22\" style=\"background-color:#365475;margin-right:var(--wp--preset--spacing--medium);margin-left:var(--wp--preset--spacing--medium);padding-top:0;padding-right:0;padding-bottom:0;padding-left:0\"><strong>Inspinhovi<\/strong><\/p>\n<\/div><\/div>\n<\/a><\/div>\n\n\n\n<div class=\"wp-block-column is-layout-flow wp-block-column-is-layout-flow\" style=\"flex-basis:33.34%\"><a style=\"--color-text:#ffe5b2;\" href=\"https:\/\/kymenlaaksonosakunta.fi\/sv\/historia\/\"    class=\"wp-block-tiptip-hyperlink-group-block\" >\n<div class=\"wp-block-cover has-aspect-ratio wp-duotone-203852-ffffff-10\" style=\"margin-top:var(--wp--preset--spacing--x-small);margin-bottom:var(--wp--preset--spacing--x-small);padding-top:var(--wp--preset--spacing--x-small);padding-right:var(--wp--preset--spacing--x-small);padding-bottom:var(--wp--preset--spacing--x-small);padding-left:var(--wp--preset--spacing--x-small);aspect-ratio:2\/3;min-height:unset;\"><img loading=\"lazy\" decoding=\"async\" width=\"640\" height=\"1024\" class=\"wp-block-cover__image-background wp-image-1578 size-large\" alt=\"\" src=\"https:\/\/kymenlaaksonosakunta.fi\/uudetsivut\/wp-content\/uploads\/2025\/04\/cropped-640x1024.jpg\" data-object-fit=\"cover\" srcset=\"https:\/\/kymenlaaksonosakunta.fi\/uudetsivut\/wp-content\/uploads\/2025\/04\/cropped-640x1024.jpg 640w, https:\/\/kymenlaaksonosakunta.fi\/uudetsivut\/wp-content\/uploads\/2025\/04\/cropped-188x300.jpg 188w, https:\/\/kymenlaaksonosakunta.fi\/uudetsivut\/wp-content\/uploads\/2025\/04\/cropped-768x1229.jpg 768w, https:\/\/kymenlaaksonosakunta.fi\/uudetsivut\/wp-content\/uploads\/2025\/04\/cropped.jpg 840w\" sizes=\"auto, (max-width: 640px) 100vw, 640px\" \/><span aria-hidden=\"true\" class=\"wp-block-cover__background has-background-dim\" style=\"background-color:#203852\"><\/span><div class=\"wp-block-cover__inner-container is-layout-flow wp-container-core-cover-is-layout-8ed4229c wp-block-cover-is-layout-flow\">\n<p class=\"has-text-align-center has-text-color has-background has-link-color has-large-font-size wp-elements-85da863ecefe6d4446e82db56d3e026c\" style=\"color:#ffe5b2;background-color:#365475;margin-right:var(--wp--preset--spacing--medium);margin-left:var(--wp--preset--spacing--medium);padding-top:0;padding-right:0;padding-bottom:0;padding-left:0\"><strong>Historia<\/strong><\/p>\n<\/div><\/div>\n<\/a><\/div>\n\n\n\n<div class=\"wp-block-column is-layout-flow wp-block-column-is-layout-flow\" style=\"flex-basis:33.33%\"><a style=\"--color-text:#ffe5b2;\" href=\"https:\/\/kymenlaaksonosakunta.fi\/sv\/jaseneksi\/\"    class=\"wp-block-tiptip-hyperlink-group-block\" >\n<div class=\"wp-block-cover has-aspect-ratio wp-duotone-203852-ffffff-12\" style=\"margin-top:var(--wp--preset--spacing--x-small);margin-bottom:var(--wp--preset--spacing--x-small);padding-top:var(--wp--preset--spacing--x-small);padding-right:var(--wp--preset--spacing--x-small);padding-bottom:var(--wp--preset--spacing--x-small);padding-left:var(--wp--preset--spacing--x-small);aspect-ratio:2\/3;min-height:unset;\"><img loading=\"lazy\" decoding=\"async\" width=\"1024\" height=\"683\" class=\"wp-block-cover__image-background wp-image-1560 size-large\" alt=\"\" src=\"https:\/\/kymenlaaksonosakunta.fi\/uudetsivut\/wp-content\/uploads\/2025\/04\/IMG_5756-1024x683.jpg\" data-object-fit=\"cover\" srcset=\"https:\/\/kymenlaaksonosakunta.fi\/uudetsivut\/wp-content\/uploads\/2025\/04\/IMG_5756-1024x683.jpg 1024w, https:\/\/kymenlaaksonosakunta.fi\/uudetsivut\/wp-content\/uploads\/2025\/04\/IMG_5756-300x200.jpg 300w, https:\/\/kymenlaaksonosakunta.fi\/uudetsivut\/wp-content\/uploads\/2025\/04\/IMG_5756-768x512.jpg 768w, https:\/\/kymenlaaksonosakunta.fi\/uudetsivut\/wp-content\/uploads\/2025\/04\/IMG_5756-1536x1024.jpg 1536w, https:\/\/kymenlaaksonosakunta.fi\/uudetsivut\/wp-content\/uploads\/2025\/04\/IMG_5756-2048x1365.jpg 2048w\" sizes=\"auto, (max-width: 1024px) 100vw, 1024px\" \/><span aria-hidden=\"true\" class=\"wp-block-cover__background has-background-dim\" style=\"background-color:#203852\"><\/span><div class=\"wp-block-cover__inner-container is-layout-flow wp-container-core-cover-is-layout-8ed4229c wp-block-cover-is-layout-flow\">\n<p class=\"has-text-align-center has-text-color has-background has-link-color has-large-font-size wp-elements-5c6ecd911db2d40f8bfbb89ebccf2eb9\" style=\"color:#ffe5b2;background-color:#365475;margin-right:var(--wp--preset--spacing--medium);margin-left:var(--wp--preset--spacing--medium);padding-top:0;padding-right:0;padding-bottom:0;padding-left:0\"><strong>Fukseille<\/strong><\/p>\n<\/div><\/div>\n<\/a><\/div>\n<\/div>\n\n\n\n<div class=\"wp-block-columns is-layout-flex wp-container-core-columns-is-layout-83d8d5f7 wp-block-columns-is-layout-flex\" style=\"padding-top:0;padding-right:0;padding-bottom:0;padding-left:0\">\n<div class=\"wp-block-column is-layout-flow wp-block-column-is-layout-flow\" style=\"flex-basis:100%\"><\/div>\n<\/div>\n\n\n\n<div class=\"wp-block-group  a:link { text-decoration: none; } a:visited a:hover a:active has-white-background-color has-background has-global-padding is-layout-constrained wp-container-core-group-is-layout-2704560f wp-block-group-is-layout-constrained\">\n<div class=\"wp-block-columns is-layout-flex wp-container-core-columns-is-layout-28f84493 wp-block-columns-is-layout-flex\">\n<div class=\"wp-block-column is-layout-flow wp-block-column-is-layout-flow\" style=\"flex-basis:100%\">\n<div class=\"wp-block-columns is-layout-flex wp-container-core-columns-is-layout-28f84493 wp-block-columns-is-layout-flex\">\n<div class=\"wp-block-column is-layout-flow wp-block-column-is-layout-flow\" style=\"flex-basis:100%\">\n<div class=\"wp-block-group alignfull has-global-padding is-layout-constrained wp-block-group-is-layout-constrained\">\n<hr class=\"wp-block-separator has-alpha-channel-opacity\"\/>\n<\/div>\n<\/div>\n<\/div>\n<\/div>\n<\/div>\n<\/div>\n\n\n\n<p class=\"has-link-color wp-elements-e0b5fcf1a933e0a0905ef8953fe61879\" style=\"font-size:clamp(15.747px, 0.984rem + ((1vw - 3.2px) * 0.73), 24px);\">Kiinnostaako Osakunta? Voit tulla mukaan milloin vain ja miss\u00e4 vaiheessa opintojasi tahansa, toimintaa on koko vuoden. Lue lis\u00e4\u00e4 <a href=\"http:\/\/kymenlaaksonosakunta.fi\/sv\/uudetsivut\/jaseneksi\/\">fuksisivuilta<\/a>!<\/p>\n\n\n\n<p style=\"font-size:clamp(15.747px, 0.984rem + ((1vw - 3.2px) * 0.73), 24px);\">KyO toimii&nbsp;Helsingin yliopiston piiriss\u00e4, mutta j\u00e4seneksi voivat liitty\u00e4 kaikkien p\u00e4\u00e4kaupunkiseudun korkeakoulujen opiskelijat opintovuosiin katsomatta. <\/p>\n\n\n\n<p class=\"has-link-color wp-elements-c69b89e9bd982d6ccd6823c1fc64854a\" style=\"font-size:clamp(15.747px, 0.984rem + ((1vw - 3.2px) * 0.73), 24px);\">Muiden kaupunkien korkeakoulujen opiskelija voivat hakea j\u00e4senyytt\u00e4 ottamalla yhteytt\u00e4 Osakunnan <a href=\"mailto:kuraattori@kymenlaaksonosakunta.fi\" data-type=\"mailto\" data-id=\"mailto:kuraattori@kymenlaaksonosakunta.fi\">kuraattoriin<\/a>.<\/p>\n\n\n\n<p><\/p>\n\n\n\n<hr class=\"wp-block-separator has-alpha-channel-opacity\"\/>\n\n\n\n<p><\/p>\n\n\n\n<h2 class=\"wp-block-heading has-text-align-center\">Instagram<\/h2>\n\n\n<style type=\"text\/css\">.zoom-instagram.feed-1735{font-size:14px!important;padding:1px!important;}.zoom-instagram.feed-1735 .zoom-instagram-widget__items{display:grid!important;grid-template-columns:repeat(3,1fr);}.zoom-instagram.feed-1735 .zoom-instagram-widget__items{gap:10px!important;}.zoom-instagram.feed-1735 .wpz-insta-view-on-insta-button{background-color:#203852!important;}<\/style>\n<div class=\"zoom-instagram feed-1735 aligncenter layout-grid columns-3 with-lightbox spacing-10 perpage-3\"><header class=\"zoom-instagram-widget__header\"><div class=\"zoom-instagram-widget__header-column-left\"><img decoding=\"async\" src=\"https:\/\/kymenlaaksonosakunta.fi\/uudetsivut\/wp-content\/uploads\/2025\/04\/312232993_1098535337345783_1384407763803683645_n-150x150.jpg\" alt=\"@kyosakunta\" width=\"70\" \/><\/div><div class=\"zoom-instagram-widget__header-column-right\"><h5 class=\"zoom-instagram-widget__header-name\">Kymenlaakson Osakunta<\/h5><p class=\"zoom-instagram-widget__header-user\"><a href=\"https:\/\/www.instagram.com\/kyosakunta\" target=\"_blank\" rel=\"nofollow\">@kyosakunta<\/a><\/p><div class=\"zoom-instagram-widget__header-bio\">Oot si\u00e4 mei\u00e4n kaa? #kyosakunta<\/div><\/div><\/header><div class=\"zoom-instagram-widget__items-wrapper\"><ul class=\"zoom-instagram-widget__items zoom-instagram-widget__items--no-js layout-grid\" data-layout=\"grid\" data-lightbox=\"1\" data-spacing=\"10\" data-perpage=\"3\"><li class=\"zoom-instagram-widget__item media-icons-normal media-icons-hover date-hover\" data-media-type=\"carousel_album\"><div class=\"zoom-instagram-widget__item-inner-wrap\"><img class=\"zoom-instagram-link zoom-instagram-link-new\"  data-src=\"https:\/\/kymenlaaksonosakunta.fi\/uudetsivut\/wp-content\/uploads\/2025\/04\/669877151_18523212643074481_1012475765053323821_n-593x640.jpg\" data-mfp-src=\"18572218492008948\" width=\"593\" height=\"640\" alt=\"T\u00e4n\u00e4\u00e4n on avattu t\u00e4ydennyshaku osakunnan huikeaan yksi\u00f6\u00f6n \ud83c\udfe1Kuvia asunnosta voit l\u00f6yt\u00e4\u00e4 osakunnan sivuilta ja aiemmasta postauksesta.Laita hakemukset liitteineen osakunnan asuntosihteerille osoitteeseen asuntosihteeri@kymenlaaksonosakunta.fi \ud83d\udc4f\" \/><div class=\"hover-layout zoom-instagram-widget__overlay zoom-instagram-widget__black\"><svg class=\"svg-icon\" shape-rendering=\"geometricPrecision\"><use xlink:href=\"https:\/\/kymenlaaksonosakunta.fi\/uudetsivut\/wp-content\/plugins\/instagram-widget-by-wpzoom\/dist\/images\/frontend\/wpzoom-instagram-icons.svg#carousel_album\"><\/use><\/svg><div class=\"zoom-instagram-date\">2 veckor ago<\/div><div class=\"zoom-instagram-icon-wrap\"><a class=\"zoom-svg-instagram-stroke\" href=\"https:\/\/www.instagram.com\/p\/DXJuNhGAqqN\/\" rel=\"noopener nofollow\" target=\"_blank\" title=\"T\u00e4n\u00e4\u00e4n on avattu t\u00e4ydennyshaku osakunnan huikeaan yksi\u00f6\u00f6n \ud83c\udfe1Kuvia asunnosta voit l\u00f6yt\u00e4\u00e4 osakunnan sivuilta ja aiemmasta postauksesta.Laita hakemukset liitteineen osakunnan asuntosihteerille osoitteeseen asuntosihteeri@kymenlaaksonosakunta.fi \ud83d\udc4f\"><\/a><\/div><a class=\"zoom-instagram-link\" data-src=\"https:\/\/kymenlaaksonosakunta.fi\/uudetsivut\/wp-content\/uploads\/2025\/04\/669877151_18523212643074481_1012475765053323821_n-593x640.jpg\" data-mfp-src=\"18572218492008948\" href=\"https:\/\/www.instagram.com\/p\/DXJuNhGAqqN\/\" target=\"_blank\" rel=\"noopener nofollow\" title=\"T\u00e4n\u00e4\u00e4n on avattu t\u00e4ydennyshaku osakunnan huikeaan yksi\u00f6\u00f6n \ud83c\udfe1Kuvia asunnosta voit l\u00f6yt\u00e4\u00e4 osakunnan sivuilta ja aiemmasta postauksesta.Laita hakemukset liitteineen osakunnan asuntosihteerille osoitteeseen asuntosihteeri@kymenlaaksonosakunta.fi \ud83d\udc4f\"><\/a><\/div><\/div><\/li><li class=\"zoom-instagram-widget__item media-icons-normal media-icons-hover date-hover\" data-media-type=\"carousel_album\"><div class=\"zoom-instagram-widget__item-inner-wrap\"><img class=\"zoom-instagram-link zoom-instagram-link-new\"  data-src=\"https:\/\/kymenlaaksonosakunta.fi\/uudetsivut\/wp-content\/uploads\/2025\/04\/670944466_18523197346074481_5058077784812129520_n-512x640.jpg\" data-mfp-src=\"18077219624539779\" width=\"512\" height=\"640\" alt=\"Keskiviikkona 22.4. oskoa edelt\u00e4\u00e4 jotain j\u00e4nn\u00e4\u00e4, johon si\u00e4kin voit osallistua!Mit\u00e4 t\u00e4\u00e4lt Helsingist Kymenlaakson museoon?Kymenlaakson museo t\u00e4ytt\u00e4\u00e4 vuonna 2027 sata vuotta. Juhlavuoden kunniaksi Kymenlaakson museossa, Merikeskus Vellamossa, avautuu uusi n\u00e4yttely museon satavuotisp\u00e4iv\u00e4n\u00e4 6.11.2027. Juhlavuoden n\u00e4yttelyn sis\u00e4lt\u00f6 ideoidaan yhdess\u00e4 kymenlaaksolaisten kanssa. Kymenlaakson museo on pyyt\u00e4nyt meid\u00e4n osakuntalaisten ajatuksia siit\u00e4, mik\u00e4 on meille arvokasta kotiseudussamme Kymenlaaksossa, milt\u00e4 kymenlaaksolaisuus n\u00e4ytt\u00e4\u00e4 Helsingist\u00e4 k\u00e4sin ja mit\u00e4 toivoisimme aihetta k\u00e4sittelev\u00e4ss\u00e4 museon\u00e4yttelyss\u00e4 esitelt\u00e4v\u00e4n.Tule siis osallistumaan keskusteluun Kymenlaakson museon edustajien kanssa ennen Osakunnan kokousta keskiviikkona 22.4. klo 16.30-18 Casa Academican viidenteen kerrokseen! Mik\u00e4li et p\u00e4\u00e4se paikalle, mutta haluat jakaa ajatuksiasi ja ne v\u00e4litett\u00e4v\u00e4n eteenp\u00e4in Kymenlaakson museolle, voit laittaa mietteit\u00e4si maakuntasihteereille osoitteeseen maakuntasihteeri@kymenlaaksonosakunta.fi.\" \/><div class=\"hover-layout zoom-instagram-widget__overlay zoom-instagram-widget__black\"><svg class=\"svg-icon\" shape-rendering=\"geometricPrecision\"><use xlink:href=\"https:\/\/kymenlaaksonosakunta.fi\/uudetsivut\/wp-content\/plugins\/instagram-widget-by-wpzoom\/dist\/images\/frontend\/wpzoom-instagram-icons.svg#carousel_album\"><\/use><\/svg><div class=\"zoom-instagram-date\">2 veckor ago<\/div><div class=\"zoom-instagram-icon-wrap\"><a class=\"zoom-svg-instagram-stroke\" href=\"https:\/\/www.instagram.com\/p\/DXJgYLSgrNt\/\" rel=\"noopener nofollow\" target=\"_blank\" title=\"Keskiviikkona 22.4. oskoa edelt\u00e4\u00e4 jotain j\u00e4nn\u00e4\u00e4, johon si\u00e4kin voit osallistua!Mit\u00e4 t\u00e4\u00e4lt Helsingist Kymenlaakson museoon?Kymenlaakson museo t\u00e4ytt\u00e4\u00e4 vuonna 2027 sata vuotta. Juhlavuoden kunniaksi Kymenlaakson museossa, Merikeskus Vellamossa, avautuu uusi n\u00e4yttely museon satavuotisp\u00e4iv\u00e4n\u00e4 6.11.2027. Juhlavuoden n\u00e4yttelyn sis\u00e4lt\u00f6 ideoidaan yhdess\u00e4 kymenlaaksolaisten kanssa. Kymenlaakson museo on pyyt\u00e4nyt meid\u00e4n osakuntalaisten ajatuksia siit\u00e4, mik\u00e4 on meille arvokasta kotiseudussamme Kymenlaaksossa, milt\u00e4 kymenlaaksolaisuus n\u00e4ytt\u00e4\u00e4 Helsingist\u00e4 k\u00e4sin ja mit\u00e4 toivoisimme aihetta k\u00e4sittelev\u00e4ss\u00e4 museon\u00e4yttelyss\u00e4 esitelt\u00e4v\u00e4n.Tule siis osallistumaan keskusteluun Kymenlaakson museon edustajien kanssa ennen Osakunnan kokousta keskiviikkona 22.4. klo 16.30-18 Casa Academican viidenteen kerrokseen! Mik\u00e4li et p\u00e4\u00e4se paikalle, mutta haluat jakaa ajatuksiasi ja ne v\u00e4litett\u00e4v\u00e4n eteenp\u00e4in Kymenlaakson museolle, voit laittaa mietteit\u00e4si maakuntasihteereille osoitteeseen maakuntasihteeri@kymenlaaksonosakunta.fi.\"><\/a><\/div><a class=\"zoom-instagram-link\" data-src=\"https:\/\/kymenlaaksonosakunta.fi\/uudetsivut\/wp-content\/uploads\/2025\/04\/670944466_18523197346074481_5058077784812129520_n-512x640.jpg\" data-mfp-src=\"18077219624539779\" href=\"https:\/\/www.instagram.com\/p\/DXJgYLSgrNt\/\" target=\"_blank\" rel=\"noopener nofollow\" title=\"Keskiviikkona 22.4. oskoa edelt\u00e4\u00e4 jotain j\u00e4nn\u00e4\u00e4, johon si\u00e4kin voit osallistua!Mit\u00e4 t\u00e4\u00e4lt Helsingist Kymenlaakson museoon?Kymenlaakson museo t\u00e4ytt\u00e4\u00e4 vuonna 2027 sata vuotta. Juhlavuoden kunniaksi Kymenlaakson museossa, Merikeskus Vellamossa, avautuu uusi n\u00e4yttely museon satavuotisp\u00e4iv\u00e4n\u00e4 6.11.2027. Juhlavuoden n\u00e4yttelyn sis\u00e4lt\u00f6 ideoidaan yhdess\u00e4 kymenlaaksolaisten kanssa. Kymenlaakson museo on pyyt\u00e4nyt meid\u00e4n osakuntalaisten ajatuksia siit\u00e4, mik\u00e4 on meille arvokasta kotiseudussamme Kymenlaaksossa, milt\u00e4 kymenlaaksolaisuus n\u00e4ytt\u00e4\u00e4 Helsingist\u00e4 k\u00e4sin ja mit\u00e4 toivoisimme aihetta k\u00e4sittelev\u00e4ss\u00e4 museon\u00e4yttelyss\u00e4 esitelt\u00e4v\u00e4n.Tule siis osallistumaan keskusteluun Kymenlaakson museon edustajien kanssa ennen Osakunnan kokousta keskiviikkona 22.4. klo 16.30-18 Casa Academican viidenteen kerrokseen! Mik\u00e4li et p\u00e4\u00e4se paikalle, mutta haluat jakaa ajatuksiasi ja ne v\u00e4litett\u00e4v\u00e4n eteenp\u00e4in Kymenlaakson museolle, voit laittaa mietteit\u00e4si maakuntasihteereille osoitteeseen maakuntasihteeri@kymenlaaksonosakunta.fi.\"><\/a><\/div><\/div><\/li><li class=\"zoom-instagram-widget__item media-icons-normal media-icons-hover date-hover\" data-media-type=\"video\"><div class=\"zoom-instagram-widget__item-inner-wrap\"><img class=\"zoom-instagram-link zoom-instagram-link-new\"  data-src=\"https:\/\/kymenlaaksonosakunta.fi\/uudetsivut\/wp-content\/uploads\/2025\/04\/656841569_18519693742074481_5810825396333067491_n-360x640.jpg\" data-mfp-src=\"18058448246449579\" width=\"360\" height=\"640\" alt=\"Aika muistella 28.2. vietetty\u00e4 Kymenlaakson Osakunnan vuosijuhlaa videon muodossa. Bongaatko si\u00e4 itsesi videolta? \ud83e\udd2d\" \/><div class=\"hover-layout zoom-instagram-widget__overlay zoom-instagram-widget__black\"><svg class=\"svg-icon\" shape-rendering=\"geometricPrecision\"><use xlink:href=\"https:\/\/kymenlaaksonosakunta.fi\/uudetsivut\/wp-content\/plugins\/instagram-widget-by-wpzoom\/dist\/images\/frontend\/wpzoom-instagram-icons.svg#video\"><\/use><\/svg><div class=\"zoom-instagram-date\">4 veckor ago<\/div><div class=\"zoom-instagram-icon-wrap\"><a class=\"zoom-svg-instagram-stroke\" href=\"https:\/\/www.instagram.com\/reel\/DWi2PHFgmpb\/\" rel=\"noopener nofollow\" target=\"_blank\" title=\"Aika muistella 28.2. vietetty\u00e4 Kymenlaakson Osakunnan vuosijuhlaa videon muodossa. Bongaatko si\u00e4 itsesi videolta? \ud83e\udd2d\"><\/a><\/div><a class=\"zoom-instagram-link\" data-src=\"https:\/\/kymenlaaksonosakunta.fi\/uudetsivut\/wp-content\/uploads\/2025\/04\/656841569_18519693742074481_5810825396333067491_n-360x640.jpg\" data-mfp-src=\"18058448246449579\" href=\"https:\/\/www.instagram.com\/reel\/DWi2PHFgmpb\/\" target=\"_blank\" rel=\"noopener nofollow\" title=\"Aika muistella 28.2. vietetty\u00e4 Kymenlaakson Osakunnan vuosijuhlaa videon muodossa. Bongaatko si\u00e4 itsesi videolta? \ud83e\udd2d\"><\/a><\/div><\/div><\/li><li class=\"zoom-instagram-widget__item media-icons-normal media-icons-hover date-hover\" data-media-type=\"carousel_album\"><div class=\"zoom-instagram-widget__item-inner-wrap\"><img class=\"zoom-instagram-link zoom-instagram-link-new\"  data-src=\"https:\/\/kymenlaaksonosakunta.fi\/uudetsivut\/wp-content\/uploads\/2025\/04\/657737021_18519567445074481_3925114101727348697_n-512x640.jpg\" data-mfp-src=\"18094114373113432\" width=\"512\" height=\"640\" alt=\"KyO:n ja KO:n silliksill\u00e4 oli tunnelmaa 1.3., kiitos sponsoreiden! Nesteytyksest\u00e4 huolehti @bramhults_fi , maittavasta aamupalasta KO:n em\u00e4nnist\u00f6 ja j\u00e4lkiruoasta @friiduicecream maailman parhaimmilla j\u00e4\u00e4tel\u00f6ill\u00e4\u00e4n. Kyll\u00e4 oli tyytyv\u00e4ist\u00e4 silliskansaa paikalla!Kilpailuvietin ja hymyn suulle takasi @kaalimatocom huolehtimalla bingomme palkinnoista.Super iso kiitos yhteisty\u00f6st\u00e4 kaikille \ud83d\udca5\ud83c\udf67\ud83e\udd64\" \/><div class=\"hover-layout zoom-instagram-widget__overlay zoom-instagram-widget__black\"><svg class=\"svg-icon\" shape-rendering=\"geometricPrecision\"><use xlink:href=\"https:\/\/kymenlaaksonosakunta.fi\/uudetsivut\/wp-content\/plugins\/instagram-widget-by-wpzoom\/dist\/images\/frontend\/wpzoom-instagram-icons.svg#carousel_album\"><\/use><\/svg><div class=\"zoom-instagram-date\">4 veckor ago<\/div><div class=\"zoom-instagram-icon-wrap\"><a class=\"zoom-svg-instagram-stroke\" href=\"https:\/\/www.instagram.com\/p\/DWhEJIYgveG\/\" rel=\"noopener nofollow\" target=\"_blank\" title=\"KyO:n ja KO:n silliksill\u00e4 oli tunnelmaa 1.3., kiitos sponsoreiden! Nesteytyksest\u00e4 huolehti @bramhults_fi , maittavasta aamupalasta KO:n em\u00e4nnist\u00f6 ja j\u00e4lkiruoasta @friiduicecream maailman parhaimmilla j\u00e4\u00e4tel\u00f6ill\u00e4\u00e4n. Kyll\u00e4 oli tyytyv\u00e4ist\u00e4 silliskansaa paikalla!Kilpailuvietin ja hymyn suulle takasi @kaalimatocom huolehtimalla bingomme palkinnoista.Super iso kiitos yhteisty\u00f6st\u00e4 kaikille \ud83d\udca5\ud83c\udf67\ud83e\udd64\"><\/a><\/div><a class=\"zoom-instagram-link\" data-src=\"https:\/\/kymenlaaksonosakunta.fi\/uudetsivut\/wp-content\/uploads\/2025\/04\/657737021_18519567445074481_3925114101727348697_n-512x640.jpg\" data-mfp-src=\"18094114373113432\" href=\"https:\/\/www.instagram.com\/p\/DWhEJIYgveG\/\" target=\"_blank\" rel=\"noopener nofollow\" title=\"KyO:n ja KO:n silliksill\u00e4 oli tunnelmaa 1.3., kiitos sponsoreiden! Nesteytyksest\u00e4 huolehti @bramhults_fi , maittavasta aamupalasta KO:n em\u00e4nnist\u00f6 ja j\u00e4lkiruoasta @friiduicecream maailman parhaimmilla j\u00e4\u00e4tel\u00f6ill\u00e4\u00e4n. Kyll\u00e4 oli tyytyv\u00e4ist\u00e4 silliskansaa paikalla!Kilpailuvietin ja hymyn suulle takasi @kaalimatocom huolehtimalla bingomme palkinnoista.Super iso kiitos yhteisty\u00f6st\u00e4 kaikille \ud83d\udca5\ud83c\udf67\ud83e\udd64\"><\/a><\/div><\/div><\/li><li class=\"zoom-instagram-widget__item media-icons-normal media-icons-hover date-hover\" data-media-id=\"18172248880400532\"data-nonce=\"0d6095142c\"data-regenerate-thumbnails=\"1\"data-media-type=\"image\"><div class=\"zoom-instagram-widget__item-inner-wrap\"><img class=\"zoom-instagram-link zoom-instagram-link-new\"  data-src=\"https:\/\/scontent-hel3-1.cdninstagram.com\/v\/t51.82787-15\/656480972_18518732311074481_1398733067053493842_n.heic?stp=dst-jpg_e35_tt6&#038;_nc_cat=102&#038;ccb=7-5&#038;_nc_sid=18de74&#038;efg=eyJlZmdfdGFnIjoiRkVFRC5iZXN0X2ltYWdlX3VybGdlbi5DMyJ9&#038;_nc_ohc=KVz0DNRT8zAQ7kNvwEQqfuG&#038;_nc_oc=Adpntj6a4Yz-OMwI5P9vcavf9ONxWwUgdNqK07n5SrwC3UYbDk8p9nYrs9jeDh_Aa_0&#038;_nc_zt=23&#038;_nc_ht=scontent-hel3-1.cdninstagram.com&#038;edm=ANo9K5cEAAAA&#038;_nc_gid=bkzYuGZE76WtysRZ0MioqA&#038;_nc_tpa=Q5bMBQHuQWpIH_O-Wphtd6TvkvxG1YbnwHXzpMEX7dAB6Aa6ibDZuaAPzFtqcejInZgk-y98LFiMuPWL&#038;oh=00_Af1qT8Oa41vOwr4O0diUscLAL4C57n5gSkMyQcSUI3Ec4w&#038;oe=69F548F7\" data-mfp-src=\"18172248880400532\" width=\"1152\" height=\"1440\" alt=\"\ud83c\udff9 KO x KyO vuorottelujuhla presents: Keskiaikasitsit! \u2694\ufe0fTervetuloa mukaan juhlimaan Karjalaisen Osakunnan ja Kymenlaakson Osakunnan keskiaika-teemaista vuorottelujuhlaa lauantaina 4.4.2026!Juhla j\u00e4rjestet\u00e4\u00e4n osakuntien uusissa tiloissa Casa Academican viidenness\u00e4 kerroksessa, osoitteessa Hietaniemenkatu 7. Aloitamme juhlan klo 18.00 cocktail-tilaisuudella ja p\u00f6ytiin siirryt\u00e4\u00e4n klo 18.30.Juhlan j\u00e4rjest\u00e4j\u00e4t toivottavat juhlaan tervetulleeksi karjalaisten ja kym\u00e4l\u00e4isten lis\u00e4ksi my\u00f6s muiden osakuntien j\u00e4senet!Juhlan pukukoodina toimii keskiaika tai vaihtoehtoisesti smart casual. Kannustamme k\u00e4ytt\u00e4m\u00e4\u00e4n luovuutta teemapukeutumisen suhteen, ottamatta asiasta kuitenkaan paineita!Juhlan hinta on 14\u20ac ja se maksetaan paikan p\u00e4\u00e4ll\u00e4 k\u00e4teisell\u00e4.Ilmoittautuminen p\u00e4\u00e4ttyy tiistaina 31.3.2026 klo 23.59. Ilmoittautumisen sulkeuduttua, on ilmoittautumisesi sitova.Lis\u00e4\u00e4 tietoa juhlasta ja ilmoittautuminen seuraavan linkin takaa: https:\/\/bit.ly\/vuorottelu26\ud83e\udd54\ud83e\uddc5\ud83e\udd55Mit\u00e4? KO + KyO vuorottelujuhla keskiaika-teemalla!Miss\u00e4? Osakunnan uusissa tiloissa Casa Academican 5. kerroksessa (Hietaniemenkatu 7)Milloin? Lauantaina 4.4.2026 klo 18.00 alkaenMiksi? Rakkaiden yst\u00e4vien kanssa on t\u00e4rke\u00e4\u00e4 viett\u00e4\u00e4 aikaa! &lt;3\" \/><div class=\"hover-layout zoom-instagram-widget__overlay zoom-instagram-widget__black\"><div class=\"zoom-instagram-date\">1 m\u00e5nad ago<\/div><div class=\"zoom-instagram-icon-wrap\"><a class=\"zoom-svg-instagram-stroke\" href=\"https:\/\/www.instagram.com\/p\/DWW99-RgsTd\/\" rel=\"noopener nofollow\" target=\"_blank\" title=\"\ud83c\udff9 KO x KyO vuorottelujuhla presents: Keskiaikasitsit! \u2694\ufe0fTervetuloa mukaan juhlimaan Karjalaisen Osakunnan ja Kymenlaakson Osakunnan keskiaika-teemaista vuorottelujuhlaa lauantaina 4.4.2026!Juhla j\u00e4rjestet\u00e4\u00e4n osakuntien uusissa tiloissa Casa Academican viidenness\u00e4 kerroksessa, osoitteessa Hietaniemenkatu 7. Aloitamme juhlan klo 18.00 cocktail-tilaisuudella ja p\u00f6ytiin siirryt\u00e4\u00e4n klo 18.30.Juhlan j\u00e4rjest\u00e4j\u00e4t toivottavat juhlaan tervetulleeksi karjalaisten ja kym\u00e4l\u00e4isten lis\u00e4ksi my\u00f6s muiden osakuntien j\u00e4senet!Juhlan pukukoodina toimii keskiaika tai vaihtoehtoisesti smart casual. Kannustamme k\u00e4ytt\u00e4m\u00e4\u00e4n luovuutta teemapukeutumisen suhteen, ottamatta asiasta kuitenkaan paineita!Juhlan hinta on 14\u20ac ja se maksetaan paikan p\u00e4\u00e4ll\u00e4 k\u00e4teisell\u00e4.Ilmoittautuminen p\u00e4\u00e4ttyy tiistaina 31.3.2026 klo 23.59. Ilmoittautumisen sulkeuduttua, on ilmoittautumisesi sitova.Lis\u00e4\u00e4 tietoa juhlasta ja ilmoittautuminen seuraavan linkin takaa: https:\/\/bit.ly\/vuorottelu26\ud83e\udd54\ud83e\uddc5\ud83e\udd55Mit\u00e4? KO + KyO vuorottelujuhla keskiaika-teemalla!Miss\u00e4? Osakunnan uusissa tiloissa Casa Academican 5. kerroksessa (Hietaniemenkatu 7)Milloin? Lauantaina 4.4.2026 klo 18.00 alkaenMiksi? Rakkaiden yst\u00e4vien kanssa on t\u00e4rke\u00e4\u00e4 viett\u00e4\u00e4 aikaa! &lt;3\"><\/a><\/div><a class=\"zoom-instagram-link\" data-src=\"https:\/\/scontent-hel3-1.cdninstagram.com\/v\/t51.82787-15\/656480972_18518732311074481_1398733067053493842_n.heic?stp=dst-jpg_e35_tt6&#038;_nc_cat=102&#038;ccb=7-5&#038;_nc_sid=18de74&#038;efg=eyJlZmdfdGFnIjoiRkVFRC5iZXN0X2ltYWdlX3VybGdlbi5DMyJ9&#038;_nc_ohc=KVz0DNRT8zAQ7kNvwEQqfuG&#038;_nc_oc=Adpntj6a4Yz-OMwI5P9vcavf9ONxWwUgdNqK07n5SrwC3UYbDk8p9nYrs9jeDh_Aa_0&#038;_nc_zt=23&#038;_nc_ht=scontent-hel3-1.cdninstagram.com&#038;edm=ANo9K5cEAAAA&#038;_nc_gid=bkzYuGZE76WtysRZ0MioqA&#038;_nc_tpa=Q5bMBQHuQWpIH_O-Wphtd6TvkvxG1YbnwHXzpMEX7dAB6Aa6ibDZuaAPzFtqcejInZgk-y98LFiMuPWL&#038;oh=00_Af1qT8Oa41vOwr4O0diUscLAL4C57n5gSkMyQcSUI3Ec4w&#038;oe=69F548F7\" data-mfp-src=\"18172248880400532\" href=\"https:\/\/www.instagram.com\/p\/DWW99-RgsTd\/\" target=\"_blank\" rel=\"noopener nofollow\" title=\"\ud83c\udff9 KO x KyO vuorottelujuhla presents: Keskiaikasitsit! \u2694\ufe0fTervetuloa mukaan juhlimaan Karjalaisen Osakunnan ja Kymenlaakson Osakunnan keskiaika-teemaista vuorottelujuhlaa lauantaina 4.4.2026!Juhla j\u00e4rjestet\u00e4\u00e4n osakuntien uusissa tiloissa Casa Academican viidenness\u00e4 kerroksessa, osoitteessa Hietaniemenkatu 7. Aloitamme juhlan klo 18.00 cocktail-tilaisuudella ja p\u00f6ytiin siirryt\u00e4\u00e4n klo 18.30.Juhlan j\u00e4rjest\u00e4j\u00e4t toivottavat juhlaan tervetulleeksi karjalaisten ja kym\u00e4l\u00e4isten lis\u00e4ksi my\u00f6s muiden osakuntien j\u00e4senet!Juhlan pukukoodina toimii keskiaika tai vaihtoehtoisesti smart casual. Kannustamme k\u00e4ytt\u00e4m\u00e4\u00e4n luovuutta teemapukeutumisen suhteen, ottamatta asiasta kuitenkaan paineita!Juhlan hinta on 14\u20ac ja se maksetaan paikan p\u00e4\u00e4ll\u00e4 k\u00e4teisell\u00e4.Ilmoittautuminen p\u00e4\u00e4ttyy tiistaina 31.3.2026 klo 23.59. Ilmoittautumisen sulkeuduttua, on ilmoittautumisesi sitova.Lis\u00e4\u00e4 tietoa juhlasta ja ilmoittautuminen seuraavan linkin takaa: https:\/\/bit.ly\/vuorottelu26\ud83e\udd54\ud83e\uddc5\ud83e\udd55Mit\u00e4? KO + KyO vuorottelujuhla keskiaika-teemalla!Miss\u00e4? Osakunnan uusissa tiloissa Casa Academican 5. kerroksessa (Hietaniemenkatu 7)Milloin? Lauantaina 4.4.2026 klo 18.00 alkaenMiksi? Rakkaiden yst\u00e4vien kanssa on t\u00e4rke\u00e4\u00e4 viett\u00e4\u00e4 aikaa! &lt;3\"><\/a><\/div><\/div><\/li><li class=\"zoom-instagram-widget__item media-icons-normal media-icons-hover date-hover\" data-media-type=\"carousel_album\"><div class=\"zoom-instagram-widget__item-inner-wrap\"><img class=\"zoom-instagram-link zoom-instagram-link-new\"  data-src=\"https:\/\/kymenlaaksonosakunta.fi\/uudetsivut\/wp-content\/uploads\/2025\/04\/658424966_18518604910074481_7952940173245598263_n-512x640.jpg\" data-mfp-src=\"17991291314776157\" width=\"512\" height=\"640\" alt=\"CIVIKSET HEREILL\u00c4? \ud83c\udfe2 Asuntohaku 26 neli\u00f6n yksi\u00f6\u00f6n ja 38 neli\u00f6n kaksioon ovat auki seuraavat kaksi viikkoa! Hae siis asuntoa 9.4. menness\u00e4. Hakulomakkeen l\u00f6yd\u00e4t Osakuntamme nettisivuilta, josta l\u00f6ytyy my\u00f6s lis\u00e4tietoa tarvittaessa.Suosittelemme olemaan ripe\u00e4, koska asuntojen m\u00e4\u00e4r\u00e4 on rajattu \ud83d\udcaf Kysymykset ja hakemus l\u00e4hetet\u00e4\u00e4n osoitteeseen asuntosihteeri@kymenlaaksonosakunta.fi\" \/><div class=\"hover-layout zoom-instagram-widget__overlay zoom-instagram-widget__black\"><svg class=\"svg-icon\" shape-rendering=\"geometricPrecision\"><use xlink:href=\"https:\/\/kymenlaaksonosakunta.fi\/uudetsivut\/wp-content\/plugins\/instagram-widget-by-wpzoom\/dist\/images\/frontend\/wpzoom-instagram-icons.svg#carousel_album\"><\/use><\/svg><div class=\"zoom-instagram-date\">1 m\u00e5nad ago<\/div><div class=\"zoom-instagram-icon-wrap\"><a class=\"zoom-svg-instagram-stroke\" href=\"https:\/\/www.instagram.com\/p\/DWVmOmGgka5\/\" rel=\"noopener nofollow\" target=\"_blank\" title=\"CIVIKSET HEREILL\u00c4? \ud83c\udfe2 Asuntohaku 26 neli\u00f6n yksi\u00f6\u00f6n ja 38 neli\u00f6n kaksioon ovat auki seuraavat kaksi viikkoa! Hae siis asuntoa 9.4. menness\u00e4. Hakulomakkeen l\u00f6yd\u00e4t Osakuntamme nettisivuilta, josta l\u00f6ytyy my\u00f6s lis\u00e4tietoa tarvittaessa.Suosittelemme olemaan ripe\u00e4, koska asuntojen m\u00e4\u00e4r\u00e4 on rajattu \ud83d\udcaf Kysymykset ja hakemus l\u00e4hetet\u00e4\u00e4n osoitteeseen asuntosihteeri@kymenlaaksonosakunta.fi\"><\/a><\/div><a class=\"zoom-instagram-link\" data-src=\"https:\/\/kymenlaaksonosakunta.fi\/uudetsivut\/wp-content\/uploads\/2025\/04\/658424966_18518604910074481_7952940173245598263_n-512x640.jpg\" data-mfp-src=\"17991291314776157\" href=\"https:\/\/www.instagram.com\/p\/DWVmOmGgka5\/\" target=\"_blank\" rel=\"noopener nofollow\" title=\"CIVIKSET HEREILL\u00c4? \ud83c\udfe2 Asuntohaku 26 neli\u00f6n yksi\u00f6\u00f6n ja 38 neli\u00f6n kaksioon ovat auki seuraavat kaksi viikkoa! Hae siis asuntoa 9.4. menness\u00e4. Hakulomakkeen l\u00f6yd\u00e4t Osakuntamme nettisivuilta, josta l\u00f6ytyy my\u00f6s lis\u00e4tietoa tarvittaessa.Suosittelemme olemaan ripe\u00e4, koska asuntojen m\u00e4\u00e4r\u00e4 on rajattu \ud83d\udcaf Kysymykset ja hakemus l\u00e4hetet\u00e4\u00e4n osoitteeseen asuntosihteeri@kymenlaaksonosakunta.fi\"><\/a><\/div><\/div><\/li><li class=\"zoom-instagram-widget__item media-icons-normal media-icons-hover date-hover\" data-media-type=\"carousel_album\"><div class=\"zoom-instagram-widget__item-inner-wrap\"><img class=\"zoom-instagram-link zoom-instagram-link-new\"  data-src=\"https:\/\/kymenlaaksonosakunta.fi\/uudetsivut\/wp-content\/uploads\/2025\/04\/654860283_18517980853074481_7701561233927070827_n-640x640.jpg\" data-mfp-src=\"17904124188223929\" width=\"640\" height=\"640\" alt=\"Liput saavuttivat uuden kotimme eilen juhlavan lippukulkueen matkatessa \ud83c\udff3 Kymenlaakson Osakunnan lopullista muuttoa ollaan ahkerasti valmisteltu jo pitk\u00e4n aikaa. Loppuhuipentumana on pakkaaminen, jonka parissa osakuntalaiset ovat viett\u00e4neet kunniallisesti aikaa koko menneen viikon ajan - hienoa ty\u00f6t\u00e4 \ud83e\udef6Viel\u00e4 viimeiset rutistukset ja kohta alkaa uusi aikakausi, josta p\u00e4\u00e4semme nauttimaan!\" \/><div class=\"hover-layout zoom-instagram-widget__overlay zoom-instagram-widget__black\"><svg class=\"svg-icon\" shape-rendering=\"geometricPrecision\"><use xlink:href=\"https:\/\/kymenlaaksonosakunta.fi\/uudetsivut\/wp-content\/plugins\/instagram-widget-by-wpzoom\/dist\/images\/frontend\/wpzoom-instagram-icons.svg#carousel_album\"><\/use><\/svg><div class=\"zoom-instagram-date\">1 m\u00e5nad ago<\/div><div class=\"zoom-instagram-icon-wrap\"><a class=\"zoom-svg-instagram-stroke\" href=\"https:\/\/www.instagram.com\/p\/DWOsDxHghBa\/\" rel=\"noopener nofollow\" target=\"_blank\" title=\"Liput saavuttivat uuden kotimme eilen juhlavan lippukulkueen matkatessa \ud83c\udff3 Kymenlaakson Osakunnan lopullista muuttoa ollaan ahkerasti valmisteltu jo pitk\u00e4n aikaa. Loppuhuipentumana on pakkaaminen, jonka parissa osakuntalaiset ovat viett\u00e4neet kunniallisesti aikaa koko menneen viikon ajan - hienoa ty\u00f6t\u00e4 \ud83e\udef6Viel\u00e4 viimeiset rutistukset ja kohta alkaa uusi aikakausi, josta p\u00e4\u00e4semme nauttimaan!\"><\/a><\/div><a class=\"zoom-instagram-link\" data-src=\"https:\/\/kymenlaaksonosakunta.fi\/uudetsivut\/wp-content\/uploads\/2025\/04\/654860283_18517980853074481_7701561233927070827_n-640x640.jpg\" data-mfp-src=\"17904124188223929\" href=\"https:\/\/www.instagram.com\/p\/DWOsDxHghBa\/\" target=\"_blank\" rel=\"noopener nofollow\" title=\"Liput saavuttivat uuden kotimme eilen juhlavan lippukulkueen matkatessa \ud83c\udff3 Kymenlaakson Osakunnan lopullista muuttoa ollaan ahkerasti valmisteltu jo pitk\u00e4n aikaa. Loppuhuipentumana on pakkaaminen, jonka parissa osakuntalaiset ovat viett\u00e4neet kunniallisesti aikaa koko menneen viikon ajan - hienoa ty\u00f6t\u00e4 \ud83e\udef6Viel\u00e4 viimeiset rutistukset ja kohta alkaa uusi aikakausi, josta p\u00e4\u00e4semme nauttimaan!\"><\/a><\/div><\/div><\/li><li class=\"zoom-instagram-widget__item media-icons-normal media-icons-hover date-hover\" data-media-type=\"carousel_album\"><div class=\"zoom-instagram-widget__item-inner-wrap\"><img class=\"zoom-instagram-link zoom-instagram-link-new\"  data-src=\"https:\/\/kymenlaaksonosakunta.fi\/uudetsivut\/wp-content\/uploads\/2025\/04\/655226236_18516468529074481_1466564109226581075_n.jpg\" data-mfp-src=\"18094569836087965\" width=\"433\" height=\"577\" alt=\"Meid\u00e4n osakuntakoiramme Voikku sai vihdoin v\u00e4rit!T\u00e4\u00e4 todistaa kuinka KyOtaan voi tulla kuka vaan just sellasena kun on \ud83e\udd0d\ud83e\ude76\ud83d\udda4\" \/><div class=\"hover-layout zoom-instagram-widget__overlay zoom-instagram-widget__black\"><svg class=\"svg-icon\" shape-rendering=\"geometricPrecision\"><use xlink:href=\"https:\/\/kymenlaaksonosakunta.fi\/uudetsivut\/wp-content\/plugins\/instagram-widget-by-wpzoom\/dist\/images\/frontend\/wpzoom-instagram-icons.svg#carousel_album\"><\/use><\/svg><div class=\"zoom-instagram-date\">1 m\u00e5nad ago<\/div><div class=\"zoom-instagram-icon-wrap\"><a class=\"zoom-svg-instagram-stroke\" href=\"https:\/\/www.instagram.com\/p\/DWCWyKogrGs\/\" rel=\"noopener nofollow\" target=\"_blank\" title=\"Meid\u00e4n osakuntakoiramme Voikku sai vihdoin v\u00e4rit!T\u00e4\u00e4 todistaa kuinka KyOtaan voi tulla kuka vaan just sellasena kun on \ud83e\udd0d\ud83e\ude76\ud83d\udda4\"><\/a><\/div><a class=\"zoom-instagram-link\" data-src=\"https:\/\/kymenlaaksonosakunta.fi\/uudetsivut\/wp-content\/uploads\/2025\/04\/655226236_18516468529074481_1466564109226581075_n.jpg\" data-mfp-src=\"18094569836087965\" href=\"https:\/\/www.instagram.com\/p\/DWCWyKogrGs\/\" target=\"_blank\" rel=\"noopener nofollow\" title=\"Meid\u00e4n osakuntakoiramme Voikku sai vihdoin v\u00e4rit!T\u00e4\u00e4 todistaa kuinka KyOtaan voi tulla kuka vaan just sellasena kun on \ud83e\udd0d\ud83e\ude76\ud83d\udda4\"><\/a><\/div><\/div><\/li><li class=\"zoom-instagram-widget__item media-icons-normal media-icons-hover date-hover\" data-media-type=\"carousel_album\"><div class=\"zoom-instagram-widget__item-inner-wrap\"><img class=\"zoom-instagram-link zoom-instagram-link-new\"  data-src=\"https:\/\/kymenlaaksonosakunta.fi\/uudetsivut\/wp-content\/uploads\/2025\/04\/651009655_18515509189074481_8823813971521218141_n-512x640.jpg\" data-mfp-src=\"18094022555475932\" width=\"512\" height=\"640\" alt=\"Yst\u00e4vyyksi\u00e4 vaalien j\u00e4rjest\u00e4mme vuorottelujuhlan huhtikuussa! Etsimme t\u00e4ss\u00e4 vaiheessa j\u00e4rjest\u00e4ji\u00e4, joten tarkasta oman osakuntasi tiedotuksesta tai kysy toimareilta kuinka p\u00e4\u00e4set j\u00e4rjest\u00e4jien wa-ryhm\u00e4\u00e4n.\" \/><div class=\"hover-layout zoom-instagram-widget__overlay zoom-instagram-widget__black\"><svg class=\"svg-icon\" shape-rendering=\"geometricPrecision\"><use xlink:href=\"https:\/\/kymenlaaksonosakunta.fi\/uudetsivut\/wp-content\/plugins\/instagram-widget-by-wpzoom\/dist\/images\/frontend\/wpzoom-instagram-icons.svg#carousel_album\"><\/use><\/svg><div class=\"zoom-instagram-date\">1 m\u00e5nad ago<\/div><div class=\"zoom-instagram-icon-wrap\"><a class=\"zoom-svg-instagram-stroke\" href=\"https:\/\/www.instagram.com\/p\/DV4GZR2go9w\/\" rel=\"noopener nofollow\" target=\"_blank\" title=\"Yst\u00e4vyyksi\u00e4 vaalien j\u00e4rjest\u00e4mme vuorottelujuhlan huhtikuussa! Etsimme t\u00e4ss\u00e4 vaiheessa j\u00e4rjest\u00e4ji\u00e4, joten tarkasta oman osakuntasi tiedotuksesta tai kysy toimareilta kuinka p\u00e4\u00e4set j\u00e4rjest\u00e4jien wa-ryhm\u00e4\u00e4n.\"><\/a><\/div><a class=\"zoom-instagram-link\" data-src=\"https:\/\/kymenlaaksonosakunta.fi\/uudetsivut\/wp-content\/uploads\/2025\/04\/651009655_18515509189074481_8823813971521218141_n-512x640.jpg\" data-mfp-src=\"18094022555475932\" href=\"https:\/\/www.instagram.com\/p\/DV4GZR2go9w\/\" target=\"_blank\" rel=\"noopener nofollow\" title=\"Yst\u00e4vyyksi\u00e4 vaalien j\u00e4rjest\u00e4mme vuorottelujuhlan huhtikuussa! Etsimme t\u00e4ss\u00e4 vaiheessa j\u00e4rjest\u00e4ji\u00e4, joten tarkasta oman osakuntasi tiedotuksesta tai kysy toimareilta kuinka p\u00e4\u00e4set j\u00e4rjest\u00e4jien wa-ryhm\u00e4\u00e4n.\"><\/a><\/div><\/div><\/li><\/ul><\/div><div class=\"zoom-instagram-widget__footer\"><a href=\"https:\/\/www.instagram.com\/kyosakunta\" target=\"_blank\" rel=\"noopener nofollow\" class=\"wpz-button wpz-button-primary wpz-insta-view-on-insta-button\"><span class=\"button-icon zoom-svg-instagram-stroke\"><\/span> Katso lis\u00e4\u00e4 Instagramissa<\/a><\/div><div class=\"wpz-insta-lightbox-wrapper mfp-hide\"><div class=\"swiper\"><div class=\"swiper-wrapper\"><div data-uid=\"18572218492008948\" class=\"swiper-slide wpz-insta-lightbox-item\"><div class=\"wpz-insta-lightbox\"><div class=\"image-wrapper\"><div class=\"swiper\" style=\"height: 100%;\"><div class=\"swiper-wrapper wpz-insta-album-images\"><div class=\"swiper-slide wpz-insta-album-image\" data-media-type=\"image\"><img class=\"wpzoom-swiper-image swiper-lazy\" data-src=\"https:\/\/scontent-hel3-1.cdninstagram.com\/v\/t51.82787-15\/669877151_18523212643074481_1012475765053323821_n.jpg?stp=dst-jpg_e35_tt6&#038;_nc_cat=108&#038;ccb=7-5&#038;_nc_sid=18de74&#038;efg=eyJlZmdfdGFnIjoiQ0FST1VTRUxfSVRFTS5iZXN0X2ltYWdlX3VybGdlbi5DMyJ9&#038;_nc_ohc=KlSIVvfgVGMQ7kNvwGrcFCl&#038;_nc_oc=AdpmNfNOd5GuDvYwIw_uyNOSjCoHQvX1LvTZOgsF_RBhEs5eQjixHNBzTNXasOk0CX4&#038;_nc_zt=23&#038;_nc_ht=scontent-hel3-1.cdninstagram.com&#038;edm=ANo9K5cEAAAA&#038;_nc_gid=bkzYuGZE76WtysRZ0MioqA&#038;_nc_tpa=Q5bMBQEz6Ux5vjBoQkwT07kL042qX4wTJ80XinBVpR4znKoMcEdDl-kkX0VWmeVTscfXPaLD37dE2yE9&#038;oh=00_Af0rBXS19WxCS99-nk5ErHh3qw2Oaa9MyK1oZbmwb8FITA&#038;oe=69F5337F\" alt=\"T\u00e4n\u00e4\u00e4n on avattu t\u00e4ydennyshaku osakunnan huikeaan yksi\u00f6\u00f6n \ud83c\udfe1Kuvia asunnosta voit l\u00f6yt\u00e4\u00e4 osakunnan sivuilta ja aiemmasta postauksesta.Laita hakemukset liitteineen osakunnan asuntosihteerille osoitteeseen asuntosihteeri@kymenlaaksonosakunta.fi \ud83d\udc4f\"\/><div class=\"swiper-lazy-preloader swiper-lazy-preloader-white\"><\/div><\/div><div class=\"swiper-slide wpz-insta-album-image\" data-media-type=\"image\"><img class=\"wpzoom-swiper-image swiper-lazy\" data-src=\"https:\/\/scontent-hel3-1.cdninstagram.com\/v\/t51.82787-15\/671153394_18523212646074481_8919065072743588447_n.jpg?stp=dst-jpg_e35_tt6&#038;_nc_cat=102&#038;ccb=7-5&#038;_nc_sid=18de74&#038;efg=eyJlZmdfdGFnIjoiQ0FST1VTRUxfSVRFTS5iZXN0X2ltYWdlX3VybGdlbi5DMyJ9&#038;_nc_ohc=vrViBCjnwaMQ7kNvwEIPFQ-&#038;_nc_oc=AdpCwTxEU0FusZir-IUWpL4P9X71EsmvFr4Pj_O08h7KgBiu2xwjWW94IWBZ4cIepWg&#038;_nc_zt=23&#038;_nc_ht=scontent-hel3-1.cdninstagram.com&#038;edm=ANo9K5cEAAAA&#038;_nc_gid=bkzYuGZE76WtysRZ0MioqA&#038;_nc_tpa=Q5bMBQHmrt5xzPK2x9cejVstes5j2vb9vacqMPh_WaGzXVDay7Ea3wchO97V4yJAPpxVWc0Ns-hPUJry&#038;oh=00_Af2ylqs_ZnSKcFeM4gHwMBZyoXchYIHVICBmi6xcwP8kTw&#038;oe=69F51D43\" alt=\"T\u00e4n\u00e4\u00e4n on avattu t\u00e4ydennyshaku osakunnan huikeaan yksi\u00f6\u00f6n \ud83c\udfe1Kuvia asunnosta voit l\u00f6yt\u00e4\u00e4 osakunnan sivuilta ja aiemmasta postauksesta.Laita hakemukset liitteineen osakunnan asuntosihteerille osoitteeseen asuntosihteeri@kymenlaaksonosakunta.fi \ud83d\udc4f\"\/><div class=\"swiper-lazy-preloader swiper-lazy-preloader-white\"><\/div><\/div><div class=\"swiper-slide wpz-insta-album-image\" data-media-type=\"image\"><img class=\"wpzoom-swiper-image swiper-lazy\" data-src=\"https:\/\/scontent-hel3-1.cdninstagram.com\/v\/t51.82787-15\/670418245_18523212634074481_8900212196014982847_n.jpg?stp=dst-jpg_e35_tt6&#038;_nc_cat=107&#038;ccb=7-5&#038;_nc_sid=18de74&#038;efg=eyJlZmdfdGFnIjoiQ0FST1VTRUxfSVRFTS5iZXN0X2ltYWdlX3VybGdlbi5DMyJ9&#038;_nc_ohc=BnCrEx840XwQ7kNvwFFtiW8&#038;_nc_oc=AdonU3USz3zyZtYGQGfbjsi1rItcJX0bWPvbSdTQO1cW2G16XYEdyZqB8ATHaNCDLA8&#038;_nc_zt=23&#038;_nc_ht=scontent-hel3-1.cdninstagram.com&#038;edm=ANo9K5cEAAAA&#038;_nc_gid=bkzYuGZE76WtysRZ0MioqA&#038;_nc_tpa=Q5bMBQFHCwUm_kgxFgHm06gpk_GEvMSm3d_FvF_9T3usdBfmtUsMy6kWXuDl0Q5o9ds9DFH6U52xxo2Y&#038;oh=00_Af2iB9TQP5TwcEc3ttj_TbRALxO-fPNxJzrAb5L2KQm1KA&#038;oe=69F538D7\" alt=\"T\u00e4n\u00e4\u00e4n on avattu t\u00e4ydennyshaku osakunnan huikeaan yksi\u00f6\u00f6n \ud83c\udfe1Kuvia asunnosta voit l\u00f6yt\u00e4\u00e4 osakunnan sivuilta ja aiemmasta postauksesta.Laita hakemukset liitteineen osakunnan asuntosihteerille osoitteeseen asuntosihteeri@kymenlaaksonosakunta.fi \ud83d\udc4f\"\/><div class=\"swiper-lazy-preloader swiper-lazy-preloader-white\"><\/div><\/div><\/div><div class=\"swiper-pagination\"><\/div><div class=\"swiper-button-prev\"><\/div><div class=\"swiper-button-next\"><\/div><\/div><\/div>\n\t\t\t\t\t<div class=\"details-wrapper\">\n\t\t\t\t\t<div class=\"wpz-insta-header\">\n\t\t\t\t\t\t<div class=\"wpz-insta-avatar\">\n\t\t\t\t\t\t\t<img loading=\"lazy\" decoding=\"async\" src=\"https:\/\/kymenlaaksonosakunta.fi\/uudetsivut\/wp-content\/uploads\/2025\/04\/312232993_1098535337345783_1384407763803683645_n-150x150.jpg\" alt=\"@kyosakunta\" width=\"42\" height=\"42\"\/>\n\t\t\t\t\t\t<\/div>\n\t\t\t\t\t\t<div class=\"wpz-insta-buttons\">\n\t\t\t\t\t\t\t<div class=\"wpz-insta-username\">\n\t\t\t\t\t\t\t\t<a rel=\"noopener\" target=\"_blank\" href=\"https:\/\/instagram.com\/kyosakunta\">@kyosakunta<\/a>\n\t\t\t\t\t\t\t<\/div>\n\t\t\t\t\t\t\t<div>&bull;<\/div>\n\t\t\t\t\t\t\t<div class=\"wpz-insta-follow\">\n\t\t\t\t\t\t\t\t<a target=\"_blank\" rel=\"noopener\"\n\t\t\t\t\t\t\t\thref=\"https:\/\/instagram.com\/kyosakunta?ref=badge\">\n\t\t\t\t\t\t\t\t\tFollow\n\t\t\t\t\t\t\t\t<\/a>\n\t\t\t\t\t\t\t<\/div>\n\t\t\t\t\t\t<\/div>\n\t\t\t\t\t<\/div><div class=\"wpz-insta-caption\">T\u00e4n\u00e4\u00e4n on avattu t\u00e4ydennyshaku osakunnan huikeaan yksi\u00f6\u00f6n \ud83c\udfe1Kuvia asunnosta voit l\u00f6yt\u00e4\u00e4 osakunnan sivuilta ja aiemmasta postauksesta.\n\nLaita hakemukset liitteineen osakunnan asuntosihteerille osoitteeseen asuntosihteeri@kymenlaaksonosakunta.fi \ud83d\udc4f<\/div><div class=\"wpz-insta-date\">2 veckor ago<\/div><div class=\"view-post\">\n\t\t\t\t\t<a href=\"https:\/\/www.instagram.com\/p\/DXJuNhGAqqN\/\" target=\"_blank\" rel=\"noopener\"><span class=\"dashicons dashicons-instagram\"><\/span>View on Instagram<\/a>\n\t\t\t\t\t<span class=\"delimiter\">|<\/span>\n\t\t\t\t\t<div class=\"wpz-insta-pagination\">1\/9<\/div>\n\t\t\t\t\t<\/div><\/div><\/div><\/div><div data-uid=\"18077219624539779\" class=\"swiper-slide wpz-insta-lightbox-item\"><div class=\"wpz-insta-lightbox\"><div class=\"image-wrapper\"><div class=\"swiper\" style=\"height: 100%;\"><div class=\"swiper-wrapper wpz-insta-album-images\"><div class=\"swiper-slide wpz-insta-album-image\" data-media-type=\"image\"><img class=\"wpzoom-swiper-image swiper-lazy\" data-src=\"https:\/\/scontent-hel3-1.cdninstagram.com\/v\/t51.82787-15\/670944466_18523197346074481_5058077784812129520_n.webp?stp=dst-jpg_e35_tt6&#038;_nc_cat=106&#038;ccb=7-5&#038;_nc_sid=18de74&#038;efg=eyJlZmdfdGFnIjoiQ0FST1VTRUxfSVRFTS5iZXN0X2ltYWdlX3VybGdlbi5DMyJ9&#038;_nc_ohc=WonlcVMG2p8Q7kNvwHoSdvK&#038;_nc_oc=AdrlWQmQsAhyE-AjIJgWQKfpkg6XvTjw1c28yH7z8yIh7q1VUV9IKnPIav_fJune5_M&#038;_nc_zt=23&#038;_nc_ht=scontent-hel3-1.cdninstagram.com&#038;edm=ANo9K5cEAAAA&#038;_nc_gid=bkzYuGZE76WtysRZ0MioqA&#038;_nc_tpa=Q5bMBQFlWBn5s2GE71xMk8R8Im652ThIbGiAMooeIwnyhHHtZevin2irClieE7Ttea6xNpDC4bVSYqKi&#038;oh=00_Af1Lcg1_O-8Rtc1szhEiRVeTtmDQHsNxWqHrD5k9BtwEVA&#038;oe=69F51F92\" alt=\"Keskiviikkona 22.4. oskoa edelt\u00e4\u00e4 jotain j\u00e4nn\u00e4\u00e4, johon si\u00e4kin voit osallistua!Mit\u00e4 t\u00e4\u00e4lt Helsingist Kymenlaakson museoon?Kymenlaakson museo t\u00e4ytt\u00e4\u00e4 vuonna 2027 sata vuotta. Juhlavuoden kunniaksi Kymenlaakson museossa, Merikeskus Vellamossa, avautuu uusi n\u00e4yttely museon satavuotisp\u00e4iv\u00e4n\u00e4 6.11.2027. Juhlavuoden n\u00e4yttelyn sis\u00e4lt\u00f6 ideoidaan yhdess\u00e4 kymenlaaksolaisten kanssa. Kymenlaakson museo on pyyt\u00e4nyt meid\u00e4n osakuntalaisten ajatuksia siit\u00e4, mik\u00e4 on meille arvokasta kotiseudussamme Kymenlaaksossa, milt\u00e4 kymenlaaksolaisuus n\u00e4ytt\u00e4\u00e4 Helsingist\u00e4 k\u00e4sin ja mit\u00e4 toivoisimme aihetta k\u00e4sittelev\u00e4ss\u00e4 museon\u00e4yttelyss\u00e4 esitelt\u00e4v\u00e4n.Tule siis osallistumaan keskusteluun Kymenlaakson museon edustajien kanssa ennen Osakunnan kokousta keskiviikkona 22.4. klo 16.30-18 Casa Academican viidenteen kerrokseen! Mik\u00e4li et p\u00e4\u00e4se paikalle, mutta haluat jakaa ajatuksiasi ja ne v\u00e4litett\u00e4v\u00e4n eteenp\u00e4in Kymenlaakson museolle, voit laittaa mietteit\u00e4si maakuntasihteereille osoitteeseen maakuntasihteeri@kymenlaaksonosakunta.fi.\"\/><div class=\"swiper-lazy-preloader swiper-lazy-preloader-white\"><\/div><\/div><div class=\"swiper-slide wpz-insta-album-image\" data-media-type=\"image\"><img class=\"wpzoom-swiper-image swiper-lazy\" data-src=\"https:\/\/scontent-hel3-1.cdninstagram.com\/v\/t51.82787-15\/669855052_18523197343074481_7608110669387641876_n.webp?stp=dst-jpg_e35_tt6&#038;_nc_cat=111&#038;ccb=7-5&#038;_nc_sid=18de74&#038;efg=eyJlZmdfdGFnIjoiQ0FST1VTRUxfSVRFTS5iZXN0X2ltYWdlX3VybGdlbi5DMyJ9&#038;_nc_ohc=CRA-JIF5PmgQ7kNvwFfsy0P&#038;_nc_oc=AdozQ_UQWqK3GJoz5QrVFqm0N_HLtQcq6AWqWOKHXlaJiA7mi6PpzV_qF62yjxaAiy8&#038;_nc_zt=23&#038;_nc_ht=scontent-hel3-1.cdninstagram.com&#038;edm=ANo9K5cEAAAA&#038;_nc_gid=bkzYuGZE76WtysRZ0MioqA&#038;_nc_tpa=Q5bMBQGM87Y_PwgUWKbaDPrw8anIPfmzA3r9iiDLNf50dbYB95W-x2LJsQ8IK9QjrwTDN4UtR2FPHlic&#038;oh=00_Af1YRcrB7bPD7NwtRtQKcnKPjAAjbURvgOaWLYSvHmrrIA&#038;oe=69F52268\" alt=\"Keskiviikkona 22.4. oskoa edelt\u00e4\u00e4 jotain j\u00e4nn\u00e4\u00e4, johon si\u00e4kin voit osallistua!Mit\u00e4 t\u00e4\u00e4lt Helsingist Kymenlaakson museoon?Kymenlaakson museo t\u00e4ytt\u00e4\u00e4 vuonna 2027 sata vuotta. Juhlavuoden kunniaksi Kymenlaakson museossa, Merikeskus Vellamossa, avautuu uusi n\u00e4yttely museon satavuotisp\u00e4iv\u00e4n\u00e4 6.11.2027. Juhlavuoden n\u00e4yttelyn sis\u00e4lt\u00f6 ideoidaan yhdess\u00e4 kymenlaaksolaisten kanssa. Kymenlaakson museo on pyyt\u00e4nyt meid\u00e4n osakuntalaisten ajatuksia siit\u00e4, mik\u00e4 on meille arvokasta kotiseudussamme Kymenlaaksossa, milt\u00e4 kymenlaaksolaisuus n\u00e4ytt\u00e4\u00e4 Helsingist\u00e4 k\u00e4sin ja mit\u00e4 toivoisimme aihetta k\u00e4sittelev\u00e4ss\u00e4 museon\u00e4yttelyss\u00e4 esitelt\u00e4v\u00e4n.Tule siis osallistumaan keskusteluun Kymenlaakson museon edustajien kanssa ennen Osakunnan kokousta keskiviikkona 22.4. klo 16.30-18 Casa Academican viidenteen kerrokseen! Mik\u00e4li et p\u00e4\u00e4se paikalle, mutta haluat jakaa ajatuksiasi ja ne v\u00e4litett\u00e4v\u00e4n eteenp\u00e4in Kymenlaakson museolle, voit laittaa mietteit\u00e4si maakuntasihteereille osoitteeseen maakuntasihteeri@kymenlaaksonosakunta.fi.\"\/><div class=\"swiper-lazy-preloader swiper-lazy-preloader-white\"><\/div><\/div><div class=\"swiper-slide wpz-insta-album-image\" data-media-type=\"image\"><img class=\"wpzoom-swiper-image swiper-lazy\" data-src=\"https:\/\/scontent-hel3-1.cdninstagram.com\/v\/t51.82787-15\/670153172_18523197328074481_2096921401374867527_n.webp?stp=dst-jpg_e35_tt6&#038;_nc_cat=110&#038;ccb=7-5&#038;_nc_sid=18de74&#038;efg=eyJlZmdfdGFnIjoiQ0FST1VTRUxfSVRFTS5iZXN0X2ltYWdlX3VybGdlbi5DMyJ9&#038;_nc_ohc=yZk-8jPr8kMQ7kNvwFEg-5m&#038;_nc_oc=Adq2Q0psX_Fkzc-7G16UqVbDOZAGSdtPOEBKkaXt2zi1mW6-zdwTONqNGlVeIBemtt4&#038;_nc_zt=23&#038;_nc_ht=scontent-hel3-1.cdninstagram.com&#038;edm=ANo9K5cEAAAA&#038;_nc_gid=bkzYuGZE76WtysRZ0MioqA&#038;_nc_tpa=Q5bMBQEnUejhX8L3qLR2zTU46OwY3eNlh1tWDu5jnkdcKRqeUIg0ZB6lWT5OhhvMIB9FxxBN085y1R3A&#038;oh=00_Af2GIZB5g93-622AQm__gGVmb3jt3XsnpnVJ3d1SQibiPg&#038;oe=69F54F08\" alt=\"Keskiviikkona 22.4. oskoa edelt\u00e4\u00e4 jotain j\u00e4nn\u00e4\u00e4, johon si\u00e4kin voit osallistua!Mit\u00e4 t\u00e4\u00e4lt Helsingist Kymenlaakson museoon?Kymenlaakson museo t\u00e4ytt\u00e4\u00e4 vuonna 2027 sata vuotta. Juhlavuoden kunniaksi Kymenlaakson museossa, Merikeskus Vellamossa, avautuu uusi n\u00e4yttely museon satavuotisp\u00e4iv\u00e4n\u00e4 6.11.2027. Juhlavuoden n\u00e4yttelyn sis\u00e4lt\u00f6 ideoidaan yhdess\u00e4 kymenlaaksolaisten kanssa. Kymenlaakson museo on pyyt\u00e4nyt meid\u00e4n osakuntalaisten ajatuksia siit\u00e4, mik\u00e4 on meille arvokasta kotiseudussamme Kymenlaaksossa, milt\u00e4 kymenlaaksolaisuus n\u00e4ytt\u00e4\u00e4 Helsingist\u00e4 k\u00e4sin ja mit\u00e4 toivoisimme aihetta k\u00e4sittelev\u00e4ss\u00e4 museon\u00e4yttelyss\u00e4 esitelt\u00e4v\u00e4n.Tule siis osallistumaan keskusteluun Kymenlaakson museon edustajien kanssa ennen Osakunnan kokousta keskiviikkona 22.4. klo 16.30-18 Casa Academican viidenteen kerrokseen! Mik\u00e4li et p\u00e4\u00e4se paikalle, mutta haluat jakaa ajatuksiasi ja ne v\u00e4litett\u00e4v\u00e4n eteenp\u00e4in Kymenlaakson museolle, voit laittaa mietteit\u00e4si maakuntasihteereille osoitteeseen maakuntasihteeri@kymenlaaksonosakunta.fi.\"\/><div class=\"swiper-lazy-preloader swiper-lazy-preloader-white\"><\/div><\/div><\/div><div class=\"swiper-pagination\"><\/div><div class=\"swiper-button-prev\"><\/div><div class=\"swiper-button-next\"><\/div><\/div><\/div>\n\t\t\t\t\t<div class=\"details-wrapper\">\n\t\t\t\t\t<div class=\"wpz-insta-header\">\n\t\t\t\t\t\t<div class=\"wpz-insta-avatar\">\n\t\t\t\t\t\t\t<img loading=\"lazy\" decoding=\"async\" src=\"https:\/\/kymenlaaksonosakunta.fi\/uudetsivut\/wp-content\/uploads\/2025\/04\/312232993_1098535337345783_1384407763803683645_n-150x150.jpg\" alt=\"@kyosakunta\" width=\"42\" height=\"42\"\/>\n\t\t\t\t\t\t<\/div>\n\t\t\t\t\t\t<div class=\"wpz-insta-buttons\">\n\t\t\t\t\t\t\t<div class=\"wpz-insta-username\">\n\t\t\t\t\t\t\t\t<a rel=\"noopener\" target=\"_blank\" href=\"https:\/\/instagram.com\/kyosakunta\">@kyosakunta<\/a>\n\t\t\t\t\t\t\t<\/div>\n\t\t\t\t\t\t\t<div>&bull;<\/div>\n\t\t\t\t\t\t\t<div class=\"wpz-insta-follow\">\n\t\t\t\t\t\t\t\t<a target=\"_blank\" rel=\"noopener\"\n\t\t\t\t\t\t\t\thref=\"https:\/\/instagram.com\/kyosakunta?ref=badge\">\n\t\t\t\t\t\t\t\t\tFollow\n\t\t\t\t\t\t\t\t<\/a>\n\t\t\t\t\t\t\t<\/div>\n\t\t\t\t\t\t<\/div>\n\t\t\t\t\t<\/div><div class=\"wpz-insta-caption\">Keskiviikkona 22.4. oskoa edelt\u00e4\u00e4 jotain j\u00e4nn\u00e4\u00e4, johon si\u00e4kin voit osallistua!\n\nMit\u00e4 t\u00e4\u00e4lt Helsingist Kymenlaakson museoon?\n\nKymenlaakson museo t\u00e4ytt\u00e4\u00e4 vuonna 2027 sata vuotta. Juhlavuoden kunniaksi Kymenlaakson museossa, Merikeskus Vellamossa, avautuu uusi n\u00e4yttely museon satavuotisp\u00e4iv\u00e4n\u00e4 6.11.2027. Juhlavuoden n\u00e4yttelyn sis\u00e4lt\u00f6 ideoidaan yhdess\u00e4 kymenlaaksolaisten kanssa. \n\nKymenlaakson museo on pyyt\u00e4nyt meid\u00e4n osakuntalaisten ajatuksia siit\u00e4, mik\u00e4 on meille arvokasta kotiseudussamme Kymenlaaksossa, milt\u00e4 kymenlaaksolaisuus n\u00e4ytt\u00e4\u00e4 Helsingist\u00e4 k\u00e4sin ja mit\u00e4 toivoisimme aihetta k\u00e4sittelev\u00e4ss\u00e4 museon\u00e4yttelyss\u00e4 esitelt\u00e4v\u00e4n.\n\nTule siis osallistumaan keskusteluun Kymenlaakson museon edustajien kanssa ennen Osakunnan kokousta keskiviikkona 22.4. klo 16.30-18 Casa Academican viidenteen kerrokseen! Mik\u00e4li et p\u00e4\u00e4se paikalle, mutta haluat jakaa ajatuksiasi ja ne v\u00e4litett\u00e4v\u00e4n eteenp\u00e4in Kymenlaakson museolle, voit laittaa mietteit\u00e4si maakuntasihteereille osoitteeseen maakuntasihteeri@kymenlaaksonosakunta.fi.<\/div><div class=\"wpz-insta-date\">2 veckor ago<\/div><div class=\"view-post\">\n\t\t\t\t\t<a href=\"https:\/\/www.instagram.com\/p\/DXJgYLSgrNt\/\" target=\"_blank\" rel=\"noopener\"><span class=\"dashicons dashicons-instagram\"><\/span>View on Instagram<\/a>\n\t\t\t\t\t<span class=\"delimiter\">|<\/span>\n\t\t\t\t\t<div class=\"wpz-insta-pagination\">2\/9<\/div>\n\t\t\t\t\t<\/div><\/div><\/div><\/div><div data-uid=\"18058448246449579\" class=\"swiper-slide wpz-insta-lightbox-item\"><div class=\"wpz-insta-lightbox\"><div class=\"image-wrapper\"><video controls muted preload=\"none\"><source src=\"https:\/\/scontent-hel3-1.cdninstagram.com\/o1\/v\/t2\/f2\/m86\/AQOLtVGvfZjwLcrj7YUvvhPf8JO9uUk3_mFktGmrRa9b8AtXdqg6emeZ_LPlQWh1pqTNCDPUNoFV64jv5PkQQGEI0tjXKgG2Nfgj6GQ.mp4?_nc_cat=110&#038;_nc_sid=5e9851&#038;_nc_ht=scontent-hel3-1.cdninstagram.com&#038;_nc_ohc=C4PZJhsW-LAQ7kNvwEy9QFI&#038;efg=eyJ2ZW5jb2RlX3RhZyI6Inhwdl9wcm9ncmVzc2l2ZS5JTlNUQUdSQU0uQ0xJUFMuQzMuNzIwLmRhc2hfYmFzZWxpbmVfMV92MSIsInhwdl9hc3NldF9pZCI6MTg1MTk2OTM1MjkwNzQ0ODEsImFzc2V0X2FnZV9kYXlzIjoyNywidmlfdXNlY2FzZV9pZCI6MTAwOTksImR1cmF0aW9uX3MiOjI0LCJ1cmxnZW5fc291cmNlIjoid3d3In0%3D&#038;ccb=17-1&#038;vs=3b85f65b26baf39a&#038;_nc_vs=HBksFQIYUmlnX3hwdl9yZWVsc19wZXJtYW5lbnRfc3JfcHJvZC8xNjQyNzBBQjVERUNFQTJGRUFGRUUxQ0IyRDUwNUFBNl92aWRlb19kYXNoaW5pdC5tcDQVAALIARIAFQIYUWlnX3hwdl9wbGFjZW1lbnRfcGVybWFuZW50X3YyLzY1NEU4M0RFMzA3QzA1QkJEMzcxRkRFQkM0RDc0Rjk5X2F1ZGlvX2Rhc2hpbml0Lm1wNBUCAsgBEgAoABgAGwKIB3VzZV9vaWwBMRJwcm9ncmVzc2l2ZV9yZWNpcGUBMRUAACbirLKiheTlQRUCKAJDMywXQDjmZmZmZmYYEmRhc2hfYmFzZWxpbmVfMV92MREAdf4HZeadAQA&#038;_nc_gid=bkzYuGZE76WtysRZ0MioqA&#038;edm=ANo9K5cEAAAA&#038;_nc_zt=28&#038;_nc_tpa=Q5bMBQGy5AvaLAzuJoMu6WX2oXgDjv9Qx4QErCSCZj6t--f_S8ij8MT4CHAY3mK718rsq0ez2HPRaT6t&#038;oh=00_Af0DCojjagRnXwsY0KUIruHfCbExZsTvUwXaI-LcjLIXkA&#038;oe=69F126DF\" type=\"video\/mp4\"\/><\/video><\/div>\n\t\t\t\t\t<div class=\"details-wrapper\">\n\t\t\t\t\t<div class=\"wpz-insta-header\">\n\t\t\t\t\t\t<div class=\"wpz-insta-avatar\">\n\t\t\t\t\t\t\t<img loading=\"lazy\" decoding=\"async\" src=\"https:\/\/kymenlaaksonosakunta.fi\/uudetsivut\/wp-content\/uploads\/2025\/04\/312232993_1098535337345783_1384407763803683645_n-150x150.jpg\" alt=\"@kyosakunta\" width=\"42\" height=\"42\"\/>\n\t\t\t\t\t\t<\/div>\n\t\t\t\t\t\t<div class=\"wpz-insta-buttons\">\n\t\t\t\t\t\t\t<div class=\"wpz-insta-username\">\n\t\t\t\t\t\t\t\t<a rel=\"noopener\" target=\"_blank\" href=\"https:\/\/instagram.com\/kyosakunta\">@kyosakunta<\/a>\n\t\t\t\t\t\t\t<\/div>\n\t\t\t\t\t\t\t<div>&bull;<\/div>\n\t\t\t\t\t\t\t<div class=\"wpz-insta-follow\">\n\t\t\t\t\t\t\t\t<a target=\"_blank\" rel=\"noopener\"\n\t\t\t\t\t\t\t\thref=\"https:\/\/instagram.com\/kyosakunta?ref=badge\">\n\t\t\t\t\t\t\t\t\tFollow\n\t\t\t\t\t\t\t\t<\/a>\n\t\t\t\t\t\t\t<\/div>\n\t\t\t\t\t\t<\/div>\n\t\t\t\t\t<\/div><div class=\"wpz-insta-caption\">Aika muistella 28.2. vietetty\u00e4 Kymenlaakson Osakunnan vuosijuhlaa videon muodossa. Bongaatko si\u00e4 itsesi videolta? \ud83e\udd2d<\/div><div class=\"wpz-insta-date\">4 veckor ago<\/div><div class=\"view-post\">\n\t\t\t\t\t<a href=\"https:\/\/www.instagram.com\/reel\/DWi2PHFgmpb\/\" target=\"_blank\" rel=\"noopener\"><span class=\"dashicons dashicons-instagram\"><\/span>View on Instagram<\/a>\n\t\t\t\t\t<span class=\"delimiter\">|<\/span>\n\t\t\t\t\t<div class=\"wpz-insta-pagination\">3\/9<\/div>\n\t\t\t\t\t<\/div><\/div><\/div><\/div><div data-uid=\"18094114373113432\" class=\"swiper-slide wpz-insta-lightbox-item\"><div class=\"wpz-insta-lightbox\"><div class=\"image-wrapper\"><div class=\"swiper\" style=\"height: 100%;\"><div class=\"swiper-wrapper wpz-insta-album-images\"><div class=\"swiper-slide wpz-insta-album-image\" data-media-type=\"image\"><img class=\"wpzoom-swiper-image swiper-lazy\" data-src=\"https:\/\/scontent-hel3-1.cdninstagram.com\/v\/t51.82787-15\/657737021_18519567445074481_3925114101727348697_n.jpg?stp=dst-jpg_e35_tt6&#038;_nc_cat=101&#038;ccb=7-5&#038;_nc_sid=18de74&#038;efg=eyJlZmdfdGFnIjoiQ0FST1VTRUxfSVRFTS5iZXN0X2ltYWdlX3VybGdlbi5DMyJ9&#038;_nc_ohc=ayjc294OLpMQ7kNvwFkbpDj&#038;_nc_oc=Adof11OvoddjwvuOYpKGZRKO_UcYachckDt6CnkcXMutHQJobqWTO9MXpgd5AjTs8Ks&#038;_nc_zt=23&#038;_nc_ht=scontent-hel3-1.cdninstagram.com&#038;edm=ANo9K5cEAAAA&#038;_nc_gid=bkzYuGZE76WtysRZ0MioqA&#038;_nc_tpa=Q5bMBQG9YFV8CLHGW7Qp-ubkl5aYr6TSOqd40BEMVsWlBd7yHM_G-KpI2iw3hcwadxouA9IwOLHJLCGU&#038;oh=00_Af2PiKNr6onfK9gbntROZLNNkRger2VCHWASzgJ0H3Q6JA&#038;oe=69F53713\" alt=\"KyO:n ja KO:n silliksill\u00e4 oli tunnelmaa 1.3., kiitos sponsoreiden! Nesteytyksest\u00e4 huolehti @bramhults_fi , maittavasta aamupalasta KO:n em\u00e4nnist\u00f6 ja j\u00e4lkiruoasta @friiduicecream maailman parhaimmilla j\u00e4\u00e4tel\u00f6ill\u00e4\u00e4n. Kyll\u00e4 oli tyytyv\u00e4ist\u00e4 silliskansaa paikalla!Kilpailuvietin ja hymyn suulle takasi @kaalimatocom huolehtimalla bingomme palkinnoista.Super iso kiitos yhteisty\u00f6st\u00e4 kaikille \ud83d\udca5\ud83c\udf67\ud83e\udd64\"\/><div class=\"swiper-lazy-preloader swiper-lazy-preloader-white\"><\/div><\/div><div class=\"swiper-slide wpz-insta-album-image\" data-media-type=\"image\"><img class=\"wpzoom-swiper-image swiper-lazy\" data-src=\"https:\/\/scontent-hel3-1.cdninstagram.com\/v\/t51.82787-15\/660170252_18519567448074481_5999755945673172184_n.jpg?stp=dst-jpg_e35_tt6&#038;_nc_cat=106&#038;ccb=7-5&#038;_nc_sid=18de74&#038;efg=eyJlZmdfdGFnIjoiQ0FST1VTRUxfSVRFTS5iZXN0X2ltYWdlX3VybGdlbi5DMyJ9&#038;_nc_ohc=ybfmTU-x8JYQ7kNvwFGZpJB&#038;_nc_oc=Adr6F7ribETJb31qJJeoKGhVipaCrylxrfJm71YVQMjtNH94jQrypHBLZHAVGz7uR_4&#038;_nc_zt=23&#038;_nc_ht=scontent-hel3-1.cdninstagram.com&#038;edm=ANo9K5cEAAAA&#038;_nc_gid=bkzYuGZE76WtysRZ0MioqA&#038;_nc_tpa=Q5bMBQFJhkmoRIfGhrGa9mjxUiDneQM7P73nTwClLD0hRgbrIjoxQqRsUF4Mx7wTA5JLlZPhnr9tsjD9&#038;oh=00_Af2j2LP6B-roxAJ6BGThTufUwEjfvYheDwakmz58kOOpFw&#038;oe=69F53972\" alt=\"KyO:n ja KO:n silliksill\u00e4 oli tunnelmaa 1.3., kiitos sponsoreiden! Nesteytyksest\u00e4 huolehti @bramhults_fi , maittavasta aamupalasta KO:n em\u00e4nnist\u00f6 ja j\u00e4lkiruoasta @friiduicecream maailman parhaimmilla j\u00e4\u00e4tel\u00f6ill\u00e4\u00e4n. Kyll\u00e4 oli tyytyv\u00e4ist\u00e4 silliskansaa paikalla!Kilpailuvietin ja hymyn suulle takasi @kaalimatocom huolehtimalla bingomme palkinnoista.Super iso kiitos yhteisty\u00f6st\u00e4 kaikille \ud83d\udca5\ud83c\udf67\ud83e\udd64\"\/><div class=\"swiper-lazy-preloader swiper-lazy-preloader-white\"><\/div><\/div><\/div><div class=\"swiper-pagination\"><\/div><div class=\"swiper-button-prev\"><\/div><div class=\"swiper-button-next\"><\/div><\/div><\/div>\n\t\t\t\t\t<div class=\"details-wrapper\">\n\t\t\t\t\t<div class=\"wpz-insta-header\">\n\t\t\t\t\t\t<div class=\"wpz-insta-avatar\">\n\t\t\t\t\t\t\t<img loading=\"lazy\" decoding=\"async\" src=\"https:\/\/kymenlaaksonosakunta.fi\/uudetsivut\/wp-content\/uploads\/2025\/04\/312232993_1098535337345783_1384407763803683645_n-150x150.jpg\" alt=\"@kyosakunta\" width=\"42\" height=\"42\"\/>\n\t\t\t\t\t\t<\/div>\n\t\t\t\t\t\t<div class=\"wpz-insta-buttons\">\n\t\t\t\t\t\t\t<div class=\"wpz-insta-username\">\n\t\t\t\t\t\t\t\t<a rel=\"noopener\" target=\"_blank\" href=\"https:\/\/instagram.com\/kyosakunta\">@kyosakunta<\/a>\n\t\t\t\t\t\t\t<\/div>\n\t\t\t\t\t\t\t<div>&bull;<\/div>\n\t\t\t\t\t\t\t<div class=\"wpz-insta-follow\">\n\t\t\t\t\t\t\t\t<a target=\"_blank\" rel=\"noopener\"\n\t\t\t\t\t\t\t\thref=\"https:\/\/instagram.com\/kyosakunta?ref=badge\">\n\t\t\t\t\t\t\t\t\tFollow\n\t\t\t\t\t\t\t\t<\/a>\n\t\t\t\t\t\t\t<\/div>\n\t\t\t\t\t\t<\/div>\n\t\t\t\t\t<\/div><div class=\"wpz-insta-caption\">KyO:n ja KO:n silliksill\u00e4 oli tunnelmaa 1.3., kiitos sponsoreiden! Nesteytyksest\u00e4 huolehti @bramhults_fi , maittavasta aamupalasta KO:n em\u00e4nnist\u00f6 ja j\u00e4lkiruoasta @friiduicecream maailman parhaimmilla j\u00e4\u00e4tel\u00f6ill\u00e4\u00e4n. Kyll\u00e4 oli tyytyv\u00e4ist\u00e4 silliskansaa paikalla!\n\nKilpailuvietin ja hymyn suulle takasi @kaalimatocom huolehtimalla bingomme palkinnoista.\n\nSuper iso kiitos yhteisty\u00f6st\u00e4 kaikille \ud83d\udca5\ud83c\udf67\ud83e\udd64<\/div><div class=\"wpz-insta-date\">4 veckor ago<\/div><div class=\"view-post\">\n\t\t\t\t\t<a href=\"https:\/\/www.instagram.com\/p\/DWhEJIYgveG\/\" target=\"_blank\" rel=\"noopener\"><span class=\"dashicons dashicons-instagram\"><\/span>View on Instagram<\/a>\n\t\t\t\t\t<span class=\"delimiter\">|<\/span>\n\t\t\t\t\t<div class=\"wpz-insta-pagination\">4\/9<\/div>\n\t\t\t\t\t<\/div><\/div><\/div><\/div><div data-uid=\"18172248880400532\" class=\"swiper-slide wpz-insta-lightbox-item\"><div class=\"wpz-insta-lightbox\"><div class=\"image-wrapper\"><img class=\"wpzoom-swiper-image swiper-lazy\" data-src=\"https:\/\/scontent-hel3-1.cdninstagram.com\/v\/t51.82787-15\/656480972_18518732311074481_1398733067053493842_n.heic?stp=dst-jpg_e35_tt6&#038;_nc_cat=102&#038;ccb=7-5&#038;_nc_sid=18de74&#038;efg=eyJlZmdfdGFnIjoiRkVFRC5iZXN0X2ltYWdlX3VybGdlbi5DMyJ9&#038;_nc_ohc=KVz0DNRT8zAQ7kNvwEQqfuG&#038;_nc_oc=Adpntj6a4Yz-OMwI5P9vcavf9ONxWwUgdNqK07n5SrwC3UYbDk8p9nYrs9jeDh_Aa_0&#038;_nc_zt=23&#038;_nc_ht=scontent-hel3-1.cdninstagram.com&#038;edm=ANo9K5cEAAAA&#038;_nc_gid=bkzYuGZE76WtysRZ0MioqA&#038;_nc_tpa=Q5bMBQHuQWpIH_O-Wphtd6TvkvxG1YbnwHXzpMEX7dAB6Aa6ibDZuaAPzFtqcejInZgk-y98LFiMuPWL&#038;oh=00_Af1qT8Oa41vOwr4O0diUscLAL4C57n5gSkMyQcSUI3Ec4w&#038;oe=69F548F7\" alt=\"\ud83c\udff9 KO x KyO vuorottelujuhla presents: Keskiaikasitsit! \u2694\ufe0fTervetuloa mukaan juhlimaan Karjalaisen Osakunnan ja Kymenlaakson Osakunnan keskiaika-teemaista vuorottelujuhlaa lauantaina 4.4.2026!Juhla j\u00e4rjestet\u00e4\u00e4n osakuntien uusissa tiloissa Casa Academican viidenness\u00e4 kerroksessa, osoitteessa Hietaniemenkatu 7. Aloitamme juhlan klo 18.00 cocktail-tilaisuudella ja p\u00f6ytiin siirryt\u00e4\u00e4n klo 18.30.Juhlan j\u00e4rjest\u00e4j\u00e4t toivottavat juhlaan tervetulleeksi karjalaisten ja kym\u00e4l\u00e4isten lis\u00e4ksi my\u00f6s muiden osakuntien j\u00e4senet!Juhlan pukukoodina toimii keskiaika tai vaihtoehtoisesti smart casual. Kannustamme k\u00e4ytt\u00e4m\u00e4\u00e4n luovuutta teemapukeutumisen suhteen, ottamatta asiasta kuitenkaan paineita!Juhlan hinta on 14\u20ac ja se maksetaan paikan p\u00e4\u00e4ll\u00e4 k\u00e4teisell\u00e4.Ilmoittautuminen p\u00e4\u00e4ttyy tiistaina 31.3.2026 klo 23.59. Ilmoittautumisen sulkeuduttua, on ilmoittautumisesi sitova.Lis\u00e4\u00e4 tietoa juhlasta ja ilmoittautuminen seuraavan linkin takaa: https:\/\/bit.ly\/vuorottelu26\ud83e\udd54\ud83e\uddc5\ud83e\udd55Mit\u00e4? KO + KyO vuorottelujuhla keskiaika-teemalla!Miss\u00e4? Osakunnan uusissa tiloissa Casa Academican 5. kerroksessa (Hietaniemenkatu 7)Milloin? Lauantaina 4.4.2026 klo 18.00 alkaenMiksi? Rakkaiden yst\u00e4vien kanssa on t\u00e4rke\u00e4\u00e4 viett\u00e4\u00e4 aikaa! &lt;3\"\/><div class=\"swiper-lazy-preloader swiper-lazy-preloader-white\"><\/div><\/div>\n\t\t\t\t\t<div class=\"details-wrapper\">\n\t\t\t\t\t<div class=\"wpz-insta-header\">\n\t\t\t\t\t\t<div class=\"wpz-insta-avatar\">\n\t\t\t\t\t\t\t<img loading=\"lazy\" decoding=\"async\" src=\"https:\/\/kymenlaaksonosakunta.fi\/uudetsivut\/wp-content\/uploads\/2025\/04\/312232993_1098535337345783_1384407763803683645_n-150x150.jpg\" alt=\"@kyosakunta\" width=\"42\" height=\"42\"\/>\n\t\t\t\t\t\t<\/div>\n\t\t\t\t\t\t<div class=\"wpz-insta-buttons\">\n\t\t\t\t\t\t\t<div class=\"wpz-insta-username\">\n\t\t\t\t\t\t\t\t<a rel=\"noopener\" target=\"_blank\" href=\"https:\/\/instagram.com\/kyosakunta\">@kyosakunta<\/a>\n\t\t\t\t\t\t\t<\/div>\n\t\t\t\t\t\t\t<div>&bull;<\/div>\n\t\t\t\t\t\t\t<div class=\"wpz-insta-follow\">\n\t\t\t\t\t\t\t\t<a target=\"_blank\" rel=\"noopener\"\n\t\t\t\t\t\t\t\thref=\"https:\/\/instagram.com\/kyosakunta?ref=badge\">\n\t\t\t\t\t\t\t\t\tFollow\n\t\t\t\t\t\t\t\t<\/a>\n\t\t\t\t\t\t\t<\/div>\n\t\t\t\t\t\t<\/div>\n\t\t\t\t\t<\/div><div class=\"wpz-insta-caption\">\ud83c\udff9 KO x KyO vuorottelujuhla presents: Keskiaikasitsit! \u2694\ufe0f\n\nTervetuloa mukaan juhlimaan Karjalaisen Osakunnan ja Kymenlaakson Osakunnan keskiaika-teemaista vuorottelujuhlaa lauantaina 4.4.2026!\n\nJuhla j\u00e4rjestet\u00e4\u00e4n osakuntien uusissa tiloissa Casa Academican viidenness\u00e4 kerroksessa, osoitteessa Hietaniemenkatu 7. Aloitamme juhlan klo 18.00 cocktail-tilaisuudella ja p\u00f6ytiin siirryt\u00e4\u00e4n klo 18.30.\n\nJuhlan j\u00e4rjest\u00e4j\u00e4t toivottavat juhlaan tervetulleeksi karjalaisten ja kym\u00e4l\u00e4isten lis\u00e4ksi my\u00f6s muiden osakuntien j\u00e4senet!\n\nJuhlan pukukoodina toimii keskiaika tai vaihtoehtoisesti smart casual. Kannustamme k\u00e4ytt\u00e4m\u00e4\u00e4n luovuutta teemapukeutumisen suhteen, ottamatta asiasta kuitenkaan paineita!\n\nJuhlan hinta on 14\u20ac ja se maksetaan paikan p\u00e4\u00e4ll\u00e4 k\u00e4teisell\u00e4.\n\nIlmoittautuminen p\u00e4\u00e4ttyy tiistaina 31.3.2026 klo 23.59. Ilmoittautumisen sulkeuduttua, on ilmoittautumisesi sitova.\n\nLis\u00e4\u00e4 tietoa juhlasta ja ilmoittautuminen seuraavan linkin takaa: https:\/\/bit.ly\/vuorottelu26\n\n\ud83e\udd54\ud83e\uddc5\ud83e\udd55\n\nMit\u00e4? KO + KyO vuorottelujuhla keskiaika-teemalla!\nMiss\u00e4? Osakunnan uusissa tiloissa Casa Academican 5. kerroksessa (Hietaniemenkatu 7)\nMilloin? Lauantaina 4.4.2026 klo 18.00 alkaen\nMiksi? Rakkaiden yst\u00e4vien kanssa on t\u00e4rke\u00e4\u00e4 viett\u00e4\u00e4 aikaa! &lt;3<\/div><div class=\"wpz-insta-date\">1 m\u00e5nad ago<\/div><div class=\"view-post\">\n\t\t\t\t\t<a href=\"https:\/\/www.instagram.com\/p\/DWW99-RgsTd\/\" target=\"_blank\" rel=\"noopener\"><span class=\"dashicons dashicons-instagram\"><\/span>View on Instagram<\/a>\n\t\t\t\t\t<span class=\"delimiter\">|<\/span>\n\t\t\t\t\t<div class=\"wpz-insta-pagination\">5\/9<\/div>\n\t\t\t\t\t<\/div><\/div><\/div><\/div><div data-uid=\"17991291314776157\" class=\"swiper-slide wpz-insta-lightbox-item\"><div class=\"wpz-insta-lightbox\"><div class=\"image-wrapper\"><div class=\"swiper\" style=\"height: 100%;\"><div class=\"swiper-wrapper wpz-insta-album-images\"><div class=\"swiper-slide wpz-insta-album-image\" data-media-type=\"image\"><img class=\"wpzoom-swiper-image swiper-lazy\" data-src=\"https:\/\/scontent-hel3-1.cdninstagram.com\/v\/t51.82787-15\/658424966_18518604910074481_7952940173245598263_n.jpg?stp=dst-jpg_e35_tt6&#038;_nc_cat=106&#038;ccb=7-5&#038;_nc_sid=18de74&#038;efg=eyJlZmdfdGFnIjoiQ0FST1VTRUxfSVRFTS5iZXN0X2ltYWdlX3VybGdlbi5DMyJ9&#038;_nc_ohc=pOVbHCSf6S4Q7kNvwHBFvOW&#038;_nc_oc=AdrwnvdCdoU25L4Jn4QIMb8JP73rkshal64aS9ppulINaNSMfP3p063oPSFcqjT2Ig4&#038;_nc_zt=23&#038;_nc_ht=scontent-hel3-1.cdninstagram.com&#038;edm=ANo9K5cEAAAA&#038;_nc_gid=bkzYuGZE76WtysRZ0MioqA&#038;_nc_tpa=Q5bMBQHXjDWzUkQfqaUOaKbz6E6eHj9WHCzj0l6LUMcrfB9vyooJru3Tcu17RaS_aO29F_QVuVJWnD4I&#038;oh=00_Af1CPJmf3juTpneff2hQ2yYVTHGGuG2inrNejoFzotF76Q&#038;oe=69F52BEF\" alt=\"CIVIKSET HEREILL\u00c4? \ud83c\udfe2 Asuntohaku 26 neli\u00f6n yksi\u00f6\u00f6n ja 38 neli\u00f6n kaksioon ovat auki seuraavat kaksi viikkoa! Hae siis asuntoa 9.4. menness\u00e4. Hakulomakkeen l\u00f6yd\u00e4t Osakuntamme nettisivuilta, josta l\u00f6ytyy my\u00f6s lis\u00e4tietoa tarvittaessa.Suosittelemme olemaan ripe\u00e4, koska asuntojen m\u00e4\u00e4r\u00e4 on rajattu \ud83d\udcaf Kysymykset ja hakemus l\u00e4hetet\u00e4\u00e4n osoitteeseen asuntosihteeri@kymenlaaksonosakunta.fi\"\/><div class=\"swiper-lazy-preloader swiper-lazy-preloader-white\"><\/div><\/div><div class=\"swiper-slide wpz-insta-album-image\" data-media-type=\"image\"><img class=\"wpzoom-swiper-image swiper-lazy\" data-src=\"https:\/\/scontent-hel3-1.cdninstagram.com\/v\/t51.82787-15\/657662040_18518604895074481_935080758838470104_n.jpg?stp=dst-jpg_e35_tt6&#038;_nc_cat=100&#038;ccb=7-5&#038;_nc_sid=18de74&#038;efg=eyJlZmdfdGFnIjoiQ0FST1VTRUxfSVRFTS5iZXN0X2ltYWdlX3VybGdlbi5DMyJ9&#038;_nc_ohc=c1IndDbth7AQ7kNvwEN53UN&#038;_nc_oc=AdqJ4pNaU_was2yji-5FiexYWlwvwCaQrPv5ssNv9gdweBPLcaEtbbxElbZp5cYzk0E&#038;_nc_zt=23&#038;_nc_ht=scontent-hel3-1.cdninstagram.com&#038;edm=ANo9K5cEAAAA&#038;_nc_gid=bkzYuGZE76WtysRZ0MioqA&#038;_nc_tpa=Q5bMBQHsZURdiSBNnB2JGMbgp-biKoPlBrLRwKSqnmFz4tNAFUxf_FUsxnIL17m5TZv87iQ4Knx0IhCO&#038;oh=00_Af3k4XQEBa6mG9-uUDkqD5tks0yClyvPWgTNpVYf08-ZgA&#038;oe=69F53A16\" alt=\"CIVIKSET HEREILL\u00c4? \ud83c\udfe2 Asuntohaku 26 neli\u00f6n yksi\u00f6\u00f6n ja 38 neli\u00f6n kaksioon ovat auki seuraavat kaksi viikkoa! Hae siis asuntoa 9.4. menness\u00e4. Hakulomakkeen l\u00f6yd\u00e4t Osakuntamme nettisivuilta, josta l\u00f6ytyy my\u00f6s lis\u00e4tietoa tarvittaessa.Suosittelemme olemaan ripe\u00e4, koska asuntojen m\u00e4\u00e4r\u00e4 on rajattu \ud83d\udcaf Kysymykset ja hakemus l\u00e4hetet\u00e4\u00e4n osoitteeseen asuntosihteeri@kymenlaaksonosakunta.fi\"\/><div class=\"swiper-lazy-preloader swiper-lazy-preloader-white\"><\/div><\/div><div class=\"swiper-slide wpz-insta-album-image\" data-media-type=\"image\"><img class=\"wpzoom-swiper-image swiper-lazy\" data-src=\"https:\/\/scontent-hel3-1.cdninstagram.com\/v\/t51.82787-15\/657181049_18518604877074481_2755584322278458933_n.jpg?stp=dst-jpg_e35_tt6&#038;_nc_cat=110&#038;ccb=7-5&#038;_nc_sid=18de74&#038;efg=eyJlZmdfdGFnIjoiQ0FST1VTRUxfSVRFTS5iZXN0X2ltYWdlX3VybGdlbi5DMyJ9&#038;_nc_ohc=hh3Pbjgdj5AQ7kNvwFzeMWK&#038;_nc_oc=AdqmXrWKaoP-IWIbuTOJZXLmbiUBux09oyBuO6p0AY0Np5aFpYGSENZXM86f5vB07Hk&#038;_nc_zt=23&#038;_nc_ht=scontent-hel3-1.cdninstagram.com&#038;edm=ANo9K5cEAAAA&#038;_nc_gid=bkzYuGZE76WtysRZ0MioqA&#038;_nc_tpa=Q5bMBQF_XvonOK7It0znpN4WkS-RtJQDi7wOM-4331AlCXi981PrroC3fyPSCjqQYgi6SjY0X69aFyQt&#038;oh=00_Af3YdscXXCmpUsbavY63i2rqraLIKVjbVslwiGOs4n6HzA&#038;oe=69F51E13\" alt=\"CIVIKSET HEREILL\u00c4? \ud83c\udfe2 Asuntohaku 26 neli\u00f6n yksi\u00f6\u00f6n ja 38 neli\u00f6n kaksioon ovat auki seuraavat kaksi viikkoa! Hae siis asuntoa 9.4. menness\u00e4. Hakulomakkeen l\u00f6yd\u00e4t Osakuntamme nettisivuilta, josta l\u00f6ytyy my\u00f6s lis\u00e4tietoa tarvittaessa.Suosittelemme olemaan ripe\u00e4, koska asuntojen m\u00e4\u00e4r\u00e4 on rajattu \ud83d\udcaf Kysymykset ja hakemus l\u00e4hetet\u00e4\u00e4n osoitteeseen asuntosihteeri@kymenlaaksonosakunta.fi\"\/><div class=\"swiper-lazy-preloader swiper-lazy-preloader-white\"><\/div><\/div><div class=\"swiper-slide wpz-insta-album-image\" data-media-type=\"image\"><img class=\"wpzoom-swiper-image swiper-lazy\" data-src=\"https:\/\/scontent-hel3-1.cdninstagram.com\/v\/t51.82787-15\/657643892_18518604880074481_8796148901715945367_n.jpg?stp=dst-jpg_e35_tt6&#038;_nc_cat=105&#038;ccb=7-5&#038;_nc_sid=18de74&#038;efg=eyJlZmdfdGFnIjoiQ0FST1VTRUxfSVRFTS5iZXN0X2ltYWdlX3VybGdlbi5DMyJ9&#038;_nc_ohc=bagGF1o3drcQ7kNvwGuyT5S&#038;_nc_oc=Adohewo4PFAKGZfHmPLObwzGSf8V5M993SAedq8PBMITduRzR_CsXBKuIGN31GQqy3o&#038;_nc_zt=23&#038;_nc_ht=scontent-hel3-1.cdninstagram.com&#038;edm=ANo9K5cEAAAA&#038;_nc_gid=bkzYuGZE76WtysRZ0MioqA&#038;_nc_tpa=Q5bMBQHgXpz5WsDATo3kbrbmM2Ju1a8T2scE9uLthgrXZ14JGWALywTJ23F6PsPL8RE_mEpZ2TYWdeEn&#038;oh=00_Af0CR9ewt6i7UjpDkl7tCywUdG1_VJMNr09AF719anpYHw&#038;oe=69F534BF\" alt=\"CIVIKSET HEREILL\u00c4? \ud83c\udfe2 Asuntohaku 26 neli\u00f6n yksi\u00f6\u00f6n ja 38 neli\u00f6n kaksioon ovat auki seuraavat kaksi viikkoa! Hae siis asuntoa 9.4. menness\u00e4. Hakulomakkeen l\u00f6yd\u00e4t Osakuntamme nettisivuilta, josta l\u00f6ytyy my\u00f6s lis\u00e4tietoa tarvittaessa.Suosittelemme olemaan ripe\u00e4, koska asuntojen m\u00e4\u00e4r\u00e4 on rajattu \ud83d\udcaf Kysymykset ja hakemus l\u00e4hetet\u00e4\u00e4n osoitteeseen asuntosihteeri@kymenlaaksonosakunta.fi\"\/><div class=\"swiper-lazy-preloader swiper-lazy-preloader-white\"><\/div><\/div><div class=\"swiper-slide wpz-insta-album-image\" data-media-type=\"image\"><img class=\"wpzoom-swiper-image swiper-lazy\" data-src=\"https:\/\/scontent-hel3-1.cdninstagram.com\/v\/t51.82787-15\/658945352_18518604907074481_8480689525606411970_n.jpg?stp=dst-jpg_e35_tt6&#038;_nc_cat=110&#038;ccb=7-5&#038;_nc_sid=18de74&#038;efg=eyJlZmdfdGFnIjoiQ0FST1VTRUxfSVRFTS5iZXN0X2ltYWdlX3VybGdlbi5DMyJ9&#038;_nc_ohc=XZ0Xf6SpHVoQ7kNvwG_alvE&#038;_nc_oc=Ado79ZTKmuMmFs0ZoxbMVkK-WVYLLJoOMNmIZhihE_OMESJEdkkjyaJDRrjWWa4ZZFw&#038;_nc_zt=23&#038;_nc_ht=scontent-hel3-1.cdninstagram.com&#038;edm=ANo9K5cEAAAA&#038;_nc_gid=bkzYuGZE76WtysRZ0MioqA&#038;_nc_tpa=Q5bMBQEMcWEboULl2KMpJ9jP9tPnWbB_n31JHyXUlotl_EK7tZ6T6Z3OnY9OSnHOHeQtq1IcyJ0JAYYH&#038;oh=00_Af039ovR6vm95PWdPdhTt4dSFZVd0LA7lbL03rTM9NsBXQ&#038;oe=69F524AE\" alt=\"CIVIKSET HEREILL\u00c4? \ud83c\udfe2 Asuntohaku 26 neli\u00f6n yksi\u00f6\u00f6n ja 38 neli\u00f6n kaksioon ovat auki seuraavat kaksi viikkoa! Hae siis asuntoa 9.4. menness\u00e4. Hakulomakkeen l\u00f6yd\u00e4t Osakuntamme nettisivuilta, josta l\u00f6ytyy my\u00f6s lis\u00e4tietoa tarvittaessa.Suosittelemme olemaan ripe\u00e4, koska asuntojen m\u00e4\u00e4r\u00e4 on rajattu \ud83d\udcaf Kysymykset ja hakemus l\u00e4hetet\u00e4\u00e4n osoitteeseen asuntosihteeri@kymenlaaksonosakunta.fi\"\/><div class=\"swiper-lazy-preloader swiper-lazy-preloader-white\"><\/div><\/div><\/div><div class=\"swiper-pagination\"><\/div><div class=\"swiper-button-prev\"><\/div><div class=\"swiper-button-next\"><\/div><\/div><\/div>\n\t\t\t\t\t<div class=\"details-wrapper\">\n\t\t\t\t\t<div class=\"wpz-insta-header\">\n\t\t\t\t\t\t<div class=\"wpz-insta-avatar\">\n\t\t\t\t\t\t\t<img loading=\"lazy\" decoding=\"async\" src=\"https:\/\/kymenlaaksonosakunta.fi\/uudetsivut\/wp-content\/uploads\/2025\/04\/312232993_1098535337345783_1384407763803683645_n-150x150.jpg\" alt=\"@kyosakunta\" width=\"42\" height=\"42\"\/>\n\t\t\t\t\t\t<\/div>\n\t\t\t\t\t\t<div class=\"wpz-insta-buttons\">\n\t\t\t\t\t\t\t<div class=\"wpz-insta-username\">\n\t\t\t\t\t\t\t\t<a rel=\"noopener\" target=\"_blank\" href=\"https:\/\/instagram.com\/kyosakunta\">@kyosakunta<\/a>\n\t\t\t\t\t\t\t<\/div>\n\t\t\t\t\t\t\t<div>&bull;<\/div>\n\t\t\t\t\t\t\t<div class=\"wpz-insta-follow\">\n\t\t\t\t\t\t\t\t<a target=\"_blank\" rel=\"noopener\"\n\t\t\t\t\t\t\t\thref=\"https:\/\/instagram.com\/kyosakunta?ref=badge\">\n\t\t\t\t\t\t\t\t\tFollow\n\t\t\t\t\t\t\t\t<\/a>\n\t\t\t\t\t\t\t<\/div>\n\t\t\t\t\t\t<\/div>\n\t\t\t\t\t<\/div><div class=\"wpz-insta-caption\">CIVIKSET HEREILL\u00c4? \ud83c\udfe2 Asuntohaku 26 neli\u00f6n yksi\u00f6\u00f6n ja 38 neli\u00f6n kaksioon ovat auki seuraavat kaksi viikkoa! Hae siis asuntoa 9.4. menness\u00e4. Hakulomakkeen l\u00f6yd\u00e4t Osakuntamme nettisivuilta, josta l\u00f6ytyy my\u00f6s lis\u00e4tietoa tarvittaessa.\n\nSuosittelemme olemaan ripe\u00e4, koska asuntojen m\u00e4\u00e4r\u00e4 on rajattu \ud83d\udcaf \n\nKysymykset ja hakemus l\u00e4hetet\u00e4\u00e4n osoitteeseen asuntosihteeri@kymenlaaksonosakunta.fi<\/div><div class=\"wpz-insta-date\">1 m\u00e5nad ago<\/div><div class=\"view-post\">\n\t\t\t\t\t<a href=\"https:\/\/www.instagram.com\/p\/DWVmOmGgka5\/\" target=\"_blank\" rel=\"noopener\"><span class=\"dashicons dashicons-instagram\"><\/span>View on Instagram<\/a>\n\t\t\t\t\t<span class=\"delimiter\">|<\/span>\n\t\t\t\t\t<div class=\"wpz-insta-pagination\">6\/9<\/div>\n\t\t\t\t\t<\/div><\/div><\/div><\/div><div data-uid=\"17904124188223929\" class=\"swiper-slide wpz-insta-lightbox-item\"><div class=\"wpz-insta-lightbox\"><div class=\"image-wrapper\"><div class=\"swiper\" style=\"height: 100%;\"><div class=\"swiper-wrapper wpz-insta-album-images\"><div class=\"swiper-slide wpz-insta-album-image\" data-media-type=\"image\"><img class=\"wpzoom-swiper-image swiper-lazy\" data-src=\"https:\/\/scontent-hel3-1.cdninstagram.com\/v\/t51.82787-15\/654860283_18517980853074481_7701561233927070827_n.webp?stp=dst-jpg_e35_tt6&#038;_nc_cat=100&#038;ccb=7-5&#038;_nc_sid=18de74&#038;efg=eyJlZmdfdGFnIjoiQ0FST1VTRUxfSVRFTS5iZXN0X2ltYWdlX3VybGdlbi5DMyJ9&#038;_nc_ohc=_D0tXxDv0O4Q7kNvwGHdusK&#038;_nc_oc=AdpnB9xYydWk82MYCTK4Jne4OAl_Jxok2Lm6CTY7eHIoR6ZtEw4BIGwuLhb3fus552g&#038;_nc_zt=23&#038;_nc_ht=scontent-hel3-1.cdninstagram.com&#038;edm=ANo9K5cEAAAA&#038;_nc_gid=bkzYuGZE76WtysRZ0MioqA&#038;_nc_tpa=Q5bMBQFiqytRavTAq0wDZGuzJ3eN5AO4Cqhwf6e1EpntBrZxf1WSXwMKJ3TqPla85NGVEAh2gw6hdz4n&#038;oh=00_Af2Dr4RdbYhoiFJQGsy3p8lG_1mp2P4Bqz8Sa-Hqjd0wpw&#038;oe=69F54C63\" alt=\"Liput saavuttivat uuden kotimme eilen juhlavan lippukulkueen matkatessa \ud83c\udff3 Kymenlaakson Osakunnan lopullista muuttoa ollaan ahkerasti valmisteltu jo pitk\u00e4n aikaa. Loppuhuipentumana on pakkaaminen, jonka parissa osakuntalaiset ovat viett\u00e4neet kunniallisesti aikaa koko menneen viikon ajan - hienoa ty\u00f6t\u00e4 \ud83e\udef6Viel\u00e4 viimeiset rutistukset ja kohta alkaa uusi aikakausi, josta p\u00e4\u00e4semme nauttimaan!\"\/><div class=\"swiper-lazy-preloader swiper-lazy-preloader-white\"><\/div><\/div><div class=\"swiper-slide wpz-insta-album-image\" data-media-type=\"image\"><img class=\"wpzoom-swiper-image swiper-lazy\" data-src=\"https:\/\/scontent-hel3-1.cdninstagram.com\/v\/t51.82787-15\/656030155_18517980781074481_5620488657389098733_n.webp?stp=dst-jpg_e35_tt6&#038;_nc_cat=102&#038;ccb=7-5&#038;_nc_sid=18de74&#038;efg=eyJlZmdfdGFnIjoiQ0FST1VTRUxfSVRFTS5iZXN0X2ltYWdlX3VybGdlbi5DMyJ9&#038;_nc_ohc=zwj5_5Vi0IsQ7kNvwGcMzAd&#038;_nc_oc=AdoGGJ65TffcrmaIHxFdDjQpWpEoVccaPz7b4x2JMSimfV6D2bvIVjhFJIjaaQT4_Hw&#038;_nc_zt=23&#038;_nc_ht=scontent-hel3-1.cdninstagram.com&#038;edm=ANo9K5cEAAAA&#038;_nc_gid=bkzYuGZE76WtysRZ0MioqA&#038;_nc_tpa=Q5bMBQFAbscmey4Sr4L46nvzgUeFkgpvnevIfnTFHVnmvjUiY_2PrcU8Y2jK0z3FbqzxDFhMsV0KjbMD&#038;oh=00_Af3uoJsrKoiSaYIiLw6iZ-vRxFLGOE2jmSYlZhTfip6VUQ&#038;oe=69F54842\" alt=\"Liput saavuttivat uuden kotimme eilen juhlavan lippukulkueen matkatessa \ud83c\udff3 Kymenlaakson Osakunnan lopullista muuttoa ollaan ahkerasti valmisteltu jo pitk\u00e4n aikaa. Loppuhuipentumana on pakkaaminen, jonka parissa osakuntalaiset ovat viett\u00e4neet kunniallisesti aikaa koko menneen viikon ajan - hienoa ty\u00f6t\u00e4 \ud83e\udef6Viel\u00e4 viimeiset rutistukset ja kohta alkaa uusi aikakausi, josta p\u00e4\u00e4semme nauttimaan!\"\/><div class=\"swiper-lazy-preloader swiper-lazy-preloader-white\"><\/div><\/div><div class=\"swiper-slide wpz-insta-album-image\" data-media-type=\"image\"><img class=\"wpzoom-swiper-image swiper-lazy\" data-src=\"https:\/\/scontent-hel3-1.cdninstagram.com\/v\/t51.82787-15\/655029482_18517980841074481_4543374121617011185_n.webp?stp=dst-jpg_e35_tt6&#038;_nc_cat=108&#038;ccb=7-5&#038;_nc_sid=18de74&#038;efg=eyJlZmdfdGFnIjoiQ0FST1VTRUxfSVRFTS5iZXN0X2ltYWdlX3VybGdlbi5DMyJ9&#038;_nc_ohc=ijKOcvR8VlgQ7kNvwG6EbYb&#038;_nc_oc=AdrLhze0mShu4i3-VjVRPPVE8jFlOYLhsnGncB_P8WjE5ETl_caCNh62bw_jFMchHTQ&#038;_nc_zt=23&#038;_nc_ht=scontent-hel3-1.cdninstagram.com&#038;edm=ANo9K5cEAAAA&#038;_nc_gid=bkzYuGZE76WtysRZ0MioqA&#038;_nc_tpa=Q5bMBQHAa0EL3ZbPMap5WhPmju8W1Ct9XGmIbGgNmROJSpi7qzvqjbRZ4T1sn8nF5onLFRjiyNZUpd6k&#038;oh=00_Af2S-K9MKWkqkOtuEaI_uIr6Vj_1W-tiBrHGRs-gNONdvQ&#038;oe=69F54ED1\" alt=\"Liput saavuttivat uuden kotimme eilen juhlavan lippukulkueen matkatessa \ud83c\udff3 Kymenlaakson Osakunnan lopullista muuttoa ollaan ahkerasti valmisteltu jo pitk\u00e4n aikaa. Loppuhuipentumana on pakkaaminen, jonka parissa osakuntalaiset ovat viett\u00e4neet kunniallisesti aikaa koko menneen viikon ajan - hienoa ty\u00f6t\u00e4 \ud83e\udef6Viel\u00e4 viimeiset rutistukset ja kohta alkaa uusi aikakausi, josta p\u00e4\u00e4semme nauttimaan!\"\/><div class=\"swiper-lazy-preloader swiper-lazy-preloader-white\"><\/div><\/div><\/div><div class=\"swiper-pagination\"><\/div><div class=\"swiper-button-prev\"><\/div><div class=\"swiper-button-next\"><\/div><\/div><\/div>\n\t\t\t\t\t<div class=\"details-wrapper\">\n\t\t\t\t\t<div class=\"wpz-insta-header\">\n\t\t\t\t\t\t<div class=\"wpz-insta-avatar\">\n\t\t\t\t\t\t\t<img loading=\"lazy\" decoding=\"async\" src=\"https:\/\/kymenlaaksonosakunta.fi\/uudetsivut\/wp-content\/uploads\/2025\/04\/312232993_1098535337345783_1384407763803683645_n-150x150.jpg\" alt=\"@kyosakunta\" width=\"42\" height=\"42\"\/>\n\t\t\t\t\t\t<\/div>\n\t\t\t\t\t\t<div class=\"wpz-insta-buttons\">\n\t\t\t\t\t\t\t<div class=\"wpz-insta-username\">\n\t\t\t\t\t\t\t\t<a rel=\"noopener\" target=\"_blank\" href=\"https:\/\/instagram.com\/kyosakunta\">@kyosakunta<\/a>\n\t\t\t\t\t\t\t<\/div>\n\t\t\t\t\t\t\t<div>&bull;<\/div>\n\t\t\t\t\t\t\t<div class=\"wpz-insta-follow\">\n\t\t\t\t\t\t\t\t<a target=\"_blank\" rel=\"noopener\"\n\t\t\t\t\t\t\t\thref=\"https:\/\/instagram.com\/kyosakunta?ref=badge\">\n\t\t\t\t\t\t\t\t\tFollow\n\t\t\t\t\t\t\t\t<\/a>\n\t\t\t\t\t\t\t<\/div>\n\t\t\t\t\t\t<\/div>\n\t\t\t\t\t<\/div><div class=\"wpz-insta-caption\">Liput saavuttivat uuden kotimme eilen juhlavan lippukulkueen matkatessa \ud83c\udff3 \n\nKymenlaakson Osakunnan lopullista muuttoa ollaan ahkerasti valmisteltu jo pitk\u00e4n aikaa. Loppuhuipentumana on pakkaaminen, jonka parissa osakuntalaiset ovat viett\u00e4neet kunniallisesti aikaa koko menneen viikon ajan &#8211; hienoa ty\u00f6t\u00e4 \ud83e\udef6\n\nViel\u00e4 viimeiset rutistukset ja kohta alkaa uusi aikakausi, josta p\u00e4\u00e4semme nauttimaan!<\/div><div class=\"wpz-insta-date\">1 m\u00e5nad ago<\/div><div class=\"view-post\">\n\t\t\t\t\t<a href=\"https:\/\/www.instagram.com\/p\/DWOsDxHghBa\/\" target=\"_blank\" rel=\"noopener\"><span class=\"dashicons dashicons-instagram\"><\/span>View on Instagram<\/a>\n\t\t\t\t\t<span class=\"delimiter\">|<\/span>\n\t\t\t\t\t<div class=\"wpz-insta-pagination\">7\/9<\/div>\n\t\t\t\t\t<\/div><\/div><\/div><\/div><div data-uid=\"18094569836087965\" class=\"swiper-slide wpz-insta-lightbox-item\"><div class=\"wpz-insta-lightbox\"><div class=\"image-wrapper\"><div class=\"swiper\" style=\"height: 100%;\"><div class=\"swiper-wrapper wpz-insta-album-images\"><div class=\"swiper-slide wpz-insta-album-image\" data-media-type=\"image\"><img class=\"wpzoom-swiper-image swiper-lazy\" data-src=\"https:\/\/scontent-hel3-1.cdninstagram.com\/v\/t51.82787-15\/655226236_18516468529074481_1466564109226581075_n.jpg?stp=dst-jpg_e35_tt6&#038;_nc_cat=110&#038;ccb=7-5&#038;_nc_sid=18de74&#038;efg=eyJlZmdfdGFnIjoiQ0FST1VTRUxfSVRFTS5iZXN0X2ltYWdlX3VybGdlbi5DMyJ9&#038;_nc_ohc=LIwBGGZZh-8Q7kNvwHkTuJS&#038;_nc_oc=AdqVB8YoT1bSrhrHfHVi0slYvyezL7m2EtEDkiEoIFwqFLTwczMecYHhNqaEDySZIyY&#038;_nc_zt=23&#038;_nc_ht=scontent-hel3-1.cdninstagram.com&#038;edm=ANo9K5cEAAAA&#038;_nc_gid=bkzYuGZE76WtysRZ0MioqA&#038;_nc_tpa=Q5bMBQHeZ2HbFbQ-srB8uVBfwAD3F5BjOKoSKsQIFJegrSyxZx93gmjEk4gO7KdPIzlmqEqacWBwXoQo&#038;oh=00_Af1oMhhjwJCjhkDoJTNH9SdR_QIh4MjsKOw3X1rTTDdAJw&#038;oe=69F548F8\" alt=\"Meid\u00e4n osakuntakoiramme Voikku sai vihdoin v\u00e4rit!T\u00e4\u00e4 todistaa kuinka KyOtaan voi tulla kuka vaan just sellasena kun on \ud83e\udd0d\ud83e\ude76\ud83d\udda4\"\/><div class=\"swiper-lazy-preloader swiper-lazy-preloader-white\"><\/div><\/div><div class=\"swiper-slide wpz-insta-album-image\" data-media-type=\"video\"><video controls muted preload=\"none\"><source src=\"https:\/\/scontent-hel3-1.cdninstagram.com\/o1\/v\/t16\/f2\/m69\/AQMvV-0CLXPqB9RH3o5_bRQaKFBrf4iLJIZw1YZSIVPrQ1bd4E8aSF2h8Mue56fmD8U7KLvcyOlEQK5Xduii_xUG.mp4?strext=1&#038;_nc_cat=105&#038;_nc_sid=5e9851&#038;_nc_ht=scontent-hel3-1.cdninstagram.com&#038;_nc_ohc=O_zFPq_uU3oQ7kNvwEbfGpW&#038;efg=eyJ2ZW5jb2RlX3RhZyI6Inhwdl9wcm9ncmVzc2l2ZS5JTlNUQUdSQU0uQ0FST1VTRUxfSVRFTS5DMy4zNjAuZGFzaF9iYXNlbGluZV8zX3YxIiwieHB2X2Fzc2V0X2lkIjoxODUxNjQ2ODUzODA3NDQ4MSwiYXNzZXRfYWdlX2RheXMiOjM5LCJ2aV91c2VjYXNlX2lkIjoxMDE0NiwiZHVyYXRpb25fcyI6MTQsInVybGdlbl9zb3VyY2UiOiJ3d3cifQ%3D%3D&#038;ccb=17-1&#038;vs=e557637c3d525506&#038;_nc_vs=HBksFQIYOnBhc3N0aHJvdWdoX2V2ZXJzdG9yZS9HRTdteHliUG9SM0pMcTBKQUdpdlVCdlAwMjlXYnNwVEFRQUYVAALIARIAFQIYUWlnX3hwdl9wbGFjZW1lbnRfcGVybWFuZW50X3YyLzQwNEJDOTVFRDdEOENGOEQ3NTg2QzhFOURFQ0RGNDlEX2F1ZGlvX2Rhc2hpbml0Lm1wNBUCAsgBEgAoABgAGwKIB3VzZV9vaWwBMRJwcm9ncmVzc2l2ZV9yZWNpcGUBMRUAACbilaebqajkQRUCKAJDMywXQCwAAAAAAAAYEmRhc2hfYmFzZWxpbmVfM192MREAde4HZcSeAQA&#038;_nc_gid=bkzYuGZE76WtysRZ0MioqA&#038;edm=ANo9K5cEAAAA&#038;_nc_zt=28&#038;_nc_tpa=Q5bMBQFO6gqKzxEL6bWhP333mvG5cy8dLQhfgf23BOpk_jQ8AEE5uvPhTsQF9xQVyj6N-Y78ACMct1gh&#038;oh=00_Af3Y75PCOjlw45zkq2cDDLIrir97_-cBiXqhbRZti0wTpA&#038;oe=69F53CBF\" type=\"video\/mp4\"\/><\/video><\/div><\/div><div class=\"swiper-pagination\"><\/div><div class=\"swiper-button-prev\"><\/div><div class=\"swiper-button-next\"><\/div><\/div><\/div>\n\t\t\t\t\t<div class=\"details-wrapper\">\n\t\t\t\t\t<div class=\"wpz-insta-header\">\n\t\t\t\t\t\t<div class=\"wpz-insta-avatar\">\n\t\t\t\t\t\t\t<img loading=\"lazy\" decoding=\"async\" src=\"https:\/\/kymenlaaksonosakunta.fi\/uudetsivut\/wp-content\/uploads\/2025\/04\/312232993_1098535337345783_1384407763803683645_n-150x150.jpg\" alt=\"@kyosakunta\" width=\"42\" height=\"42\"\/>\n\t\t\t\t\t\t<\/div>\n\t\t\t\t\t\t<div class=\"wpz-insta-buttons\">\n\t\t\t\t\t\t\t<div class=\"wpz-insta-username\">\n\t\t\t\t\t\t\t\t<a rel=\"noopener\" target=\"_blank\" href=\"https:\/\/instagram.com\/kyosakunta\">@kyosakunta<\/a>\n\t\t\t\t\t\t\t<\/div>\n\t\t\t\t\t\t\t<div>&bull;<\/div>\n\t\t\t\t\t\t\t<div class=\"wpz-insta-follow\">\n\t\t\t\t\t\t\t\t<a target=\"_blank\" rel=\"noopener\"\n\t\t\t\t\t\t\t\thref=\"https:\/\/instagram.com\/kyosakunta?ref=badge\">\n\t\t\t\t\t\t\t\t\tFollow\n\t\t\t\t\t\t\t\t<\/a>\n\t\t\t\t\t\t\t<\/div>\n\t\t\t\t\t\t<\/div>\n\t\t\t\t\t<\/div><div class=\"wpz-insta-caption\">Meid\u00e4n osakuntakoiramme Voikku sai vihdoin v\u00e4rit!\n\nT\u00e4\u00e4 todistaa kuinka KyOtaan voi tulla kuka vaan just sellasena kun on \ud83e\udd0d\ud83e\ude76\ud83d\udda4<\/div><div class=\"wpz-insta-date\">1 m\u00e5nad ago<\/div><div class=\"view-post\">\n\t\t\t\t\t<a href=\"https:\/\/www.instagram.com\/p\/DWCWyKogrGs\/\" target=\"_blank\" rel=\"noopener\"><span class=\"dashicons dashicons-instagram\"><\/span>View on Instagram<\/a>\n\t\t\t\t\t<span class=\"delimiter\">|<\/span>\n\t\t\t\t\t<div class=\"wpz-insta-pagination\">8\/9<\/div>\n\t\t\t\t\t<\/div><\/div><\/div><\/div><div data-uid=\"18094022555475932\" class=\"swiper-slide wpz-insta-lightbox-item\"><div class=\"wpz-insta-lightbox\"><div class=\"image-wrapper\"><div class=\"swiper\" style=\"height: 100%;\"><div class=\"swiper-wrapper wpz-insta-album-images\"><div class=\"swiper-slide wpz-insta-album-image\" data-media-type=\"image\"><img class=\"wpzoom-swiper-image swiper-lazy\" data-src=\"https:\/\/scontent-hel3-1.cdninstagram.com\/v\/t51.82787-15\/651009655_18515509189074481_8823813971521218141_n.jpg?stp=dst-jpg_e35_tt6&#038;_nc_cat=107&#038;ccb=7-5&#038;_nc_sid=18de74&#038;efg=eyJlZmdfdGFnIjoiQ0FST1VTRUxfSVRFTS5iZXN0X2ltYWdlX3VybGdlbi5DMyJ9&#038;_nc_ohc=NEvACkBkuXwQ7kNvwGieJzV&#038;_nc_oc=AdoX7y-Y4hDLblwwc4WX9uGRm3zzgZY57Ak2tTmVYv4F5mJQc6UvotuUw--twriyfXw&#038;_nc_zt=23&#038;_nc_ht=scontent-hel3-1.cdninstagram.com&#038;edm=ANo9K5cEAAAA&#038;_nc_gid=bkzYuGZE76WtysRZ0MioqA&#038;_nc_tpa=Q5bMBQHLbuA6WiQH9wwCnprBtycgy7BzfWMWYxdpz-GjWzMC7-9YEsx1_VYa9VpRoRUiMvRJTFmtHR90&#038;oh=00_Af0uXOflaKkqiUpZ1GMafR5gkOE5gQsfqGTbujorKjE5tw&#038;oe=69F51F6A\" alt=\"Yst\u00e4vyyksi\u00e4 vaalien j\u00e4rjest\u00e4mme vuorottelujuhlan huhtikuussa! Etsimme t\u00e4ss\u00e4 vaiheessa j\u00e4rjest\u00e4ji\u00e4, joten tarkasta oman osakuntasi tiedotuksesta tai kysy toimareilta kuinka p\u00e4\u00e4set j\u00e4rjest\u00e4jien wa-ryhm\u00e4\u00e4n.\"\/><div class=\"swiper-lazy-preloader swiper-lazy-preloader-white\"><\/div><\/div><div class=\"swiper-slide wpz-insta-album-image\" data-media-type=\"image\"><img class=\"wpzoom-swiper-image swiper-lazy\" data-src=\"https:\/\/scontent-hel3-1.cdninstagram.com\/v\/t51.82787-15\/651551626_18515509198074481_5762229469562578481_n.jpg?stp=dst-jpg_e35_tt6&#038;_nc_cat=101&#038;ccb=7-5&#038;_nc_sid=18de74&#038;efg=eyJlZmdfdGFnIjoiQ0FST1VTRUxfSVRFTS5iZXN0X2ltYWdlX3VybGdlbi5DMyJ9&#038;_nc_ohc=5abYD_G2UYgQ7kNvwGkCVO3&#038;_nc_oc=Adp5MfSO1I0jYDAbTEWFlPh5j0QqpbwUume3sl2jQ-rBh-WpBU7UH2WXyUDtI4Zow0Y&#038;_nc_zt=23&#038;_nc_ht=scontent-hel3-1.cdninstagram.com&#038;edm=ANo9K5cEAAAA&#038;_nc_gid=bkzYuGZE76WtysRZ0MioqA&#038;_nc_tpa=Q5bMBQEVzr4Y7nH2V0wlLpf6tGIAS2cyreZvot6bzOYn6u4DkGSsyQVbcGBnf9TJGzeLDFIGv1zznysT&#038;oh=00_Af01YNbSRtFeacX3e5O_czMHMl_LLd-8jvgaM6x2GTzFYw&#038;oe=69F5331A\" alt=\"Yst\u00e4vyyksi\u00e4 vaalien j\u00e4rjest\u00e4mme vuorottelujuhlan huhtikuussa! Etsimme t\u00e4ss\u00e4 vaiheessa j\u00e4rjest\u00e4ji\u00e4, joten tarkasta oman osakuntasi tiedotuksesta tai kysy toimareilta kuinka p\u00e4\u00e4set j\u00e4rjest\u00e4jien wa-ryhm\u00e4\u00e4n.\"\/><div class=\"swiper-lazy-preloader swiper-lazy-preloader-white\"><\/div><\/div><\/div><div class=\"swiper-pagination\"><\/div><div class=\"swiper-button-prev\"><\/div><div class=\"swiper-button-next\"><\/div><\/div><\/div>\n\t\t\t\t\t<div class=\"details-wrapper\">\n\t\t\t\t\t<div class=\"wpz-insta-header\">\n\t\t\t\t\t\t<div class=\"wpz-insta-avatar\">\n\t\t\t\t\t\t\t<img loading=\"lazy\" decoding=\"async\" src=\"https:\/\/kymenlaaksonosakunta.fi\/uudetsivut\/wp-content\/uploads\/2025\/04\/312232993_1098535337345783_1384407763803683645_n-150x150.jpg\" alt=\"@kyosakunta\" width=\"42\" height=\"42\"\/>\n\t\t\t\t\t\t<\/div>\n\t\t\t\t\t\t<div class=\"wpz-insta-buttons\">\n\t\t\t\t\t\t\t<div class=\"wpz-insta-username\">\n\t\t\t\t\t\t\t\t<a rel=\"noopener\" target=\"_blank\" href=\"https:\/\/instagram.com\/kyosakunta\">@kyosakunta<\/a>\n\t\t\t\t\t\t\t<\/div>\n\t\t\t\t\t\t\t<div>&bull;<\/div>\n\t\t\t\t\t\t\t<div class=\"wpz-insta-follow\">\n\t\t\t\t\t\t\t\t<a target=\"_blank\" rel=\"noopener\"\n\t\t\t\t\t\t\t\thref=\"https:\/\/instagram.com\/kyosakunta?ref=badge\">\n\t\t\t\t\t\t\t\t\tFollow\n\t\t\t\t\t\t\t\t<\/a>\n\t\t\t\t\t\t\t<\/div>\n\t\t\t\t\t\t<\/div>\n\t\t\t\t\t<\/div><div class=\"wpz-insta-caption\">Yst\u00e4vyyksi\u00e4 vaalien j\u00e4rjest\u00e4mme vuorottelujuhlan huhtikuussa! Etsimme t\u00e4ss\u00e4 vaiheessa j\u00e4rjest\u00e4ji\u00e4, joten tarkasta oman osakuntasi tiedotuksesta tai kysy toimareilta kuinka p\u00e4\u00e4set j\u00e4rjest\u00e4jien wa-ryhm\u00e4\u00e4n.<\/div><div class=\"wpz-insta-date\">1 m\u00e5nad ago<\/div><div class=\"view-post\">\n\t\t\t\t\t<a href=\"https:\/\/www.instagram.com\/p\/DV4GZR2go9w\/\" target=\"_blank\" rel=\"noopener\"><span class=\"dashicons dashicons-instagram\"><\/span>View on Instagram<\/a>\n\t\t\t\t\t<span class=\"delimiter\">|<\/span>\n\t\t\t\t\t<div class=\"wpz-insta-pagination\">9\/9<\/div>\n\t\t\t\t\t<\/div><\/div><\/div><\/div><\/div><div class=\"swiper-button-prev\"><\/div><div class=\"swiper-button-next\"><\/div><\/div><\/div><\/div>\n\n\n<hr class=\"wp-block-separator has-alpha-channel-opacity\"\/>\n\n\n\n<h2 class=\"wp-block-heading has-text-align-center\" style=\"margin-top:var(--wp--preset--spacing--small);margin-right:0;margin-bottom:var(--wp--preset--spacing--small);margin-left:0\">Tapahtumakalenteri<\/h2>\n\n\n<p><center><iframe loading=\"lazy\" src=\"https:\/\/calendar.google.com\/calendar\/embed?src=kyosakunta%40gmail.com&#038;ctz=Europe%2FHelsinki\" style=\"border: 0\" width=\"800\" height=\"600\" frameborder=\"0\" scrolling=\"no\"><\/iframe><\/center><\/p>\n\n\n\n<hr class=\"wp-block-separator has-alpha-channel-opacity\"\/>\n\n\n\n<h2 class=\"wp-block-heading has-text-align-center\">Osakuntatilat<\/h2>\n\n\n\n<p><\/p>\n\n\n\n<div class=\"wp-block-columns is-layout-flex wp-container-core-columns-is-layout-28f84493 wp-block-columns-is-layout-flex\">\n<div class=\"wp-block-column is-layout-flow wp-block-column-is-layout-flow\">\n<p>Kymenlaakson Osakunnan l\u00f6yd\u00e4t Casa Academicalta.<\/p>\n\n\n\n<p>Osakunnan osoitetiedot:<\/p>\n\n\n\n<p>Kymenlaakson Osakunta<\/p>\n\n\n\n<p>Perhonkatu 6, 5. kerros<\/p>\n\n\n\n<p>00100 HELSINKI<\/p>\n<\/div>\n\n\n\n<div class=\"wp-block-column is-layout-flow wp-block-column-is-layout-flow\"><style>.kb-google-maps-container1503_767d09-b5{height:450px;}.kb-google-maps-container1503_767d09-b5{filter:grayscale(100%);}<\/style><div class=\"kb-google-maps-container kb-google-maps-container1503_767d09-b5  wp-block-kadence-googlemaps\" data-mapid=\"1503_767d09b5\"><iframe width=\"100%\" height=\"100%\"\n\t\t\t\t\t\t\tstyle=\"border:0\" loading=\"lazy\"\n\t\t\t\t\t\t\tsrc=\"https:\/\/www.google.com\/maps\/embed\/v1\/place?key=AIzaSyBAM2o7PiQqwk15LC1XRH2e_KJ-jUa7KYk&#038;zoom=14&#038;maptype=roadmap&#038;q=Casa+Academica\"\n\t\t\t\t\t\t\ttitle=\"Google map of Casa Academica\"><\/iframe><\/div><script>function kb_google_map1503_767d09b5() { let center = { lat: 37.8201, lng: -122.4781}; let map = new google.maps.Map(document.getElementById(\"kb-google-map1503_767d09b5\"), {\n\t\t\t\t\t    zoom: 14,\n\t\t\t\t\t    center: center,});let marker = new google.maps.Marker({   position: { lat: 37.8201, lng: -122.4781},    map: map,  });}<\/script><\/div>\n<\/div>\n\n\n\n<p><\/p>","protected":false},"excerpt":{"rendered":"<p>Kymenlaakson Osakunta on Helsingiss\u00e4&nbsp;toimiva tiedekunta- ja korkeakoulurajat ylitt\u00e4v\u00e4 poikkitieteellinen opiskelijaj\u00e4rjest\u00f6. J\u00e4seni\u00e4mme yhdist\u00e4\u00e4 kymenlaaksolainen tausta ja mieli. KyO tarjoaa j\u00e4senilleen monipuolista kulttuuri- ja harrastustoimintaa, opiskelijabileit\u00e4 ja perinteisi\u00e4 p\u00f6yt\u00e4juhlia sek\u00e4 kaikkea muuta, mit\u00e4 poikkitieteelliseen opiskelijael\u00e4m\u00e4\u00e4n kuuluu. Helsingin Etu-T\u00f6\u00f6l\u00f6ss\u00e4 sijaitsevat tilamme tarjoavat puitteet niin juhliin kuin hengailuunkin. Tiedotteet Kiinnostaako Osakunta? Voit tulla mukaan milloin vain ja miss\u00e4 vaiheessa &hellip; <\/p>\n<p class=\"link-more\"><a href=\"https:\/\/kymenlaaksonosakunta.fi\/sv\/\" class=\"more-link\">Read more<span class=\"screen-reader-text\"> &#8221;&#8221;<\/span><\/a><\/p>","protected":false},"author":1,"featured_media":0,"parent":0,"menu_order":0,"comment_status":"closed","ping_status":"closed","template":"","meta":{"inspiro_hide_title":false,"footnotes":""},"class_list":["post-1503","page","type-page","status-publish","hentry"],"_links":{"self":[{"href":"https:\/\/kymenlaaksonosakunta.fi\/sv\/wp-json\/wp\/v2\/pages\/1503","targetHints":{"allow":["GET"]}}],"collection":[{"href":"https:\/\/kymenlaaksonosakunta.fi\/sv\/wp-json\/wp\/v2\/pages"}],"about":[{"href":"https:\/\/kymenlaaksonosakunta.fi\/sv\/wp-json\/wp\/v2\/types\/page"}],"author":[{"embeddable":true,"href":"https:\/\/kymenlaaksonosakunta.fi\/sv\/wp-json\/wp\/v2\/users\/1"}],"replies":[{"embeddable":true,"href":"https:\/\/kymenlaaksonosakunta.fi\/sv\/wp-json\/wp\/v2\/comments?post=1503"}],"version-history":[{"count":172,"href":"https:\/\/kymenlaaksonosakunta.fi\/sv\/wp-json\/wp\/v2\/pages\/1503\/revisions"}],"predecessor-version":[{"id":2335,"href":"https:\/\/kymenlaaksonosakunta.fi\/sv\/wp-json\/wp\/v2\/pages\/1503\/revisions\/2335"}],"wp:attachment":[{"href":"https:\/\/kymenlaaksonosakunta.fi\/sv\/wp-json\/wp\/v2\/media?parent=1503"}],"curies":[{"name":"wp","href":"https:\/\/api.w.org\/{rel}","templated":true}]}}