{"id":1590,"date":"2025-04-26T17:49:02","date_gmt":"2025-04-26T14:49:02","guid":{"rendered":"https:\/\/kymenlaaksonosakunta.fi\/?page_id=1590"},"modified":"2026-03-19T13:36:18","modified_gmt":"2026-03-19T11:36:18","slug":"toiminta-2","status":"publish","type":"page","link":"https:\/\/kymenlaaksonosakunta.fi\/sv\/toiminta-2\/","title":{"rendered":"Toiminta ja tiedotus"},"content":{"rendered":"<h2 class=\"wp-block-heading\">Tiedotus<\/h2>\n\n\n\n<h3 class=\"wp-block-heading\">S\u00e4hk\u00f6postilista<\/h3>\n\n\n\n<p>Osakunnan virallisena tiedotuskanavana toimii s\u00e4hk\u00f6postilista <em>tiedotus@kymenlaaksonosakunta.fi<\/em>. Listalle kannattaa ehdottomasti liitty\u00e4, sill\u00e4 sen avulla pysyy parhaiten selvill\u00e4 siit\u00e4, mit\u00e4 osakunnalla on meneill\u00e4\u00e4n.<\/p>\n\n\n\n<h4 class=\"wp-block-heading\">Listalle liittyminen<\/h4>\n\n\n\n<p>Listan tilaaminen tapahtuu osoitteessa <a href=\"http:\/\/mail.kymenlaaksonosakunta.fi\/mailman\/listinfo\/tiedotus_kymenlaaksonosakunta.fi\">tiedotus.kymenlaaksonosakunta.fi<\/a>. T\u00e4yt\u00e4 sivulla lomake &#8221;listalle Tiedotus liittyminen&#8221;. Sen j\u00e4lkeen saat s\u00e4hk\u00f6postiisi ohjeet jatkotoimenpiteist\u00e4. Liittymiseen menee korkeintaan muutama minuutti, eik\u00e4 se vaadi teknist\u00e4 osaamista s\u00e4hk\u00f6postin l\u00e4hett\u00e4mist\u00e4 enemp\u00e4\u00e4.<\/p>\n\n\n\n<h3 class=\"wp-block-heading\">Sosiaalinen media<\/h3>\n\n\n\n<p>Kymenlaakson Osakunta l\u00f6ytyy sek\u00e4 <a href=\"https:\/\/www.facebook.com\/kyosakunta\/\">Facebookista<\/a> ett\u00e4 <a href=\"https:\/\/www.instagram.com\/kyosakunta\/\">Instagramista<\/a> nimell\u00e4 @kyosakunta. Seuraa meit\u00e4, niin pysyt ajan tasalla siit\u00e4, mit\u00e4 osakunnassa tapahtuu! Muista my\u00f6s viralliset ja v\u00e4hemm\u00e4n viralliset aihetunnisteet:<\/p>\n\n\n\n<ul class=\"wp-block-list\">\n<li>#kyosakunta<\/li>\n\n\n\n<li>#kyopallo<\/li>\n\n\n\n<li>#kym\u00e4l\u00e4isetedustaa<\/li>\n\n\n\n<li>#herralohi<\/li>\n\n\n\n<li>#jovuodesta1933<\/li>\n\n\n\n<li><\/li>\n<\/ul>\n\n\n\n<hr class=\"wp-block-separator has-alpha-channel-opacity\"\/>\n\n\n\n<h2 class=\"wp-block-heading\">Toiminta<\/h2>\n\n\n\n<h3 class=\"wp-block-heading\">Keskiviikkokahvit<\/h3>\n\n\n\n<p>Keskiviikkoiltaisin klo 19 henkil\u00f6kunta tarjoaa osakunnalla keskiviikkokahvit. Keskiviikkokahvitukset hoidetaan yhdess\u00e4 Karjalaisen ja Wiipurilaisen Osakunnan kanssa. KyOn henkil\u00f6kunta hoitaa kahvituksen KyOn p\u00e4ivystysviikkoina. Kahvikupin ja herkkujen \u00e4\u00e4ress\u00e4 tapaa varmasti niin vanhoja kuin uusiakin tuttuja monesta eri osakunnasta. Keskiviikkokahvien yhteydess\u00e4 voi olla my\u00f6s muuta ohjelmaa, kuten oman alan esittelyiltoja tai vaikkapa lautapelien pelailua.<\/p>\n\n\n\n<figure class=\"wp-block-image\"><img decoding=\"async\" src=\"http:\/\/kymenlaaksonosakunta.fi\/images\/kyo_images\/kokous.jpg\" alt=\"\"\/><\/figure>\n\n\n\n<h3 class=\"wp-block-heading\">Kokoukset<\/h3>\n\n\n\n<p>Osakunnan kokoukset j\u00e4rjestet\u00e4\u00e4n kerran kuussa torstaisin kello 18.30 osakunnalla.<\/p>\n\n\n\n<p>Osakunnan kokouksissa p\u00e4\u00e4tet\u00e4\u00e4n osakunnan toiminnasta ja suunnitellaan tulevaa. Kokouksissa on tarjolla henkil\u00f6kunnan tarjoamat ilmaiset kokouskahvit sek\u00e4 suolaista ja makeaa sy\u00f6t\u00e4v\u00e4\u00e4. Jotta kokous on p\u00e4\u00e4t\u00f6svaltainen, tulee l\u00e4sn\u00e4 olla v\u00e4hint\u00e4\u00e4n kymmenen osakuntalaista. Kaikilla osakunnan j\u00e4senill\u00e4 on kokouksessa l\u00e4sn\u00e4olo-, puhe-, ja&nbsp;\u00e4\u00e4nioikeus. Osakunnan kokous on hyv\u00e4 tilaisuus tavata osakuntakavereita ja p\u00e4\u00e4st\u00e4 tutustumaan j\u00e4rjest\u00f6n py\u00f6ritt\u00e4miseen.<\/p>\n\n\n\n<p>Osakunnan hallitus kokoontuu noin kaksi kertaa kuussa. Kokoukset ovat kaikille osakunnan j\u00e4senille avoimia. Sek\u00e4 osakunnan ett\u00e4 hallituksen tulevat kokousp\u00e4iv\u00e4t n\u00e4kyv\u00e4t osakunnan kalenterissa. Hallitus kokokoontuu yleens\u00e4 DG:ll\u00e4, mutta toisinaan my\u00f6s muualla. Jos suunnittelen vierailevasi hallituksen kokouksessa, kysy joltakin hallituksen j\u00e4senelt\u00e4, miss\u00e4 seuraava kokous pidet\u00e4\u00e4n. Osakunnan kokouksista tiedotetaan my\u00f6s s\u00e4hk\u00f6postilistalla.<\/p>\n\n\n\n<figure class=\"wp-block-image\"><img decoding=\"async\" src=\"http:\/\/kymenlaaksonosakunta.fi\/images\/kyo_images\/2016\/kesaretki_anjala.jpg\" alt=\"\"\/><\/figure>\n\n\n\n<h3 class=\"wp-block-heading\">Liikunta ja kulttuuri<\/h3>\n\n\n\n<p>KyO tekee erilaisia ekskursioita niin kulttuuri- kuin liikuntatapahtumiin. Olemme k\u00e4yneet teatterissa, elokuvissa, taiden\u00e4yttelyiss\u00e4, kokeilemassa eri urheilulajeja ja penkkiurheilemassa. Osakunta sponsoroi retki\u00e4, joten ne sopivat hyvin opiskelijan budjettiin. Ekskursioita j\u00e4rjest\u00e4v\u00e4t p\u00e4\u00e4asiassa toiminnanohjaaja sek\u00e4 kulttuuri- ja liikuntasihteerit, mutta halutessaan kuka tahansa osakuntalainen voi j\u00e4rjest\u00e4\u00e4 toimintaa.<\/p>\n\n\n\n<p>Kes\u00e4isin osakuntalaiset suuntaavat kes\u00e4retkelle johonkin Kymenlaakson kunnista. Kes\u00e4retken toteuttaa maakuntavaliokunta.<\/p>\n\n\n\n<h3 class=\"wp-block-heading\">WiOL<\/h3>\n\n\n\n<p>KyOn j\u00e4senet ovat tervetulleita liittym\u00e4\u00e4n <a href=\"http:\/\/www.wiol.fi\">Wiipurilaisen Osakunnan Laulajiin<\/a> eli WiOLiin, joka on Domus Gaudiumin Osakuntien yhteinen kuoro.<\/p>\n\n\n\n<hr class=\"wp-block-separator has-alpha-channel-opacity\"\/>\n\n\n\n<h2 class=\"wp-block-heading\">Juhlatoiminta<\/h2>\n\n\n\n<p>Osakuntavuoteen mahtuu monenlaisia p\u00f6yt\u00e4juhlia, joissa kolmen ruokalajin illallisen ohella laulu raikaa ja tunnelma on korkealla. Juhlien pukeutumisohjeet ilmoitetaan yleens\u00e4 kutsussa, mutta tumma puku on useimpiin tilaisuuksiin sopiva asu herroille, leidit voivat t\u00e4ll\u00f6in pukeutua mekkoon tai juhlavaan paita ja hame -yhdistelm\u00e4\u00e4n \u2013 teemajuhlat tietenkin erikseen! Juhlissa k\u00e4ytett\u00e4vist\u00e4 erilaisista pukukoodeista l\u00f6ytyy lis\u00e4tietoa <a href=\"http:\/\/www.kymenlaaksonosakunta.fi\/wiki\/index.php?title=Pukeutuminen\">KyOwikist\u00e4<\/a>.<\/p>\n\n\n\n<p><strong>Virkailijanvaihtokaronkassa<\/strong> tammikuussa juhlitaan virkailijoiden vaihtumista. Juhla on vanhoille ja uusille virkailijoille ilmainen.<\/p>\n\n\n\n<p><strong>Vuosijuhlaa<\/strong> vietet\u00e4\u00e4n sin\u00e4 lauantaina, joka on l\u00e4hinn\u00e4 26. helmikuuta. Vuosijuhla on arvokkuudessaan monelle osakuntavuoden kohokohta. Vuosijuhliin pukeudutaan frakkiin\/tummaan pukuun ja pitk\u00e4\u00e4n iltapukuun. P\u00f6yt\u00e4juhlan lis\u00e4ksi vuosijuhliin kuuluvat vanhat tanssit ja sunnuntaiaamun sillisaamiainen. Vuosijuhlaa edelt\u00e4v\u00e4n\u00e4 iltana tai vuosijuhlakokouksen j\u00e4lkeen torstaina vied\u00e4\u00e4n seppele Osakunnan ensimm\u00e4isen inspehtorin Erik L\u00f6nnrothin haudalle.<\/p>\n\n\n\n<figure class=\"wp-block-image\"><img decoding=\"async\" src=\"http:\/\/kymenlaaksonosakunta.fi\/images\/kyo_images\/2016\/vuosijuhla_80.jpg\" alt=\"\"\/><\/figure>\n\n\n\n<p><strong>Fuksisitseill\u00e4<\/strong> syys\u2013lokakuussa fuksit p\u00e4\u00e4sev\u00e4t tutustumaan akateemisten p\u00f6yt\u00e4juhlien maailmaan.<\/p>\n\n\n\n<p>Marraskuun <strong>r<\/strong><strong>ajanylitys eli rajis<\/strong> on KyOn kakkosjuhla. Rajanylityksess\u00e4 on joka vuosi vaihtuva teema. Nimen alkuper\u00e4st\u00e4 on v\u00e4\u00e4nnetty Osakunnalla k\u00e4tt\u00e4 jo pitk\u00e4\u00e4n \u2013 joidenkin mielest\u00e4 nimi juontaa juurensa Kymijokeen ja sen ylitt\u00e4miseen, toiset tulkitsevat nimen yksinkertaisesti hyv\u00e4n maun rajan ylitt\u00e4miseksi itse pippaloissa.<\/p>\n\n\n\n<p>Lis\u00e4ksi kev\u00e4\u00e4ll\u00e4 juhlitaan Karjalaisen, Keskisuomalaisen ja Wiipurilaisen Osakunnan kanssa <strong>yhteissitseill\u00e4<\/strong>, elokuussa It\u00e4suomalaisen valtuuskunnan j\u00e4rjest\u00e4mill\u00e4 <strong>it\u00e4suomalaisilla kes\u00e4juhlilla<\/strong> ja syksyll\u00e4 KyOn omissa <strong>rapujuhlissa<\/strong>. Joulun alla on usein j\u00e4rjestetty <strong>pikkujoulut<\/strong>.<\/p>","protected":false},"excerpt":{"rendered":"<p>Tiedotus S\u00e4hk\u00f6postilista Osakunnan virallisena tiedotuskanavana toimii s\u00e4hk\u00f6postilista tiedotus@kymenlaaksonosakunta.fi. Listalle kannattaa ehdottomasti liitty\u00e4, sill\u00e4 sen avulla pysyy parhaiten selvill\u00e4 siit\u00e4, mit\u00e4 osakunnalla on meneill\u00e4\u00e4n. Listalle liittyminen Listan tilaaminen tapahtuu osoitteessa tiedotus.kymenlaaksonosakunta.fi. T\u00e4yt\u00e4 sivulla lomake &#8221;listalle Tiedotus liittyminen&#8221;. Sen j\u00e4lkeen saat s\u00e4hk\u00f6postiisi ohjeet jatkotoimenpiteist\u00e4. Liittymiseen menee korkeintaan muutama minuutti, eik\u00e4 se vaadi teknist\u00e4 osaamista s\u00e4hk\u00f6postin l\u00e4hett\u00e4mist\u00e4 enemp\u00e4\u00e4. &hellip; <\/p>\n<p class=\"link-more\"><a href=\"https:\/\/kymenlaaksonosakunta.fi\/sv\/toiminta-2\/\" class=\"more-link\">Read more<span class=\"screen-reader-text\"> &#8221;Toiminta ja tiedotus&#8221;<\/span><\/a><\/p>","protected":false},"author":1,"featured_media":0,"parent":0,"menu_order":0,"comment_status":"closed","ping_status":"closed","template":"","meta":{"inspiro_hide_title":false,"footnotes":""},"class_list":["post-1590","page","type-page","status-publish","hentry"],"_links":{"self":[{"href":"https:\/\/kymenlaaksonosakunta.fi\/sv\/wp-json\/wp\/v2\/pages\/1590","targetHints":{"allow":["GET"]}}],"collection":[{"href":"https:\/\/kymenlaaksonosakunta.fi\/sv\/wp-json\/wp\/v2\/pages"}],"about":[{"href":"https:\/\/kymenlaaksonosakunta.fi\/sv\/wp-json\/wp\/v2\/types\/page"}],"author":[{"embeddable":true,"href":"https:\/\/kymenlaaksonosakunta.fi\/sv\/wp-json\/wp\/v2\/users\/1"}],"replies":[{"embeddable":true,"href":"https:\/\/kymenlaaksonosakunta.fi\/sv\/wp-json\/wp\/v2\/comments?post=1590"}],"version-history":[{"count":4,"href":"https:\/\/kymenlaaksonosakunta.fi\/sv\/wp-json\/wp\/v2\/pages\/1590\/revisions"}],"predecessor-version":[{"id":2304,"href":"https:\/\/kymenlaaksonosakunta.fi\/sv\/wp-json\/wp\/v2\/pages\/1590\/revisions\/2304"}],"wp:attachment":[{"href":"https:\/\/kymenlaaksonosakunta.fi\/sv\/wp-json\/wp\/v2\/media?parent=1590"}],"curies":[{"name":"wp","href":"https:\/\/api.w.org\/{rel}","templated":true}]}}