{"id":2160,"date":"2026-01-18T10:34:54","date_gmt":"2026-01-18T08:34:54","guid":{"rendered":"https:\/\/kymenlaaksonosakunta.fi\/?page_id=2160"},"modified":"2026-03-26T10:23:59","modified_gmt":"2026-03-26T08:23:59","slug":"virkailijat","status":"publish","type":"page","link":"https:\/\/kymenlaaksonosakunta.fi\/sv\/virkailijat\/","title":{"rendered":"Virkailijat ja hallitus 2026"},"content":{"rendered":"\n<div class=\"wp-block-columns has-2-columns is-layout-flex wp-container-core-columns-is-layout-28f84493 wp-block-columns-is-layout-flex\">\n<div class=\"wp-block-column is-layout-flow wp-block-column-is-layout-flow\">\n<div class=\"wp-block-columns is-layout-flex wp-container-core-columns-is-layout-28f84493 wp-block-columns-is-layout-flex\">\n<div class=\"wp-block-column has-primary-color has-lightgrey-background-color has-text-color has-background has-link-color wp-elements-401afe8669c9cc5271ec96d5cc363fd0 is-layout-flow wp-block-column-is-layout-flow\">\n<figure class=\"wp-block-image size-full\" style=\"margin-top:var(--wp--preset--spacing--x-small);margin-bottom:var(--wp--preset--spacing--x-small)\"><img loading=\"lazy\" decoding=\"async\" width=\"1922\" height=\"2560\" src=\"https:\/\/kymenlaaksonosakunta.fi\/uudetsivut\/wp-content\/uploads\/2025\/04\/IMG_5021-scaled.jpg\" alt=\"\" class=\"wp-image-1512\" srcset=\"https:\/\/kymenlaaksonosakunta.fi\/uudetsivut\/wp-content\/uploads\/2025\/04\/IMG_5021-scaled.jpg 1922w, https:\/\/kymenlaaksonosakunta.fi\/uudetsivut\/wp-content\/uploads\/2025\/04\/IMG_5021-225x300.jpg 225w, https:\/\/kymenlaaksonosakunta.fi\/uudetsivut\/wp-content\/uploads\/2025\/04\/IMG_5021-769x1024.jpg 769w, https:\/\/kymenlaaksonosakunta.fi\/uudetsivut\/wp-content\/uploads\/2025\/04\/IMG_5021-768x1023.jpg 768w, https:\/\/kymenlaaksonosakunta.fi\/uudetsivut\/wp-content\/uploads\/2025\/04\/IMG_5021-1153x1536.jpg 1153w, https:\/\/kymenlaaksonosakunta.fi\/uudetsivut\/wp-content\/uploads\/2025\/04\/IMG_5021-1537x2048.jpg 1537w\" sizes=\"auto, (max-width: 1922px) 100vw, 1922px\" \/><\/figure>\n\n\n\n<p class=\"has-text-align-center has-x-small-font-size\"><strong>Inspehtori<\/strong><br>professori Kalle Juuti<br><em>inspehtori@kymenlaaksonosakunta.fi<\/em><\/p>\n<\/div>\n\n\n\n<div class=\"wp-block-column is-layout-flow wp-block-column-is-layout-flow\"><\/div>\n\n\n\n<div class=\"wp-block-column has-primary-color has-lightgrey-background-color has-text-color has-background has-link-color wp-elements-fe4531f59704e5db9c8f738f956f94f8 is-layout-flow wp-block-column-is-layout-flow\">\n<figure class=\"wp-block-image size-large\" style=\"margin-top:var(--wp--preset--spacing--x-small);margin-bottom:var(--wp--preset--spacing--x-small)\"><img loading=\"lazy\" decoding=\"async\" width=\"769\" height=\"1024\" src=\"https:\/\/kymenlaaksonosakunta.fi\/uudetsivut\/wp-content\/uploads\/2025\/03\/IMG_3541-769x1024.jpg\" alt=\"\" class=\"wp-image-1421\" srcset=\"https:\/\/kymenlaaksonosakunta.fi\/uudetsivut\/wp-content\/uploads\/2025\/03\/IMG_3541-769x1024.jpg 769w, https:\/\/kymenlaaksonosakunta.fi\/uudetsivut\/wp-content\/uploads\/2025\/03\/IMG_3541-225x300.jpg 225w, https:\/\/kymenlaaksonosakunta.fi\/uudetsivut\/wp-content\/uploads\/2025\/03\/IMG_3541-768x1023.jpg 768w, https:\/\/kymenlaaksonosakunta.fi\/uudetsivut\/wp-content\/uploads\/2025\/03\/IMG_3541-1153x1536.jpg 1153w, https:\/\/kymenlaaksonosakunta.fi\/uudetsivut\/wp-content\/uploads\/2025\/03\/IMG_3541-1538x2048.jpg 1538w, https:\/\/kymenlaaksonosakunta.fi\/uudetsivut\/wp-content\/uploads\/2025\/03\/IMG_3541-scaled.jpg 1922w\" sizes=\"auto, (max-width: 769px) 100vw, 769px\" \/><\/figure>\n\n\n\n<p class=\"has-text-align-center has-x-small-font-size\" style=\"margin-top:var(--wp--preset--spacing--x-small);margin-bottom:var(--wp--preset--spacing--x-small)\"><strong>Kuraattori <\/strong><br>teol. yo. Roni Vatto<br><em>kuraattori@kymenlaaksonosakunta.fi<\/em><br>TG: @finner95<br>0400344038<\/p>\n<\/div>\n<\/div>\n\n\n\n<div class=\"wp-block-columns is-layout-flex wp-container-core-columns-is-layout-28f84493 wp-block-columns-is-layout-flex\">\n<div class=\"wp-block-column has-primary-color has-lightgrey-background-color has-text-color has-background has-link-color wp-elements-280ad2c2d76bab9bdc1075b2af5644f4 is-layout-flow wp-block-column-is-layout-flow\">\n<figure class=\"wp-block-image size-full has-custom-border is-style-default wp-duotone-000-ffffff-1\" style=\"margin-top:var(--wp--preset--spacing--x-small);margin-bottom:var(--wp--preset--spacing--x-small)\"><img loading=\"lazy\" decoding=\"async\" width=\"1922\" height=\"2560\" src=\"https:\/\/kymenlaaksonosakunta.fi\/uudetsivut\/wp-content\/uploads\/2026\/03\/IMG_7292-scaled.jpg\" alt=\"\" class=\"has-border-color has-lightgrey-border-color wp-image-2317\" style=\"border-width:1px;aspect-ratio:3\/4;object-fit:cover\" srcset=\"https:\/\/kymenlaaksonosakunta.fi\/uudetsivut\/wp-content\/uploads\/2026\/03\/IMG_7292-scaled.jpg 1922w, https:\/\/kymenlaaksonosakunta.fi\/uudetsivut\/wp-content\/uploads\/2026\/03\/IMG_7292-225x300.jpg 225w, https:\/\/kymenlaaksonosakunta.fi\/uudetsivut\/wp-content\/uploads\/2026\/03\/IMG_7292-769x1024.jpg 769w, https:\/\/kymenlaaksonosakunta.fi\/uudetsivut\/wp-content\/uploads\/2026\/03\/IMG_7292-2000x2664.jpg 2000w\" sizes=\"auto, (max-width: 1922px) 100vw, 1922px\" \/><\/figure>\n\n\n\n<p class=\"has-text-align-center has-x-small-font-size\" style=\"line-height:1.5\"><strong>Hallituksen puheenjohtaja<\/strong>, <strong>vuosijuhlamestari<\/strong><br><mark style=\"background-color:rgba(0, 0, 0, 0)\" class=\"has-inline-color has-primary-color\">LuK Milla Lahtela<\/mark><br>[<em>puheenjohtaja\/vuosijuhlat]@kymenlaaksonosakunta.fi<\/em><br>TG: @lahtmilla<\/p>\n<\/div>\n\n\n\n<div class=\"wp-block-column has-primary-color has-lightgrey-background-color has-text-color has-background has-link-color wp-elements-0aa096c956168ee00d162b77fc80cce2 is-layout-flow wp-block-column-is-layout-flow\">\n<figure class=\"wp-block-image size-full has-custom-border wp-duotone-000-ffffff-2\" style=\"margin-top:var(--wp--preset--spacing--x-small);margin-bottom:var(--wp--preset--spacing--x-small)\"><img loading=\"lazy\" decoding=\"async\" width=\"1707\" height=\"2560\" src=\"https:\/\/kymenlaaksonosakunta.fi\/uudetsivut\/wp-content\/uploads\/2026\/01\/IMG_5579-scaled.jpg\" alt=\"\" class=\"has-border-color has-lightgrey-border-color wp-image-2253\" style=\"border-width:1px;aspect-ratio:3\/4;object-fit:cover\" srcset=\"https:\/\/kymenlaaksonosakunta.fi\/uudetsivut\/wp-content\/uploads\/2026\/01\/IMG_5579-scaled.jpg 1707w, https:\/\/kymenlaaksonosakunta.fi\/uudetsivut\/wp-content\/uploads\/2026\/01\/IMG_5579-200x300.jpg 200w, https:\/\/kymenlaaksonosakunta.fi\/uudetsivut\/wp-content\/uploads\/2026\/01\/IMG_5579-683x1024.jpg 683w, https:\/\/kymenlaaksonosakunta.fi\/uudetsivut\/wp-content\/uploads\/2026\/01\/IMG_5579-2000x3000.jpg 2000w\" sizes=\"auto, (max-width: 1707px) 100vw, 1707px\" \/><\/figure>\n\n\n\n<p class=\"has-text-align-center has-x-small-font-size\" style=\"line-height:1.5\"><strong>Sihteeri<\/strong>, <strong>liikuntasihteeri<\/strong><br>teol. yo. Viljaana Salminen<br><em>[sihteeri\/liikuntasihteeri]@kymenlaaksonosakunta.fi<\/em><br>TG: @viljaana<\/p>\n<\/div>\n\n\n\n<div class=\"wp-block-column has-primary-color has-lightgrey-background-color has-text-color has-background has-link-color wp-elements-3f71a079dcb95f98c8605eff3679114b is-layout-flow wp-block-column-is-layout-flow\">\n<figure class=\"wp-block-image size-full has-custom-border wp-duotone-000-ffffff-3\" style=\"margin-top:var(--wp--preset--spacing--x-small);margin-bottom:var(--wp--preset--spacing--x-small)\"><img loading=\"lazy\" decoding=\"async\" width=\"1707\" height=\"2560\" src=\"https:\/\/kymenlaaksonosakunta.fi\/uudetsivut\/wp-content\/uploads\/2026\/01\/IMG_5595-scaled.jpg\" alt=\"\" class=\"has-border-color has-lightgrey-border-color wp-image-2254\" style=\"border-width:1px;aspect-ratio:3\/4;object-fit:cover\" srcset=\"https:\/\/kymenlaaksonosakunta.fi\/uudetsivut\/wp-content\/uploads\/2026\/01\/IMG_5595-scaled.jpg 1707w, https:\/\/kymenlaaksonosakunta.fi\/uudetsivut\/wp-content\/uploads\/2026\/01\/IMG_5595-200x300.jpg 200w, https:\/\/kymenlaaksonosakunta.fi\/uudetsivut\/wp-content\/uploads\/2026\/01\/IMG_5595-683x1024.jpg 683w, https:\/\/kymenlaaksonosakunta.fi\/uudetsivut\/wp-content\/uploads\/2026\/01\/IMG_5595-2000x3000.jpg 2000w\" sizes=\"auto, (max-width: 1707px) 100vw, 1707px\" \/><\/figure>\n\n\n\n<p class=\"has-text-align-center has-x-small-font-size\" style=\"margin-top:var(--wp--preset--spacing--x-small);margin-bottom:var(--wp--preset--spacing--x-small);padding-top:0;padding-bottom:0\"><strong>Taloudenhoitaja, tiedotussihteeri, maakuntasihteeri, j\u00e4sensihteeri<\/strong><br>LuK Pauliina Ry\u00f6k\u00e4s<br><em>[taloudenhoitaja\/tiedotussihteeri\/maakuntasihteeri\/jasensihteeri]@kymenlaaksonosakunta.fi<\/em><br>TG: @pauliinaryokas<br>0505225339<\/p>\n<\/div>\n<\/div>\n\n\n\n<div class=\"wp-block-columns is-layout-flex wp-container-core-columns-is-layout-28f84493 wp-block-columns-is-layout-flex\">\n<div class=\"wp-block-column has-primary-color has-lightgrey-background-color has-text-color has-background has-link-color wp-elements-483794e0b8244833e3032952d138ab28 is-layout-flow wp-block-column-is-layout-flow\" style=\"padding-top:var(--wp--preset--spacing--x-small);padding-bottom:var(--wp--preset--spacing--x-small)\">\n<figure class=\"wp-block-image size-full is-style-default\"><img loading=\"lazy\" decoding=\"async\" width=\"1922\" height=\"2560\" src=\"https:\/\/kymenlaaksonosakunta.fi\/uudetsivut\/wp-content\/uploads\/2025\/03\/IMG_4064-scaled.jpg\" alt=\"\" class=\"wp-image-1427\" style=\"aspect-ratio:3\/4;object-fit:cover\" srcset=\"https:\/\/kymenlaaksonosakunta.fi\/uudetsivut\/wp-content\/uploads\/2025\/03\/IMG_4064-scaled.jpg 1922w, https:\/\/kymenlaaksonosakunta.fi\/uudetsivut\/wp-content\/uploads\/2025\/03\/IMG_4064-225x300.jpg 225w, https:\/\/kymenlaaksonosakunta.fi\/uudetsivut\/wp-content\/uploads\/2025\/03\/IMG_4064-769x1024.jpg 769w, https:\/\/kymenlaaksonosakunta.fi\/uudetsivut\/wp-content\/uploads\/2025\/03\/IMG_4064-768x1023.jpg 768w, https:\/\/kymenlaaksonosakunta.fi\/uudetsivut\/wp-content\/uploads\/2025\/03\/IMG_4064-1153x1536.jpg 1153w, https:\/\/kymenlaaksonosakunta.fi\/uudetsivut\/wp-content\/uploads\/2025\/03\/IMG_4064-1538x2048.jpg 1538w\" sizes=\"auto, (max-width: 1922px) 100vw, 1922px\" \/><\/figure>\n\n\n\n<p class=\"has-text-align-center has-x-small-font-size\"><strong>Toiminnanohjaaja, maakuntasihteeri, ulkoasiainsihteeri<\/strong><br>VTK Heta Kanervo<br><em>[toiminnanohjaaja\/maakuntasihteeri\/ulkoasiainsihteeri]@kymenlaaksonosakunta.fi<\/em><br>TG: @hetazzz<\/p>\n<\/div>\n\n\n\n<div class=\"wp-block-column has-primary-color has-lightgrey-background-color has-text-color has-background has-link-color wp-elements-08a191bbcca1d57fc8c0d271287b5e65 is-layout-flow wp-block-column-is-layout-flow\">\n<figure class=\"wp-block-image size-full is-style-default\" style=\"margin-top:var(--wp--preset--spacing--x-small);margin-bottom:var(--wp--preset--spacing--x-small)\"><img loading=\"lazy\" decoding=\"async\" width=\"1922\" height=\"2560\" src=\"https:\/\/kymenlaaksonosakunta.fi\/uudetsivut\/wp-content\/uploads\/2025\/03\/IMG_3548-scaled.jpg\" alt=\"\" class=\"wp-image-1422\" style=\"aspect-ratio:3\/4;object-fit:cover\" srcset=\"https:\/\/kymenlaaksonosakunta.fi\/uudetsivut\/wp-content\/uploads\/2025\/03\/IMG_3548-scaled.jpg 1922w, https:\/\/kymenlaaksonosakunta.fi\/uudetsivut\/wp-content\/uploads\/2025\/03\/IMG_3548-225x300.jpg 225w, https:\/\/kymenlaaksonosakunta.fi\/uudetsivut\/wp-content\/uploads\/2025\/03\/IMG_3548-769x1024.jpg 769w, https:\/\/kymenlaaksonosakunta.fi\/uudetsivut\/wp-content\/uploads\/2025\/03\/IMG_3548-768x1023.jpg 768w, https:\/\/kymenlaaksonosakunta.fi\/uudetsivut\/wp-content\/uploads\/2025\/03\/IMG_3548-1153x1536.jpg 1153w, https:\/\/kymenlaaksonosakunta.fi\/uudetsivut\/wp-content\/uploads\/2025\/03\/IMG_3548-1538x2048.jpg 1538w\" sizes=\"auto, (max-width: 1922px) 100vw, 1922px\" \/><\/figure>\n\n\n\n<p class=\"has-text-align-center has-x-small-font-size\" style=\"margin-top:var(--wp--preset--spacing--x-small);margin-bottom:var(--wp--preset--spacing--x-small)\"><strong>Toiminnanohjaaja, IT-vastaava, ulkoasiainsihteeri<\/strong>, <strong>arkistonhoitaja<\/strong><br>HuK Valtteri Py\u00f6tsi\u00e4<br><em>[toiminnanohjaaja\/it\/ulkoasiainsihteeri\/arkistonhoitaja]@kymenlaaksonosakunta.fi<\/em><br>TG: @valtteripyotsia<br>0408151449<\/p>\n<\/div>\n\n\n\n<div class=\"wp-block-column is-layout-flow wp-block-column-is-layout-flow\"><\/div>\n<\/div>\n<\/div>\n<\/div>\n\n\n\n<div class=\"wp-block-columns has-3-columns is-layout-flex wp-container-core-columns-is-layout-28f84493 wp-block-columns-is-layout-flex\">\n<div class=\"wp-block-column has-primary-color has-lightgrey-background-color has-text-color has-background has-link-color wp-elements-f101379f5ffa4cabb88b70c7e1b70278 is-layout-flow wp-block-column-is-layout-flow\">\n<figure class=\"wp-block-image size-full\" style=\"margin-top:var(--wp--preset--spacing--x-small);margin-bottom:var(--wp--preset--spacing--x-small)\"><img loading=\"lazy\" decoding=\"async\" width=\"1922\" height=\"2560\" src=\"https:\/\/kymenlaaksonosakunta.fi\/uudetsivut\/wp-content\/uploads\/2025\/04\/IMG_3566-scaled.jpg\" alt=\"\" class=\"wp-image-1531\" style=\"aspect-ratio:3\/4;object-fit:cover\" srcset=\"https:\/\/kymenlaaksonosakunta.fi\/uudetsivut\/wp-content\/uploads\/2025\/04\/IMG_3566-scaled.jpg 1922w, https:\/\/kymenlaaksonosakunta.fi\/uudetsivut\/wp-content\/uploads\/2025\/04\/IMG_3566-225x300.jpg 225w, https:\/\/kymenlaaksonosakunta.fi\/uudetsivut\/wp-content\/uploads\/2025\/04\/IMG_3566-769x1024.jpg 769w, https:\/\/kymenlaaksonosakunta.fi\/uudetsivut\/wp-content\/uploads\/2025\/04\/IMG_3566-768x1023.jpg 768w, https:\/\/kymenlaaksonosakunta.fi\/uudetsivut\/wp-content\/uploads\/2025\/04\/IMG_3566-1153x1536.jpg 1153w, https:\/\/kymenlaaksonosakunta.fi\/uudetsivut\/wp-content\/uploads\/2025\/04\/IMG_3566-1537x2048.jpg 1537w\" sizes=\"auto, (max-width: 1922px) 100vw, 1922px\" \/><\/figure>\n\n\n\n<p class=\"has-text-align-center has-x-small-font-size\" style=\"margin-top:var(--wp--preset--spacing--x-small);margin-bottom:var(--wp--preset--spacing--x-small)\"><strong>Em\u00e4nt\u00e4<\/strong><br>sosiaalitiet. yo. Niilo Kesti<br><em>emanta@kymenlaaksonosakunta.fi<\/em><br>TG: @niilkes<br><\/p>\n<\/div>\n\n\n\n<div class=\"wp-block-column has-primary-color has-lightgrey-background-color has-text-color has-background has-link-color wp-elements-056391c43ccb4c711647b301bfbb2954 is-layout-flow wp-block-column-is-layout-flow\">\n<figure class=\"wp-block-image size-full wp-duotone-000-ffffff-4\" style=\"margin-top:var(--wp--preset--spacing--x-small);margin-bottom:var(--wp--preset--spacing--x-small)\"><img loading=\"lazy\" decoding=\"async\" width=\"1707\" height=\"2560\" src=\"https:\/\/kymenlaaksonosakunta.fi\/uudetsivut\/wp-content\/uploads\/2026\/01\/IMG_5581-scaled.jpg\" alt=\"\" class=\"wp-image-2255\" style=\"aspect-ratio:3\/4;object-fit:cover\" srcset=\"https:\/\/kymenlaaksonosakunta.fi\/uudetsivut\/wp-content\/uploads\/2026\/01\/IMG_5581-scaled.jpg 1707w, https:\/\/kymenlaaksonosakunta.fi\/uudetsivut\/wp-content\/uploads\/2026\/01\/IMG_5581-200x300.jpg 200w, https:\/\/kymenlaaksonosakunta.fi\/uudetsivut\/wp-content\/uploads\/2026\/01\/IMG_5581-683x1024.jpg 683w, https:\/\/kymenlaaksonosakunta.fi\/uudetsivut\/wp-content\/uploads\/2026\/01\/IMG_5581-2000x3000.jpg 2000w\" sizes=\"auto, (max-width: 1707px) 100vw, 1707px\" \/><\/figure>\n\n\n\n<p class=\"has-text-align-center has-x-small-font-size\"><strong>Is\u00e4nt\u00e4<\/strong><br>MMK Kaarlo Koivukoski<br><em>isanta@kymenlaaksonosakunta.fi<\/em><\/p>\n<\/div>\n\n\n\n<div class=\"wp-block-column has-primary-color has-lightgrey-background-color has-text-color has-background has-link-color wp-elements-32e3b334ede96105fbbba55dbd42ed3f is-layout-flow wp-block-column-is-layout-flow\">\n<figure class=\"wp-block-image size-full wp-duotone-000-ffffff-5\" style=\"margin-top:var(--wp--preset--spacing--x-small);margin-bottom:var(--wp--preset--spacing--x-small)\"><img loading=\"lazy\" decoding=\"async\" width=\"1922\" height=\"2560\" src=\"https:\/\/kymenlaaksonosakunta.fi\/uudetsivut\/wp-content\/uploads\/2026\/03\/IMG_7286-scaled.jpg\" alt=\"\" class=\"wp-image-2319\" style=\"aspect-ratio:3\/4;object-fit:cover\" srcset=\"https:\/\/kymenlaaksonosakunta.fi\/uudetsivut\/wp-content\/uploads\/2026\/03\/IMG_7286-scaled.jpg 1922w, https:\/\/kymenlaaksonosakunta.fi\/uudetsivut\/wp-content\/uploads\/2026\/03\/IMG_7286-225x300.jpg 225w, https:\/\/kymenlaaksonosakunta.fi\/uudetsivut\/wp-content\/uploads\/2026\/03\/IMG_7286-769x1024.jpg 769w, https:\/\/kymenlaaksonosakunta.fi\/uudetsivut\/wp-content\/uploads\/2026\/03\/IMG_7286-2000x2664.jpg 2000w\" sizes=\"auto, (max-width: 1922px) 100vw, 1922px\" \/><\/figure>\n\n\n\n<p class=\"has-text-align-center has-x-small-font-size\"><strong>Is\u00e4nt\u00e4<\/strong><br>fil. yo. Kauri-Viljar Vahter<br><em>isanta@kymenlaaksonosakunta.fi<\/em><br>TG: @makaaberi<\/p>\n<\/div>\n<\/div>\n\n\n\n<div class=\"wp-block-columns is-layout-flex wp-container-core-columns-is-layout-28f84493 wp-block-columns-is-layout-flex\">\n<div class=\"wp-block-column has-primary-color has-lightgrey-background-color has-text-color has-background has-link-color wp-elements-775815eee23a52b8ebb38a23d6196e74 is-layout-flow wp-block-column-is-layout-flow\">\n<figure class=\"wp-block-image size-full wp-duotone-000-ffffff-6\" style=\"margin-top:var(--wp--preset--spacing--x-small);margin-bottom:var(--wp--preset--spacing--x-small)\"><img loading=\"lazy\" decoding=\"async\" width=\"1707\" height=\"2560\" src=\"https:\/\/kymenlaaksonosakunta.fi\/uudetsivut\/wp-content\/uploads\/2026\/01\/IMG_5567-scaled.jpg\" alt=\"\" class=\"wp-image-2256\" style=\"aspect-ratio:3\/4;object-fit:cover\" srcset=\"https:\/\/kymenlaaksonosakunta.fi\/uudetsivut\/wp-content\/uploads\/2026\/01\/IMG_5567-scaled.jpg 1707w, https:\/\/kymenlaaksonosakunta.fi\/uudetsivut\/wp-content\/uploads\/2026\/01\/IMG_5567-200x300.jpg 200w, https:\/\/kymenlaaksonosakunta.fi\/uudetsivut\/wp-content\/uploads\/2026\/01\/IMG_5567-683x1024.jpg 683w, https:\/\/kymenlaaksonosakunta.fi\/uudetsivut\/wp-content\/uploads\/2026\/01\/IMG_5567-2000x3000.jpg 2000w\" sizes=\"auto, (max-width: 1707px) 100vw, 1707px\" \/><\/figure>\n\n\n\n<p class=\"has-text-align-center has-x-small-font-size\"><strong>Fuksiohjaaja, Kyps\u00e4n p\u00e4\u00e4toimittaja<\/strong><br>teol. yo. Ramona Halonen<br><em>fuksiohjaaja@kymenlaaksonosakunta.fi<\/em><br><em>paatoimittaja@kypsa.kymenlaaksonosakunta.fi<\/em><br>TG: @ramonaaurora<\/p>\n<\/div>\n\n\n\n<div class=\"wp-block-column has-primary-color has-lightgrey-background-color has-text-color has-background has-link-color wp-elements-bcba06aef0d16559a25b8aca560532fd is-layout-flow wp-block-column-is-layout-flow\">\n<figure class=\"wp-block-image size-full wp-duotone-000-ffffff-7\" style=\"margin-top:var(--wp--preset--spacing--x-small);margin-bottom:var(--wp--preset--spacing--x-small)\"><img loading=\"lazy\" decoding=\"async\" width=\"1707\" height=\"2560\" src=\"https:\/\/kymenlaaksonosakunta.fi\/uudetsivut\/wp-content\/uploads\/2026\/01\/IMG_5571-scaled.jpg\" alt=\"\" class=\"wp-image-2257\" style=\"aspect-ratio:3\/4;object-fit:cover\" srcset=\"https:\/\/kymenlaaksonosakunta.fi\/uudetsivut\/wp-content\/uploads\/2026\/01\/IMG_5571-scaled.jpg 1707w, https:\/\/kymenlaaksonosakunta.fi\/uudetsivut\/wp-content\/uploads\/2026\/01\/IMG_5571-200x300.jpg 200w, https:\/\/kymenlaaksonosakunta.fi\/uudetsivut\/wp-content\/uploads\/2026\/01\/IMG_5571-683x1024.jpg 683w, https:\/\/kymenlaaksonosakunta.fi\/uudetsivut\/wp-content\/uploads\/2026\/01\/IMG_5571-2000x3000.jpg 2000w\" sizes=\"auto, (max-width: 1707px) 100vw, 1707px\" \/><\/figure>\n\n\n\n<p class=\"has-text-align-center has-x-small-font-size\"><strong>Fuksiohjaaja<\/strong><br>fil. yo. Joona Heiskanen<br><em>fuksiohjaaja@kymenlaaksonosakunta.fi<\/em><br>0442244704<\/p>\n<\/div>\n\n\n\n<div class=\"wp-block-column has-primary-color has-lightgrey-background-color has-text-color has-background has-link-color wp-elements-b99f29ff50e7e7c22e8bedd968b5cdfe is-layout-flow wp-block-column-is-layout-flow\">\n<figure class=\"wp-block-image size-full wp-duotone-000-ffffff-8\" style=\"margin-top:var(--wp--preset--spacing--x-small);margin-bottom:var(--wp--preset--spacing--x-small)\"><img loading=\"lazy\" decoding=\"async\" width=\"1707\" height=\"2560\" src=\"https:\/\/kymenlaaksonosakunta.fi\/uudetsivut\/wp-content\/uploads\/2026\/01\/IMG_5594-scaled.jpg\" alt=\"\" class=\"wp-image-2258\" style=\"aspect-ratio:3\/4;object-fit:cover\" srcset=\"https:\/\/kymenlaaksonosakunta.fi\/uudetsivut\/wp-content\/uploads\/2026\/01\/IMG_5594-scaled.jpg 1707w, https:\/\/kymenlaaksonosakunta.fi\/uudetsivut\/wp-content\/uploads\/2026\/01\/IMG_5594-200x300.jpg 200w, https:\/\/kymenlaaksonosakunta.fi\/uudetsivut\/wp-content\/uploads\/2026\/01\/IMG_5594-683x1024.jpg 683w, https:\/\/kymenlaaksonosakunta.fi\/uudetsivut\/wp-content\/uploads\/2026\/01\/IMG_5594-2000x3000.jpg 2000w\" sizes=\"auto, (max-width: 1707px) 100vw, 1707px\" \/><\/figure>\n\n\n\n<p class=\"has-text-align-center has-x-small-font-size\" style=\"margin-top:var(--wp--preset--spacing--x-small);margin-bottom:var(--wp--preset--spacing--x-small)\"><strong>Fuksiohjaaja, yhteis\u00f6llisyys- ja yhdenvertaisuusvastaava, tiedotussihteeri, kulttuurisihteeri<\/strong><br>fil. yo. Peppi Koski<br><em>[fuksiohjaaja\/hairintayhdyshenkilo\/tiedotussihteeri\/kulttuurisihteeri]@kymenlaaksonosakunta.fi<\/em><br>TG: @pepkos<\/p>\n<\/div>\n<\/div>\n\n\n\n<div class=\"wp-block-columns is-layout-flex wp-container-core-columns-is-layout-28f84493 wp-block-columns-is-layout-flex\">\n<div class=\"wp-block-column has-primary-color has-lightgrey-background-color has-text-color has-background has-link-color wp-elements-2cb2858ea38ba283e99d4ca6c5130514 is-layout-flow wp-block-column-is-layout-flow\">\n<figure class=\"wp-block-image size-full\" style=\"margin-top:var(--wp--preset--spacing--x-small);margin-bottom:var(--wp--preset--spacing--x-small)\"><img loading=\"lazy\" decoding=\"async\" width=\"1922\" height=\"2560\" src=\"https:\/\/kymenlaaksonosakunta.fi\/uudetsivut\/wp-content\/uploads\/2025\/04\/IMG_5010-scaled.jpg\" alt=\"\" class=\"wp-image-1513\" style=\"aspect-ratio:3\/4;object-fit:cover\" srcset=\"https:\/\/kymenlaaksonosakunta.fi\/uudetsivut\/wp-content\/uploads\/2025\/04\/IMG_5010-scaled.jpg 1922w, https:\/\/kymenlaaksonosakunta.fi\/uudetsivut\/wp-content\/uploads\/2025\/04\/IMG_5010-225x300.jpg 225w, https:\/\/kymenlaaksonosakunta.fi\/uudetsivut\/wp-content\/uploads\/2025\/04\/IMG_5010-769x1024.jpg 769w, https:\/\/kymenlaaksonosakunta.fi\/uudetsivut\/wp-content\/uploads\/2025\/04\/IMG_5010-768x1023.jpg 768w, https:\/\/kymenlaaksonosakunta.fi\/uudetsivut\/wp-content\/uploads\/2025\/04\/IMG_5010-1153x1536.jpg 1153w, https:\/\/kymenlaaksonosakunta.fi\/uudetsivut\/wp-content\/uploads\/2025\/04\/IMG_5010-1538x2048.jpg 1538w\" sizes=\"auto, (max-width: 1922px) 100vw, 1922px\" \/><\/figure>\n\n\n\n<p class=\"has-text-align-center has-x-small-font-size\"><strong>Asuntosihteeri<\/strong><br>TM Jalmari Salovirta<br><em>asuntosihteeri@kymenlaaksonosakunta.fi<\/em><\/p>\n<\/div>\n\n\n\n<div class=\"wp-block-column has-primary-color has-lightgrey-background-color has-text-color has-background has-link-color wp-elements-58656f18dd533ff82da608114e63ff39 is-layout-flow wp-block-column-is-layout-flow\">\n<figure class=\"wp-block-image size-full\" style=\"margin-top:var(--wp--preset--spacing--x-small);margin-bottom:var(--wp--preset--spacing--x-small)\"><img loading=\"lazy\" decoding=\"async\" width=\"1922\" height=\"2560\" src=\"https:\/\/kymenlaaksonosakunta.fi\/uudetsivut\/wp-content\/uploads\/2025\/04\/IMG_5018-scaled.jpg\" alt=\"\" class=\"wp-image-1514\" style=\"aspect-ratio:3\/4;object-fit:cover\" srcset=\"https:\/\/kymenlaaksonosakunta.fi\/uudetsivut\/wp-content\/uploads\/2025\/04\/IMG_5018-scaled.jpg 1922w, https:\/\/kymenlaaksonosakunta.fi\/uudetsivut\/wp-content\/uploads\/2025\/04\/IMG_5018-225x300.jpg 225w, https:\/\/kymenlaaksonosakunta.fi\/uudetsivut\/wp-content\/uploads\/2025\/04\/IMG_5018-769x1024.jpg 769w, https:\/\/kymenlaaksonosakunta.fi\/uudetsivut\/wp-content\/uploads\/2025\/04\/IMG_5018-768x1023.jpg 768w, https:\/\/kymenlaaksonosakunta.fi\/uudetsivut\/wp-content\/uploads\/2025\/04\/IMG_5018-1153x1536.jpg 1153w, https:\/\/kymenlaaksonosakunta.fi\/uudetsivut\/wp-content\/uploads\/2025\/04\/IMG_5018-1537x2048.jpg 1537w\" sizes=\"auto, (max-width: 1922px) 100vw, 1922px\" \/><\/figure>\n\n\n\n<p class=\"has-text-align-center has-x-small-font-size\"><strong>M\u00f6kkivastaava<\/strong>, <strong>arkistonhoitaja<\/strong><br>FM Pasi Pyk\u00e4list\u00f6<br>[<em>inspinhovi\/arkistonhoitaja]@kymenlaaksonosakunta.fi<\/em><\/p>\n<\/div>\n\n\n\n<div class=\"wp-block-column has-primary-color has-lightgrey-background-color has-text-color has-background has-link-color wp-elements-af300e56cc60122dd157db2d19c5f2d6 is-layout-flow wp-block-column-is-layout-flow\">\n<figure class=\"wp-block-image size-full wp-duotone-000-ffffff-9\" style=\"margin-top:var(--wp--preset--spacing--x-small);margin-bottom:var(--wp--preset--spacing--x-small)\"><img loading=\"lazy\" decoding=\"async\" width=\"1707\" height=\"2560\" src=\"https:\/\/kymenlaaksonosakunta.fi\/uudetsivut\/wp-content\/uploads\/2026\/01\/IMG_5588-scaled.jpg\" alt=\"\" class=\"wp-image-2259\" style=\"aspect-ratio:3\/4;object-fit:cover\" srcset=\"https:\/\/kymenlaaksonosakunta.fi\/uudetsivut\/wp-content\/uploads\/2026\/01\/IMG_5588-scaled.jpg 1707w, https:\/\/kymenlaaksonosakunta.fi\/uudetsivut\/wp-content\/uploads\/2026\/01\/IMG_5588-200x300.jpg 200w, https:\/\/kymenlaaksonosakunta.fi\/uudetsivut\/wp-content\/uploads\/2026\/01\/IMG_5588-683x1024.jpg 683w, https:\/\/kymenlaaksonosakunta.fi\/uudetsivut\/wp-content\/uploads\/2026\/01\/IMG_5588-2000x3000.jpg 2000w\" sizes=\"auto, (max-width: 1707px) 100vw, 1707px\" \/><\/figure>\n\n\n\n<p class=\"has-text-align-center has-x-small-font-size\" style=\"margin-top:var(--wp--preset--spacing--x-small);margin-bottom:var(--wp--preset--spacing--x-small)\"><strong>Kappalainen<\/strong><br>teol. yo. Venla Parviainen<br><em>kappalainen@kymenlaaksonosakunta.fi<\/em><br>TG: @parviaisenvenla<br>0401788324<\/p>\n<\/div>\n<\/div>\n\n\n\n<div class=\"wp-block-columns is-layout-flex wp-container-core-columns-is-layout-28f84493 wp-block-columns-is-layout-flex\">\n<div class=\"wp-block-column has-primary-color has-lightgrey-background-color has-text-color has-background has-link-color wp-elements-d293b9ee0b33bc27611af1dac991ba5b is-layout-flow wp-block-column-is-layout-flow\">\n<figure class=\"wp-block-image size-full\" style=\"margin-top:var(--wp--preset--spacing--x-small);margin-bottom:var(--wp--preset--spacing--x-small)\"><img loading=\"lazy\" decoding=\"async\" width=\"1922\" height=\"2560\" src=\"https:\/\/kymenlaaksonosakunta.fi\/uudetsivut\/wp-content\/uploads\/2025\/03\/IMG_3582-scaled.jpg\" alt=\"\" class=\"wp-image-1434\" style=\"aspect-ratio:3\/4;object-fit:cover\" srcset=\"https:\/\/kymenlaaksonosakunta.fi\/uudetsivut\/wp-content\/uploads\/2025\/03\/IMG_3582-scaled.jpg 1922w, https:\/\/kymenlaaksonosakunta.fi\/uudetsivut\/wp-content\/uploads\/2025\/03\/IMG_3582-225x300.jpg 225w, https:\/\/kymenlaaksonosakunta.fi\/uudetsivut\/wp-content\/uploads\/2025\/03\/IMG_3582-769x1024.jpg 769w, https:\/\/kymenlaaksonosakunta.fi\/uudetsivut\/wp-content\/uploads\/2025\/03\/IMG_3582-768x1023.jpg 768w, https:\/\/kymenlaaksonosakunta.fi\/uudetsivut\/wp-content\/uploads\/2025\/03\/IMG_3582-1153x1536.jpg 1153w, https:\/\/kymenlaaksonosakunta.fi\/uudetsivut\/wp-content\/uploads\/2025\/03\/IMG_3582-1537x2048.jpg 1537w\" sizes=\"auto, (max-width: 1922px) 100vw, 1922px\" \/><\/figure>\n\n\n\n<p class=\"has-text-align-center has-x-small-font-size\" style=\"margin-top:var(--wp--preset--spacing--x-small);margin-bottom:var(--wp--preset--spacing--x-small)\"><strong>Laulunjohtaja<\/strong>, <strong>vuosijuhlamestari<\/strong><br>l\u00e4\u00e4k. kand. Sofia Paakkonen<br><em>[laulunjohtaja\/vuosijuhlat]@kymenlaaksonosakunta.fi<\/em><br>TG: @sofiakaroliina<br>+358443495775<\/p>\n<\/div>\n\n\n\n<div class=\"wp-block-column has-primary-color has-lightgrey-background-color has-text-color has-background has-link-color wp-elements-ad1c50ea82fc60098c7a4a4213a7682a is-layout-flow wp-block-column-is-layout-flow\">\n<figure class=\"wp-block-image size-full\" style=\"margin-top:var(--wp--preset--spacing--x-small);margin-bottom:var(--wp--preset--spacing--x-small)\"><img loading=\"lazy\" decoding=\"async\" width=\"834\" height=\"912\" src=\"https:\/\/kymenlaaksonosakunta.fi\/uudetsivut\/wp-content\/uploads\/2025\/03\/cropped-cropped-KyO_vaakuna_vari-1.png\" alt=\"\" class=\"wp-image-1574\" style=\"aspect-ratio:3\/4;object-fit:cover\" srcset=\"https:\/\/kymenlaaksonosakunta.fi\/uudetsivut\/wp-content\/uploads\/2025\/03\/cropped-cropped-KyO_vaakuna_vari-1.png 834w, https:\/\/kymenlaaksonosakunta.fi\/uudetsivut\/wp-content\/uploads\/2025\/03\/cropped-cropped-KyO_vaakuna_vari-1-274x300.png 274w, https:\/\/kymenlaaksonosakunta.fi\/uudetsivut\/wp-content\/uploads\/2025\/03\/cropped-cropped-KyO_vaakuna_vari-1-768x840.png 768w\" sizes=\"auto, (max-width: 834px) 100vw, 834px\" \/><\/figure>\n\n\n\n<p class=\"has-text-align-center has-x-small-font-size\" style=\"border-style:none;border-width:0px\"><strong>Seniorisihteeri<\/strong><br>FM Anna-Liisa Koskinen<br><em>seniorisihteeri@kymenlaaksonosakunta.fi<\/em><\/p>\n<\/div>\n\n\n\n<div class=\"wp-block-column is-layout-flow wp-block-column-is-layout-flow\"><\/div>\n<\/div>\n\n\n\n<div class=\"wp-block-columns is-layout-flex wp-container-core-columns-is-layout-28f84493 wp-block-columns-is-layout-flex\">\n<div class=\"wp-block-column is-layout-flow wp-block-column-is-layout-flow\"><\/div>\n\n\n\n<div class=\"wp-block-column is-layout-flow wp-block-column-is-layout-flow\"><\/div>\n\n\n\n<div class=\"wp-block-column is-layout-flow wp-block-column-is-layout-flow\"><\/div>\n<\/div>\n\n\n<style>.wp-block-kadence-spacer.kt-block-spacer-2160_66204f-e9 .kt-block-spacer{height:60px;}.wp-block-kadence-spacer.kt-block-spacer-2160_66204f-e9 .kt-divider{border-top-width:1px;height:1px;border-top-color:#eee;width:80%;border-top-style:solid;}<\/style>\n<div class=\"wp-block-kadence-spacer aligncenter kt-block-spacer-2160_66204f-e9\"><div class=\"kt-block-spacer kt-block-spacer-halign-center\"><hr class=\"kt-divider\"\/><\/div><\/div>\n\n\n\n<h2 class=\"wp-block-heading\" id=\"kt-adv-heading_babdc0-d2\">Hallitus<\/h2>\n\n\n\n<div class=\"wp-block-columns has-2-columns is-layout-flex wp-container-core-columns-is-layout-28f84493 wp-block-columns-is-layout-flex\">\n<div class=\"wp-block-column is-layout-flow wp-block-column-is-layout-flow\">\n<div class=\"wp-block-group has-global-padding is-layout-constrained wp-block-group-is-layout-constrained\">\n<p><strong>Puheenjohtaja<\/strong> (puheenjohtaja@kymenlaaksonosakunta.fi)<br>\nMilla Lahtela<\/p>\n\n\n\n<p><strong>Sihteeri<\/strong> (sihteeri@kymenlaaksonosakunta.fi)<br>\nViljaana Salminen<\/p>\n\n\n\n<p><strong>Kuraattori<\/strong> (kuraattori@kymenlaaksonosakunta.fi)<br>\nRoni Vatto<\/p>\n\n\n\n<p><strong>Taloudenhoitaja<\/strong> (taloudenhoitaja@kymenlaaksonosakunta.fi)<br>\nPauliina Ry\u00f6k\u00e4s<\/p>\n<\/div>\n<\/div>\n\n\n\n<div class=\"wp-block-column is-layout-flow wp-block-column-is-layout-flow\">\n<div class=\"wp-block-group has-global-padding is-layout-constrained wp-block-group-is-layout-constrained\">\n<p class=\"has-text-align-right\"><strong>Muut j\u00e4senet<\/strong><\/p>\n\n\n\n<p class=\"has-text-align-right\">Heta Kanervo<\/p>\n\n\n\n<p class=\"has-text-align-right\">Peppi Koski<\/p>\n\n\n\n<p class=\"has-text-align-right\">Sofia Paakkonen<\/p>\n\n\n\n<p class=\"has-text-align-right\">Venla Parviainen<\/p>\n\n\n\n<p class=\"has-text-align-right\">Valtteri Py\u00f6tsi\u00e4<\/p>\n\n\n\n<p class=\"has-text-align-right\"><\/p>\n<\/div>\n<\/div>\n<\/div>\n\n\n<style>.wp-block-kadence-spacer.kt-block-spacer-2160_cac8fc-1c .kt-block-spacer{height:60px;}.wp-block-kadence-spacer.kt-block-spacer-2160_cac8fc-1c .kt-divider{border-top-width:1px;height:1px;border-top-color:#eee;width:80%;border-top-style:solid;}<\/style>\n<div class=\"wp-block-kadence-spacer aligncenter kt-block-spacer-2160_cac8fc-1c\"><div class=\"kt-block-spacer kt-block-spacer-halign-center\"><hr class=\"kt-divider\"\/><\/div><\/div>\n\n\n\n<h2 class=\"wp-block-heading\" id=\"kt-adv-heading_414fc9-81\">Virkailijat<\/h2>\n\n\n\n<div class=\"wp-block-columns has-3-columns is-layout-flex wp-container-core-columns-is-layout-28f84493 wp-block-columns-is-layout-flex\">\n<div class=\"wp-block-column is-layout-flow wp-block-column-is-layout-flow\">\n<p><strong>Arkistonhoitajat<\/strong> (arkistonhoitaja@kymenlaaksonosakunta.fi)<\/p>\n\n\n\n<p>Pasi Pyk\u00e4list\u00f6<\/p>\n\n\n\n<p>Valtteri Py\u00f6tsi\u00e4<\/p>\n\n\n\n<p><strong>Asuntosihteeri <\/strong>(asuntosihteeri@kymenlaaksonosakunta.fi)<\/p>\n\n\n\n<p>Jalmari Salovirta<\/p>\n\n\n\n<p><strong>Em\u00e4nt\u00e4 <\/strong>(emanta@kymenlaaksonosakunta.fi)<\/p>\n\n\n\n<p>Niilo Kesti (SavO)<\/p>\n\n\n\n<p><strong>Fuksiohjaajat <\/strong>(fuksiohjaaja@kymenlaaksonosakunta.fi)<\/p>\n\n\n\n<p>Ramona Halonen<\/p>\n\n\n\n<p>Joona Heiskanen<\/p>\n\n\n\n<p>Peppi Koski<\/p>\n\n\n\n<p><strong>Historioitsija<\/strong> (ankkapurha@kymenlaaksonosakunta.fi)<\/p>\n\n\n\n<p>Pasi Pyk\u00e4list\u00f6<\/p>\n\n\n\n<p><strong>Is\u00e4nn\u00e4t <\/strong>(isanta@kymenlaaksonosakunta.fi)<\/p>\n\n\n\n<p>Kaarlo Koivukoski<\/p>\n\n\n\n<p>Kauri-Viljar Vahter<\/p>\n\n\n\n<p><strong>IT-vastaava<\/strong> (it@kymenlaaksonosakunta.fi)<\/p>\n\n\n\n<p>Valtteri Py\u00f6tsi\u00e4<\/p>\n\n\n\n<p><strong>J\u00e4sensihteeri<\/strong> (jasensihteeri@kymenlaaksonosakunta.fi)<\/p>\n\n\n\n<p>Pauliina Ry\u00f6k\u00e4s<\/p>\n\n\n\n<p><strong>Kappalainen<\/strong> (kappalainen@kymenlaaksonosakunta.fi)<\/p>\n\n\n\n<p>Venla Parviainen<\/p>\n\n\n\n<p><strong>Kulttuurisihteeri<\/strong> (kulttuurisihteeri@kymenlaaksonosakunta.fi)<\/p>\n\n\n\n<p>Peppi Koski<\/p>\n\n\n\n<p><strong>Laulunjohtaja<\/strong> (laulunjohtaja@kymenlaaksonosakunta.fi)<\/p>\n\n\n\n<p>Sofia Paakkonen<\/p>\n\n\n\n<p><strong>Liikuntasihteeri<\/strong> (liikuntasihteeri@kymenlaaksonosakunta.fi)<\/p>\n\n\n\n<p>Viljaana Salminen<\/p>\n\n\n\n<p><strong>Maakuntasihteerit<\/strong> (maakuntasihteeri@kymenlaaksonosakunta.fi)<\/p>\n\n\n\n<p>Heta Kanervo<\/p>\n\n\n\n<p>Pauliina Ry\u00f6k\u00e4s<\/p>\n\n\n\n<p><strong>M\u00f6kkivastaava<\/strong> (inspinhovi@kymenlaaksonosakunta.fi)<\/p>\n\n\n\n<p>Pasi Pyk\u00e4list\u00f6<\/p>\n\n\n\n<p><strong>Rajanylitysmestarit<\/strong> (rajanylitys@kymenlaaksonosakunta.fi)<\/p>\n\n\n\n<p>Valitaan 2026<\/p>\n\n\n\n<p><strong>Seniorisihteeri<\/strong> (seniorisihteeri@kymenlaaksonosakunta.fi)<\/p>\n\n\n\n<p>Anna-Liisa Koskinen<\/p>\n\n\n\n<p><strong>Tiedotussihteerit<\/strong> (tiedotussihteeri@kymenlaaksonosakunta.fi)<\/p>\n\n\n\n<p>Peppi Koski<\/p>\n\n\n\n<p>Pauliina Ry\u00f6k\u00e4s<\/p>\n\n\n\n<p><strong>Toiminnanohjaajat <\/strong>(toiminnanohjaaja@kymenlaaksonosakunta.fi)<\/p>\n\n\n\n<p>Heta Kanervo<\/p>\n\n\n\n<p>Valtteri Py\u00f6tsi\u00e4<\/p>\n\n\n\n<p><strong>Ulkoasiainsihteerit<\/strong> (ulkoasiainsihteeri@kymenlaaksonosakunta.fi)<\/p>\n\n\n\n<p>Heta Kanervo<\/p>\n\n\n\n<p>Valtteri Py\u00f6tsi\u00e4<\/p>\n\n\n\n<p><strong>Valokuvaaja<\/strong> (valokuvaaja@kymenlaaksonosakunta.fi)<\/p>\n\n\n\n<p>&#8211;<\/p>\n\n\n\n<p><strong>Varalaulunjohtajat<\/strong><\/p>\n\n\n\n<p>Viljaana Salminen<\/p>\n\n\n\n<p>Pauliina Ry\u00f6k\u00e4s<\/p>\n\n\n\n<p>Mikaela Lindberg (SatO)<\/p>\n\n\n\n<p>Elsa Lindeberg (NN)<\/p>\n\n\n\n<p><strong>Vuosijuhlamestarit<\/strong> (vuosijuhlat@kymenlaaksonosakunta.fi)<\/p>\n\n\n\n<p>Milla Lahtela<\/p>\n\n\n\n<p>Sofia Paakkonen<\/p>\n\n\n\n<p><strong>Yhteis\u00f6llisyys- ja yhdenvertaisuusvastaava<\/strong> (hairintayhdyshenkilo@kymenlaaksonosakunta.fi)<\/p>\n\n\n\n<p>Peppi Koski<\/p>\n<\/div>\n<\/div>\n\n\n<style>.wp-block-kadence-spacer.kt-block-spacer-2160_c45235-15 .kt-block-spacer{height:60px;}.wp-block-kadence-spacer.kt-block-spacer-2160_c45235-15 .kt-divider{border-top-width:1px;height:1px;border-top-color:#eee;width:80%;border-top-style:solid;}<\/style>\n<div class=\"wp-block-kadence-spacer aligncenter kt-block-spacer-2160_c45235-15\"><div class=\"kt-block-spacer kt-block-spacer-halign-center\"><hr class=\"kt-divider\"\/><\/div><\/div>\n\n\n\n<h2 class=\"wp-block-heading\" id=\"kt-adv-heading_5db334-b6\">Valiokunnat<\/h2>\n\n\n\n<div class=\"wp-block-group has-global-padding is-layout-constrained wp-block-group-is-layout-constrained\">\n<div class=\"wp-block-columns is-layout-flex wp-container-core-columns-is-layout-28f84493 wp-block-columns-is-layout-flex\">\n<div class=\"wp-block-column is-layout-flow wp-block-column-is-layout-flow\">\n<div class=\"wp-block-group alignfull is-vertical is-layout-flex wp-container-core-group-is-layout-fe9cc265 wp-block-group-is-layout-flex\">\n<h3 class=\"wp-block-heading\">Asuntovaliokunta<\/h3>\n\n\n\n<div class=\"wp-block-group has-global-padding is-layout-constrained wp-block-group-is-layout-constrained\">\n<p><strong>Puheenjohtaja<\/strong><br>hallituksen puheenjohtaja Milla Lahtela<\/p>\n\n\n\n<p><strong>Sihteeri<\/strong><br>asuntosihteeri Jalmari Salovirta<\/p>\n\n\n\n<p><strong>Muut j\u00e4senet<\/strong><br>\nHeta Kanervo<br>\nSofia Paakkonen<br>\nPasi Pyk\u00e4list\u00f6<\/p>\n<\/div>\n\n\n<style>.wp-block-kadence-spacer.kt-block-spacer-2160_887330-b9 .kt-block-spacer{height:60px;}.wp-block-kadence-spacer.kt-block-spacer-2160_887330-b9 .kt-divider{border-top-width:1px;height:1px;border-top-color:#eee;width:100%;border-top-style:solid;}<\/style>\n<div class=\"wp-block-kadence-spacer aligncenter kt-block-spacer-2160_887330-b9\"><div class=\"kt-block-spacer kt-block-spacer-halign-center\"><hr class=\"kt-divider\"\/><\/div><\/div>\n\n\n\n<h3 class=\"wp-block-heading alignfull\">Maakuntavaliokunta<\/h3>\n\n\n\n<div class=\"wp-block-group has-global-padding is-layout-constrained wp-block-group-is-layout-constrained\">\n<p><strong>Puheenjohtajat<\/strong><br>\nmaakuntasihteeri Heta Kanervo<br>\nmaakuntasihteeri Pauliina Ry\u00f6k\u00e4s<\/p>\n\n\n\n<p><strong>Muut j\u00e4senet<\/strong><br>\nAapo Jussila<br>\nPasi Pyk\u00e4list\u00f6<br>\nValtteri Py\u00f6tsi\u00e4<br>\nViljaana Salminen<\/p>\n<\/div>\n\n\n<style>.wp-block-kadence-spacer.kt-block-spacer-2160_bdc9f7-b0 .kt-block-spacer{height:60px;}.wp-block-kadence-spacer.kt-block-spacer-2160_bdc9f7-b0 .kt-divider{border-top-width:1px;height:1px;border-top-color:#eee;width:80%;border-top-style:solid;}<\/style>\n<div class=\"wp-block-kadence-spacer aligncenter kt-block-spacer-2160_bdc9f7-b0\"><div class=\"kt-block-spacer kt-block-spacer-halign-center\"><hr class=\"kt-divider\"\/><\/div><\/div>\n\n\n\n<h3 class=\"wp-block-heading\">M\u00f6kkitoimikunta<\/h3>\n\n\n\n<div class=\"wp-block-group has-global-padding is-layout-constrained wp-block-group-is-layout-constrained\">\n<p><strong>Puheenjohtaja<\/strong><br>\nm\u00f6kkivastaava Pasi Pyk\u00e4list\u00f6<\/p>\n\n\n\n<p><strong>J\u00e4senet<\/strong><\/p>\n\n\n\n<p>Olli Ahola<br>Sofia Paakkonen<br>Valtteri Py\u00f6tsi\u00e4<br>Artturi Vuorinen<\/p>\n<\/div>\n\n\n<style>.wp-block-kadence-spacer.kt-block-spacer-2160_1d9c72-e6 .kt-block-spacer{height:60px;}.wp-block-kadence-spacer.kt-block-spacer-2160_1d9c72-e6 .kt-divider{border-top-width:1px;height:1px;border-top-color:#eee;width:80%;border-top-style:solid;}<\/style>\n<div class=\"wp-block-kadence-spacer aligncenter kt-block-spacer-2160_1d9c72-e6\"><div class=\"kt-block-spacer kt-block-spacer-halign-center\"><hr class=\"kt-divider\"\/><\/div><\/div>\n\n\n\n<h3 class=\"wp-block-heading\">Kurinpitovaliokunta<\/h3>\n\n\n\n<div class=\"wp-block-group has-global-padding is-layout-constrained wp-block-group-is-layout-constrained\">\n<div class=\"wp-block-group has-global-padding is-layout-constrained wp-block-group-is-layout-constrained\">\n<div class=\"wp-block-group is-vertical is-layout-flex wp-container-core-group-is-layout-fe9cc265 wp-block-group-is-layout-flex\">\n<div class=\"wp-block-columns is-layout-flex wp-container-core-columns-is-layout-28f84493 wp-block-columns-is-layout-flex\">\n<div class=\"wp-block-column is-layout-flow wp-block-column-is-layout-flow\" style=\"flex-basis:100%\">\n<div class=\"wp-block-columns is-layout-flex wp-container-core-columns-is-layout-28f84493 wp-block-columns-is-layout-flex\">\n<div class=\"wp-block-column is-layout-flow wp-block-column-is-layout-flow\" style=\"flex-basis:100%\">\n<p><strong>Puheenjohtaja<\/strong><br>kuraattori Roni Vatto<\/p>\n\n\n\n<p><strong>J\u00e4senet<\/strong><br>Peppi Koski<br>Milla Lahtela<br>Valtteri Py\u00f6tsi\u00e4<br>Pauliina Ry\u00f6k\u00e4s<br><\/p>\n<\/div>\n<\/div>\n<\/div>\n<\/div>\n<\/div>\n<\/div>\n<\/div>\n\n\n<style>.wp-block-kadence-spacer.kt-block-spacer-2160_f30e21-65 .kt-block-spacer{height:60px;}.wp-block-kadence-spacer.kt-block-spacer-2160_f30e21-65 .kt-divider{border-top-width:1px;height:1px;border-top-color:#eee;width:80%;border-top-style:solid;}<\/style>\n<div class=\"wp-block-kadence-spacer aligncenter kt-block-spacer-2160_f30e21-65\"><div class=\"kt-block-spacer kt-block-spacer-halign-center\"><hr class=\"kt-divider\"\/><\/div><\/div>\n\n\n\n<h3 class=\"wp-block-heading\">Nettisivutoimikunta<\/h3>\n\n\n\n<div class=\"wp-block-group has-global-padding is-layout-constrained wp-block-group-is-layout-constrained\">\n<p><strong>Puheenjohtaja<\/strong><br>IT-vastaava Valtteri Py\u00f6tsi\u00e4<\/p>\n\n\n\n<p><strong>J\u00e4senet<\/strong><br>Matias Jerkkola<br>Heta Kanervo<br>Sofia Paakkonen<br>Pasi Pyk\u00e4list\u00f6<br>Pauliina Ry\u00f6k\u00e4s<\/p>\n\n\n<style>.wp-block-kadence-spacer.kt-block-spacer-2160_469190-67 .kt-block-spacer{height:60px;}.wp-block-kadence-spacer.kt-block-spacer-2160_469190-67 .kt-divider{border-top-width:1px;height:1px;border-top-color:#eee;width:80%;border-top-style:solid;}<\/style>\n<div class=\"wp-block-kadence-spacer aligncenter kt-block-spacer-2160_469190-67\"><div class=\"kt-block-spacer kt-block-spacer-halign-center\"><hr class=\"kt-divider\"\/><\/div><\/div>\n\n\n\n<h3 class=\"wp-block-heading\">Rajanylitystoimikunta<\/h3>\n\n\n\n<p>Valitaan 2026<\/p>\n\n\n\n<p><\/p>\n\n\n\n<p><\/p>\n<\/div>\n<\/div>\n<\/div>\n\n\n\n<div class=\"wp-block-column is-layout-flow wp-block-column-is-layout-flow\">\n<div class=\"wp-block-group alignfull has-global-padding is-layout-constrained wp-block-group-is-layout-constrained\">\n<h3 class=\"wp-block-heading\">Rekrytointivaliokunta<\/h3>\n\n\n\n<div class=\"wp-block-group has-global-padding is-layout-constrained wp-block-group-is-layout-constrained\">\n<p><strong>Puheenjohtajat<\/strong><br>\nfuksiohjaaja Ramona Halonen<br>\nfuksiohjaaja Joona Heiskanen<br>\nfuksiohjaaja Peppi Koski<\/p>\n\n\n\n<p><strong>J\u00e4senet<\/strong><br>\nMatias Jerkkola<br>\nHeta Kanervo<br>\nSofia Paakkonen<br>\nVenla Parviainen<br>\nPauliina Ry\u00f6k\u00e4s<br>\nViljaana Salminen<\/p>\n<\/div>\n\n\n<style>.wp-block-kadence-spacer.kt-block-spacer-2160_0c0571-09 .kt-block-spacer{height:60px;}.wp-block-kadence-spacer.kt-block-spacer-2160_0c0571-09 .kt-divider{border-top-width:1px;height:1px;border-top-color:#eee;width:80%;border-top-style:solid;}<\/style>\n<div class=\"wp-block-kadence-spacer aligncenter kt-block-spacer-2160_0c0571-09\"><div class=\"kt-block-spacer kt-block-spacer-halign-center\"><hr class=\"kt-divider\"\/><\/div><\/div>\n\n\n\n<h3 class=\"wp-block-heading alignfull has-text-align-left\">     Talousvaliokunta<\/h3>\n\n\n\n<div class=\"wp-block-group has-global-padding is-layout-constrained wp-block-group-is-layout-constrained\">\n<p><strong>Puheenjohtaja<\/strong><br>taloudenhoitaja Pauliina Ry\u00f6k\u00e4s<\/p>\n\n\n\n<p><strong>Muut j\u00e4senet<\/strong><br>\nOlli Ahola<br>\nAapo Jussila<br>\nHeta Kanervo<br>\nKaarlo Koivukoski<br>\nVenla Parviainen<br>\nPasi Pyk\u00e4list\u00f6<br>\nValtteri Py\u00f6tsi\u00e4<\/p>\n<\/div>\n\n\n<style>.wp-block-kadence-spacer.kt-block-spacer-2160_7cd019-a9 .kt-block-spacer{height:60px;}.wp-block-kadence-spacer.kt-block-spacer-2160_7cd019-a9 .kt-divider{border-top-width:1px;height:1px;border-top-color:#eee;width:80%;border-top-style:solid;}<\/style>\n<div class=\"wp-block-kadence-spacer aligncenter kt-block-spacer-2160_7cd019-a9\"><div class=\"kt-block-spacer kt-block-spacer-halign-center\"><hr class=\"kt-divider\"\/><\/div><\/div>\n\n\n\n<h3 class=\"wp-block-heading\">Tiedotustoimikunta<\/h3>\n\n\n\n<p><strong>Puheenjohtaja<\/strong><br>\ntiedotussihteeri Peppi Koski<br>\ntiedotussihteeri Pauliina Ry\u00f6k\u00e4s<\/p>\n\n\n\n<p><strong>Muut j\u00e4senet<\/strong><br>\nHeta Kanervo<br>\nPasi Pyk\u00e4list\u00f6<br>\nValtteri Py\u00f6tsi\u00e4<br>\nViljaana Salminen<\/p>\n\n\n<style>.wp-block-kadence-spacer.kt-block-spacer-2160_3f3057-01 .kt-block-spacer{height:60px;}.wp-block-kadence-spacer.kt-block-spacer-2160_3f3057-01 .kt-divider{border-top-width:1px;height:1px;border-top-color:#eee;width:80%;border-top-style:solid;}<\/style>\n<div class=\"wp-block-kadence-spacer aligncenter kt-block-spacer-2160_3f3057-01\"><div class=\"kt-block-spacer kt-block-spacer-halign-center\"><hr class=\"kt-divider\"\/><\/div><\/div>\n\n\n\n<h3 class=\"wp-block-heading\">Toimintavaliokunta<\/h3>\n\n\n\n<div class=\"wp-block-group has-global-padding is-layout-constrained wp-block-group-is-layout-constrained\">\n<p><strong>Puheenjohtajat<\/strong><br>toiminnanohjaaja Heta Kanervo<br>toiminnanohjaaja Valtteri Py\u00f6tsi\u00e4<\/p>\n\n\n\n<p><strong>Viran puolesta<\/strong><br>\nem\u00e4nt\u00e4 Niilo Kesti<br>\nis\u00e4nt\u00e4 Kaarlo Koivukoski<br>\nis\u00e4nt\u00e4 Kauri-Viljar Vahter<br>\nkulttuurisihteeri Peppi Koski<br>\nliikuntasihteeri Viljaana Salminen<br>\nseniorisihteeri Anna-Liisa Koskinen<\/p>\n\n\n\n<p><strong>Muut j\u00e4senet<\/strong><br>\nRamona Halonen<br>\nJoona Heiskanen<br>\nVenla Parviainen<br>\nPasi Pyk\u00e4list\u00f6<br>\nPauliina Ry\u00f6k\u00e4s<\/p>\n\n\n<style>.wp-block-kadence-spacer.kt-block-spacer-2160_ba3a5a-50 .kt-block-spacer{height:60px;}.wp-block-kadence-spacer.kt-block-spacer-2160_ba3a5a-50 .kt-divider{border-top-width:1px;height:1px;border-top-color:#eee;width:80%;border-top-style:solid;}<\/style>\n<div class=\"wp-block-kadence-spacer aligncenter kt-block-spacer-2160_ba3a5a-50\"><div class=\"kt-block-spacer kt-block-spacer-halign-center\"><hr class=\"kt-divider\"\/><\/div><\/div>\n\n\n\n<h3 class=\"wp-block-heading\"><strong>Vuosijuhlatoimikunta<\/strong><\/h3>\n\n\n\n<p><strong>Puheenjohtajat<\/strong><br>\nvuosijuhlamestari Milla Lahtela<br>\nvuosijuhlamestari Sofia Paakkonen<\/p>\n\n\n\n<p><strong>J\u00e4senet<\/strong><br>\nHeta Kanervo<br>\nVenla Parviainen<br>\nPasi Pyk\u00e4list\u00f6<br>\nValtteri Py\u00f6tsi\u00e4<br>\nPauliina Ry\u00f6k\u00e4s<br>\nViljaana Salminen<\/p>\n<\/div>\n<\/div>\n<\/div>\n<\/div>\n<\/div>\n\n\n<style>.wp-block-kadence-spacer.kt-block-spacer-2160_86e355-1d .kt-block-spacer{height:60px;}.wp-block-kadence-spacer.kt-block-spacer-2160_86e355-1d .kt-divider{border-top-width:1px;height:1px;border-top-color:#eee;width:80%;border-top-style:solid;}<\/style>\n<div class=\"wp-block-kadence-spacer aligncenter kt-block-spacer-2160_86e355-1d\"><div class=\"kt-block-spacer kt-block-spacer-halign-center\"><hr class=\"kt-divider\"\/><\/div><\/div>\n\n\n\n<div class=\"wp-block-columns is-layout-flex wp-container-core-columns-is-layout-28f84493 wp-block-columns-is-layout-flex\">\n<div class=\"wp-block-column is-layout-flow wp-block-column-is-layout-flow\">\n<div class=\"wp-block-group is-vertical is-layout-flex wp-container-core-group-is-layout-fe9cc265 wp-block-group-is-layout-flex\">\n<h2 class=\"wp-block-heading\">Kyps\u00e4n toimituskunta<\/h2>\n\n\n\n<div class=\"wp-block-group has-global-padding is-layout-constrained wp-block-group-is-layout-constrained\">\n<div class=\"wp-block-group is-vertical is-layout-flex wp-container-core-group-is-layout-fe9cc265 wp-block-group-is-layout-flex\">\n<p style=\"font-style:normal;font-weight:400\"><strong>p\u00e4\u00e4toimittaja<\/strong> <\/p>\n\n\n\n<p style=\"font-style:normal;font-weight:400\">Ramona Halonen<br>(toimitus@kypsa.kymenlaaksonosakunta.fi)<\/p>\n\n\n\n<h2 class=\"wp-block-heading\">Ankkapurhan toimituskunta<\/h2>\n\n\n\n<p><strong>toimittaja<\/strong><br>historioitsija Pasi Pyk\u00e4list\u00f6<br>(ankkapurha@kymenlaaksonosakunta.fi)<\/p>\n\n\n\n<p><strong>J\u00e4senet<\/strong><br>Milla Lahtela<br>Heta Kanervo<br>Valtteri Py\u00f6tsi\u00e4<br>Roni Vatto<\/p>\n\n\n\n<h2 class=\"wp-block-heading\">Stipendirahaston hoitokunta<\/h2>\n\n\n\n<p><strong>Hoitokunnan puheenjohtaja<\/strong><br>\ninspehtori Kalle Juuti<\/p>\n\n\n\n<p><strong>Hoitokunnan varapuheenjohtaja<\/strong><br>\nkuraattori Roni Vatto<\/p>\n\n\n\n<p><strong>Stipendirahaston asiamies<\/strong><br>\nAapo Jussila<\/p>\n\n\n\n<p><strong>Seniorien edustaja<\/strong><br>\nJoni K\u00e4ki-M\u00e4kel\u00e4<\/p>\n\n\n\n<p><strong>Osakunnan edustajat<\/strong><br>\nAnna-Liisa Koskinen<br>\nSofia Paakkonen<br>\nPauliina Ry\u00f6k\u00e4s<\/p>\n<\/div>\n<\/div>\n<\/div>\n\n\n\n<div class=\"wp-block-column is-layout-flow wp-block-column-is-layout-flow\">\n<div class=\"wp-block-group has-global-padding is-layout-constrained wp-block-group-is-layout-constrained\">\n<div class=\"wp-block-group has-global-padding is-layout-constrained wp-block-group-is-layout-constrained\">\n<h2 class=\"wp-block-heading\">Henkil\u00f6kunta<\/h2>\n\n\n\n<p style=\"line-height:1.5\">Matias Jerkkola<br>Heta Kanervo<br>Mikaela Lindberg<br>Sofia Paakkonen<br>Venla Parviainen<br>Valtteri Py\u00f6tsi\u00e4<br>Pauliina Ry\u00f6k\u00e4s<br>Viljaana Salminen<br>Roni Vatto<br>Artturi Vuorinen<\/p>\n<\/div>\n<\/div>\n\n\n\n<p><\/p>\n<\/div>\n<\/div>\n\n\n\n<div class=\"wp-block-column is-layout-flow wp-block-column-is-layout-flow\">\n<h2 class=\"wp-block-heading\">Osakunnan edustajia muualla<\/h2>\n\n\n\n<div class=\"wp-block-group is-vertical is-layout-flex wp-container-core-group-is-layout-fe9cc265 wp-block-group-is-layout-flex\">\n<div class=\"wp-block-columns has-3-columns is-layout-flex wp-container-core-columns-is-layout-28f84493 wp-block-columns-is-layout-flex\">\n<div class=\"wp-block-column is-layout-flow wp-block-column-is-layout-flow\">\n<div class=\"wp-block-columns is-layout-flex wp-container-core-columns-is-layout-28f84493 wp-block-columns-is-layout-flex\">\n<div class=\"wp-block-column is-layout-flow wp-block-column-is-layout-flow\" style=\"flex-basis:100%\">\n<div class=\"wp-block-group has-global-padding is-layout-constrained wp-block-group-is-layout-constrained\">\n<div class=\"wp-block-group has-global-padding is-layout-constrained wp-block-group-is-layout-constrained\">\n<div class=\"wp-block-group has-global-padding is-layout-constrained wp-block-group-is-layout-constrained\">\n<h3 class=\"wp-block-heading\">DGO:n huoneistotoimikunta<\/h3>\n\n\n\n<p>Sofia Paakkonen<br>\nPasi Pyk\u00e4list\u00f6<br>\nValtteri Py\u00f6tsi\u00e4<\/p>\n\n\n\n<p><\/p>\n\n\n\n<h3 class=\"wp-block-heading\"><strong>Osakuntien <\/strong>yhteisvaltuuskunta<\/h3>\n\n\n\n<p>Pauliina Ry\u00f6k\u00e4s (puheenjohtaja)<\/p>\n\n\n\n<p><\/p>\n<\/div>\n<\/div>\n<\/div>\n<\/div>\n<\/div>\n<\/div>\n<\/div>\n\n\n\n<div class=\"wp-block-group is-vertical is-layout-flex wp-container-core-group-is-layout-fe9cc265 wp-block-group-is-layout-flex\">\n<h3 class=\"wp-block-heading\">It\u00e4suomalainen valtuuskunta<\/h3>\n\n\n\n<p><strong>Viran puolesta<\/strong><br>kuraattori Roni Vatto<\/p>\n\n\n\n<p><strong>Edustajat<\/strong><br>\nValtteri Py\u00f6tsi\u00e4<br>\nPauliina Ry\u00f6k\u00e4s<\/p>\n\n\n\n<p><\/p>\n<\/div>\n<\/div>\n<\/div>\n<\/div>\n","protected":false},"excerpt":{"rendered":"<p>Inspehtoriprofessori Kalle Juutiinspehtori@kymenlaaksonosakunta.fi Kuraattori teol. yo. Roni Vattokuraattori@kymenlaaksonosakunta.fiTG: @finner950400344038 Hallituksen puheenjohtaja, vuosijuhlamestariLuK Milla Lahtela[puheenjohtaja\/vuosijuhlat]@kymenlaaksonosakunta.fiTG: @lahtmilla Sihteeri, liikuntasihteeriteol. yo. Viljaana Salminen[sihteeri\/liikuntasihteeri]@kymenlaaksonosakunta.fiTG: @viljaana Taloudenhoitaja, tiedotussihteeri, maakuntasihteeri, j\u00e4sensihteeriLuK Pauliina Ry\u00f6k\u00e4s[taloudenhoitaja\/tiedotussihteeri\/maakuntasihteeri\/jasensihteeri]@kymenlaaksonosakunta.fiTG: @pauliinaryokas0505225339 Toiminnanohjaaja, maakuntasihteeri, ulkoasiainsihteeriVTK Heta Kanervo[toiminnanohjaaja\/maakuntasihteeri\/ulkoasiainsihteeri]@kymenlaaksonosakunta.fiTG: @hetazzz Toiminnanohjaaja, IT-vastaava, ulkoasiainsihteeri, arkistonhoitajaHuK Valtteri Py\u00f6tsi\u00e4[toiminnanohjaaja\/it\/ulkoasiainsihteeri\/arkistonhoitaja]@kymenlaaksonosakunta.fiTG: @valtteripyotsia0408151449 Em\u00e4nt\u00e4sosiaalitiet. yo. Niilo Kestiemanta@kymenlaaksonosakunta.fiTG: @niilkes Is\u00e4nt\u00e4MMK Kaarlo Koivukoskiisanta@kymenlaaksonosakunta.fi Is\u00e4nt\u00e4fil. yo. Kauri-Viljar Vahterisanta@kymenlaaksonosakunta.fiTG: @makaaberi Fuksiohjaaja, &hellip; <\/p>\n<p class=\"link-more\"><a href=\"https:\/\/kymenlaaksonosakunta.fi\/sv\/virkailijat\/\" class=\"more-link\">Read more<span class=\"screen-reader-text\"> &#8221;Virkailijat ja hallitus 2026&#8221;<\/span><\/a><\/p>\n","protected":false},"author":1,"featured_media":0,"parent":0,"menu_order":0,"comment_status":"closed","ping_status":"closed","template":"","meta":{"inspiro_hide_title":false,"footnotes":""},"class_list":["post-2160","page","type-page","status-publish","hentry"],"_links":{"self":[{"href":"https:\/\/kymenlaaksonosakunta.fi\/sv\/wp-json\/wp\/v2\/pages\/2160","targetHints":{"allow":["GET"]}}],"collection":[{"href":"https:\/\/kymenlaaksonosakunta.fi\/sv\/wp-json\/wp\/v2\/pages"}],"about":[{"href":"https:\/\/kymenlaaksonosakunta.fi\/sv\/wp-json\/wp\/v2\/types\/page"}],"author":[{"embeddable":true,"href":"https:\/\/kymenlaaksonosakunta.fi\/sv\/wp-json\/wp\/v2\/users\/1"}],"replies":[{"embeddable":true,"href":"https:\/\/kymenlaaksonosakunta.fi\/sv\/wp-json\/wp\/v2\/comments?post=2160"}],"version-history":[{"count":79,"href":"https:\/\/kymenlaaksonosakunta.fi\/sv\/wp-json\/wp\/v2\/pages\/2160\/revisions"}],"predecessor-version":[{"id":2320,"href":"https:\/\/kymenlaaksonosakunta.fi\/sv\/wp-json\/wp\/v2\/pages\/2160\/revisions\/2320"}],"wp:attachment":[{"href":"https:\/\/kymenlaaksonosakunta.fi\/sv\/wp-json\/wp\/v2\/media?parent=2160"}],"curies":[{"name":"wp","href":"https:\/\/api.w.org\/{rel}","templated":true}]}}